{"id":807521,"date":"2026-02-13T14:19:04","date_gmt":"2026-02-13T13:19:04","guid":{"rendered":"https:\/\/sbb-immobilien.ch\/immobilien\/1709403fr-objet-a-louer-a-chur\/"},"modified":"2026-05-01T10:46:49","modified_gmt":"2026-05-01T08:46:49","slug":"1709403fr-objet-a-louer-a-chur","status":"publish","type":"casawp_property","link":"https:\/\/sbb-immobilien.ch\/fr\/immobilier\/1709403fr-objet-a-louer-a-chur\/","title":{"rendered":"Objet \u00e0 louer \u00e0 Chur"},"content":{"rendered":"<p>In der Ladenpassage Personenunterf\u00fchrung am Bahnhof Chur mit einer durchschnittlichen Tagesfrequenz von rund 20&#8217;000 Passanten suchen wir f\u00fcr eine Verkaufsfl\u00e4che von ca. 73 m2 (+ ca. 11.4 m2 Lagerraum) ein attraktives Retailkonzept zur Erg\u00e4nzung des bestehenden Angebots. Aufgrund der geb\u00e4udetechnischen Gegebenheiten kommt das Lokal f\u00fcr eine gastronomische Nutzung nicht in Frage.<\/p>\n<p>Diese Vorteile machen den Bahnhof Chur zum perfekten Standort f\u00fcr Ihr Gesch\u00e4ft:<\/p>\n<ul>\n<li>Chur als \u00e4lteste Stadt der Schweiz verzaubert mit ihrem Charme neben 38\u2019000 Einwohnerinnen und Einwohner auch zahlreiche G\u00e4ste aus dem In- und Ausland. Sie gilt seit jeher als wirtschaftliches Zentrum des Kantons Graub\u00fcnden und dient als zentraler Verkehrsknotenpunkt auf Schiene und Strasse. Chur ist die Drehscheibe auf der Nord-S\u00fcd-Achse und Ausgangspunkt in die Berge und T\u00e4ler der Region.<\/li>\n<li>Der Bahnhof ist das Tor zur Stadt und Ausgangsort f\u00fcr diverse Tourismusdestination.<\/li>\n<li>Am Bahnhof Chur treffen verschiedene Kundengruppen wie Einwohner, Arbeitende, Studierende, Touristen und Durchreisende zusammen. Dadurch ergeben sich t\u00e4glich viele und neue potenzielle Kunden.<\/li>\n<li>Die Mietfl\u00e4che profitiert von einem exklusiven Standort an zentraler Lage.<\/li>\n<li>Der Bahnhof bietet eine einmalige Kundenfrequenz in der Ostschweiz.<\/li>\n<li>Verl\u00e4ngerte \u00d6ffnungszeiten, 365 Tage von fr\u00fchmorgens bis sp\u00e4t am Abend.<\/li>\n<\/ul>\n<p>Mietbedingungen.<br \/>Der Mietbeginn erfolgt mit der Fl\u00e4chen\u00fcbergabe zum Termin nach Vereinbarung. Die Zahlungspflicht besteht 3 Monate nach \u00dcbergabe der Mietfl\u00e4che.<\/p>\n<p>Die Mietvertragsdauer betr\u00e4gt 5 Jahre mit einer echten Option auf Verl\u00e4ngerung um weitere 5 Jahre.<\/p>\n<p>Das Mietzinsmodell sieht einen prozentualen Umsatzanteil (z.B. 10%) am mietzinspflichtigen Umsatz in Kombination mit einem fix definierten Mindestmietzins in CHF pro Jahr vor.<\/p>\n<p>Kalkulationsbeispiel: Umsatzerwartung CHF 500\u2019000, 10% Umsatzmiete = CHF 50&#8217;000 Umsatzmiete und davon 80% als Mindestmiete = 40\u2019000 CHF. Die Mindestmiete kommt nur dann zum Tragen, wenn sie die j\u00e4hrliche Umsatzmiete \u00fcbersteigt.<\/p>\n<p>Die geschuldete Sicherheitsleistung in der H\u00f6he von 6 Brutto-Monatsmindestmietzinsen kann als abstrakte Bankgarantie oder als Mietkaution geleistet werden.<\/p>\n<p>Information Besichtigung: Haben wir Ihr Interesse geweckt? Wir freuen uns auf Ihre Kontaktaufnahme per Mail an pascal.gerber@sbb.ch.<\/p>\n","protected":false},"excerpt":{"rendered":"<p>In der Ladenpassage Personenunterf\u00fchrung am Bahnhof Chur mit einer durchschnittlichen Tagesfrequenz von rund 20&#8217;000 Passanten suchen wir f\u00fcr eine Verkaufsfl\u00e4che von ca. 73 m2 (+ ca. 11.4 m2 Lagerraum) ein attraktives Retailkonzept zur Erg\u00e4nzung des bestehenden Angebots. Aufgrund der geb\u00e4udetechnischen Gegebenheiten kommt das Lokal f\u00fcr eine gastronomische Nutzung nicht in Frage. Diese Vorteile machen den [&hellip;]<\/p>\n","protected":false},"author":0,"featured_media":807522,"parent":0,"menu_order":84,"comment_status":"closed","ping_status":"closed","template":"","meta":{"_acf_changed":false,"inline_featured_image":false,"footnotes":""},"casawp_category":[15322],"casawp_feature":[],"casawp_utility":[15319],"casawp_location":[15308,15351,15350],"casawp_salestype":[15306],"casawp_availability":[15307],"casawp_region":[],"class_list":["post-807521","casawp_property","type-casawp_property","status-publish","has-post-thumbnail","hentry","casawp_category-retail-space","casawp_utility-gastronomy","casawp_location-country_ch","casawp_location-locality_chur","casawp_location-region_gr","casawp_salestype-rent","casawp_availability-active"],"acf":[],"yoast_head":"<!-- This site is optimized with the Yoast SEO Premium plugin v27.4 (Yoast SEO v27.4) - https:\/\/yoast.com\/product\/yoast-seo-premium-wordpress\/ -->\n<title>Objet \u00e0 louer \u00e0 Chur | CFF Immobilier<\/title>\n<meta name=\"robots\" content=\"index, follow, max-snippet:-1, max-image-preview:large, max-video-preview:-1\" \/>\n<link rel=\"canonical\" href=\"https:\/\/sbb-immobilien.ch\/fr\/immobilier\/1709403fr-objet-a-louer-a-chur\/\" \/>\n<meta property=\"og:locale\" content=\"fr_FR\" \/>\n<meta property=\"og:type\" content=\"article\" \/>\n<meta property=\"og:title\" content=\"Objet \u00e0 louer \u00e0 Chur\" \/>\n<meta property=\"og:description\" content=\"In der Ladenpassage Personenunterf\u00fchrung am Bahnhof Chur mit einer durchschnittlichen Tagesfrequenz von rund 20&#8217;000 Passanten suchen wir f\u00fcr eine Verkaufsfl\u00e4che von ca. 73 m2 (+ ca. 11.4 m2 Lagerraum) ein attraktives Retailkonzept zur Erg\u00e4nzung des bestehenden Angebots. Aufgrund der geb\u00e4udetechnischen Gegebenheiten kommt das Lokal f\u00fcr eine gastronomische Nutzung nicht in Frage. Diese Vorteile machen den [&hellip;]\" \/>\n<meta property=\"og:url\" content=\"https:\/\/sbb-immobilien.ch\/fr\/immobilier\/1709403fr-objet-a-louer-a-chur\/\" \/>\n<meta property=\"og:site_name\" content=\"CFF Immobilier\" \/>\n<meta property=\"article:modified_time\" content=\"2026-05-01T08:46:49+00:00\" \/>\n<meta name=\"twitter:card\" content=\"summary_large_image\" \/>\n<meta name=\"twitter:label1\" content=\"Dur\u00e9e de lecture estim\u00e9e\" \/>\n\t<meta name=\"twitter:data1\" content=\"2 minutes\" \/>\n<script type=\"application\/ld+json\" class=\"yoast-schema-graph\">{\"@context\":\"https:\\\/\\\/schema.org\",\"@graph\":[{\"@type\":[\"WebPage\",\"RealEstateListing\"],\"@id\":\"https:\\\/\\\/sbb-immobilien.ch\\\/fr\\\/immobilier\\\/1709403fr-objet-a-louer-a-chur\\\/\",\"url\":\"https:\\\/\\\/sbb-immobilien.ch\\\/fr\\\/immobilier\\\/1709403fr-objet-a-louer-a-chur\\\/\",\"name\":\"Objet \u00e0 louer \u00e0 Chur | CFF Immobilier\",\"isPartOf\":{\"@id\":\"https:\\\/\\\/sbb-immobilien.ch\\\/fr\\\/#website\"},\"primaryImageOfPage\":{\"@id\":\"https:\\\/\\\/sbb-immobilien.ch\\\/fr\\\/immobilier\\\/1709403fr-objet-a-louer-a-chur\\\/#primaryimage\"},\"image\":{\"@id\":\"https:\\\/\\\/sbb-immobilien.ch\\\/fr\\\/immobilier\\\/1709403fr-objet-a-louer-a-chur\\\/#primaryimage\"},\"thumbnailUrl\":\"https:\\/\\/cdn.casasoft.com\\/media\\/provider-13858\\/property-1709403\\/advertisement-language-3151c558-2408-f111-8407-7ced8d42beca-A%20Bahnhof%20Chur.jpg?p=xl\",\"datePublished\":\"2026-02-13T13:19:04+00:00\",\"dateModified\":\"2026-05-01T08:46:49+00:00\",\"breadcrumb\":{\"@id\":\"https:\\\/\\\/sbb-immobilien.ch\\\/fr\\\/immobilier\\\/1709403fr-objet-a-louer-a-chur\\\/#breadcrumb\"},\"inLanguage\":\"fr-FR\",\"potentialAction\":[{\"@type\":\"ReadAction\",\"target\":[\"https:\\\/\\\/sbb-immobilien.ch\\\/fr\\\/immobilier\\\/1709403fr-objet-a-louer-a-chur\\\/\"]}]},{\"@type\":\"ImageObject\",\"inLanguage\":\"fr-FR\",\"@id\":\"https:\\\/\\\/sbb-immobilien.ch\\\/fr\\\/immobilier\\\/1709403fr-objet-a-louer-a-chur\\\/#primaryimage\",\"url\":\"https:\\/\\/cdn.casasoft.com\\/media\\/provider-13858\\/property-1709403\\/advertisement-language-3151c558-2408-f111-8407-7ced8d42beca-A%20Bahnhof%20Chur.jpg?p=xl\",\"contentUrl\":\"https:\\/\\/cdn.casasoft.com\\/media\\/provider-13858\\/property-1709403\\/advertisement-language-3151c558-2408-f111-8407-7ced8d42beca-A%20Bahnhof%20Chur.jpg?p=xl\"},{\"@type\":\"BreadcrumbList\",\"@id\":\"https:\\\/\\\/sbb-immobilien.ch\\\/fr\\\/immobilier\\\/1709403fr-objet-a-louer-a-chur\\\/#breadcrumb\",\"itemListElement\":[{\"@type\":\"ListItem\",\"position\":1,\"name\":\"Home\",\"item\":\"https:\\\/\\\/sbb-immobilien.ch\\\/fr\\\/\"},{\"@type\":\"ListItem\",\"position\":2,\"name\":\"Propri\u00e9t\u00e9s\",\"item\":\"https:\\\/\\\/sbb-immobilien.ch\\\/fr\\\/immobilier\\\/\"},{\"@type\":\"ListItem\",\"position\":3,\"name\":\"Objet \u00e0 louer \u00e0 Chur\"}]},{\"@type\":\"WebSite\",\"@id\":\"https:\\\/\\\/sbb-immobilien.ch\\\/fr\\\/#website\",\"url\":\"https:\\\/\\\/sbb-immobilien.ch\\\/fr\\\/\",\"name\":\"CFF Immobilier\",\"description\":\"Des immeubles id\u00e9alement situ\u00e9s.\",\"publisher\":{\"@id\":\"https:\\\/\\\/sbb-immobilien.ch\\\/fr\\\/#organization\"},\"potentialAction\":[{\"@type\":\"SearchAction\",\"target\":{\"@type\":\"EntryPoint\",\"urlTemplate\":\"https:\\\/\\\/sbb-immobilien.ch\\\/fr\\\/?s={search_term_string}\"},\"query-input\":{\"@type\":\"PropertyValueSpecification\",\"valueRequired\":true,\"valueName\":\"search_term_string\"}}],\"inLanguage\":\"fr-FR\"},{\"@type\":\"Organization\",\"@id\":\"https:\\\/\\\/sbb-immobilien.ch\\\/fr\\\/#organization\",\"name\":\"SBB Immobilien\",\"url\":\"https:\\\/\\\/sbb-immobilien.ch\\\/fr\\\/\",\"logo\":{\"@type\":\"ImageObject\",\"inLanguage\":\"fr-FR\",\"@id\":\"https:\\\/\\\/sbb-immobilien.ch\\\/fr\\\/#\\\/schema\\\/logo\\\/image\\\/\",\"url\":\"https:\\/\\/cdn.sbb-immobilien.ch\\/w:1617\\/h:1080\\/q:mauto\\/f:best\\/https:\\/\\/sbb-immobilien.ch\\/wp-content\\/uploads\\/2021\\/11\\/SBB_byte_200329_DSC_4292_2500px.jpg\",\"contentUrl\":\"https:\\/\\/cdn.sbb-immobilien.ch\\/w:1617\\/h:1080\\/q:mauto\\/f:best\\/https:\\/\\/sbb-immobilien.ch\\/wp-content\\/uploads\\/2021\\/11\\/SBB_byte_200329_DSC_4292_2500px.jpg\",\"width\":2500,\"height\":1669,\"caption\":\"SBB Immobilien\"},\"image\":{\"@id\":\"https:\\\/\\\/sbb-immobilien.ch\\\/fr\\\/#\\\/schema\\\/logo\\\/image\\\/\"},\"sameAs\":[\"https:\\\/\\\/ch.linkedin.com\\\/showcase\\\/immobilienberufe?trk=affiliated-pages\",\"https:\\\/\\\/de.wikipedia.org\\\/wiki\\\/Schweizerische_Bundesbahnen\"]}]}<\/script>\n<!-- \/ Yoast SEO Premium plugin. -->","yoast_head_json":{"title":"Objet \u00e0 louer \u00e0 Chur | CFF Immobilier","robots":{"index":"index","follow":"follow","max-snippet":"max-snippet:-1","max-image-preview":"max-image-preview:large","max-video-preview":"max-video-preview:-1"},"canonical":"https:\/\/sbb-immobilien.ch\/fr\/immobilier\/1709403fr-objet-a-louer-a-chur\/","og_locale":"fr_FR","og_type":"article","og_title":"Objet \u00e0 louer \u00e0 Chur","og_description":"In der Ladenpassage Personenunterf\u00fchrung am Bahnhof Chur mit einer durchschnittlichen Tagesfrequenz von rund 20&#8217;000 Passanten suchen wir f\u00fcr eine Verkaufsfl\u00e4che von ca. 73 m2 (+ ca. 11.4 m2 Lagerraum) ein attraktives Retailkonzept zur Erg\u00e4nzung des bestehenden Angebots. Aufgrund der geb\u00e4udetechnischen Gegebenheiten kommt das Lokal f\u00fcr eine gastronomische Nutzung nicht in Frage. Diese Vorteile machen den [&hellip;]","og_url":"https:\/\/sbb-immobilien.ch\/fr\/immobilier\/1709403fr-objet-a-louer-a-chur\/","og_site_name":"CFF Immobilier","article_modified_time":"2026-05-01T08:46:49+00:00","twitter_card":"summary_large_image","twitter_misc":{"Dur\u00e9e de lecture estim\u00e9e":"2 minutes"},"schema":{"@context":"https:\/\/schema.org","@graph":[{"@type":["WebPage","RealEstateListing"],"@id":"https:\/\/sbb-immobilien.ch\/fr\/immobilier\/1709403fr-objet-a-louer-a-chur\/","url":"https:\/\/sbb-immobilien.ch\/fr\/immobilier\/1709403fr-objet-a-louer-a-chur\/","name":"Objet \u00e0 louer \u00e0 Chur | CFF Immobilier","isPartOf":{"@id":"https:\/\/sbb-immobilien.ch\/fr\/#website"},"primaryImageOfPage":{"@id":"https:\/\/sbb-immobilien.ch\/fr\/immobilier\/1709403fr-objet-a-louer-a-chur\/#primaryimage"},"image":{"@id":"https:\/\/sbb-immobilien.ch\/fr\/immobilier\/1709403fr-objet-a-louer-a-chur\/#primaryimage"},"thumbnailUrl":"https:\/\/cdn.casasoft.com\/media\/provider-13858\/property-1709403\/advertisement-language-3151c558-2408-f111-8407-7ced8d42beca-A%20Bahnhof%20Chur.jpg?p=xl","datePublished":"2026-02-13T13:19:04+00:00","dateModified":"2026-05-01T08:46:49+00:00","breadcrumb":{"@id":"https:\/\/sbb-immobilien.ch\/fr\/immobilier\/1709403fr-objet-a-louer-a-chur\/#breadcrumb"},"inLanguage":"fr-FR","potentialAction":[{"@type":"ReadAction","target":["https:\/\/sbb-immobilien.ch\/fr\/immobilier\/1709403fr-objet-a-louer-a-chur\/"]}]},{"@type":"ImageObject","inLanguage":"fr-FR","@id":"https:\/\/sbb-immobilien.ch\/fr\/immobilier\/1709403fr-objet-a-louer-a-chur\/#primaryimage","url":"https:\/\/cdn.casasoft.com\/media\/provider-13858\/property-1709403\/advertisement-language-3151c558-2408-f111-8407-7ced8d42beca-A%20Bahnhof%20Chur.jpg?p=xl","contentUrl":"https:\/\/cdn.casasoft.com\/media\/provider-13858\/property-1709403\/advertisement-language-3151c558-2408-f111-8407-7ced8d42beca-A%20Bahnhof%20Chur.jpg?p=xl"},{"@type":"BreadcrumbList","@id":"https:\/\/sbb-immobilien.ch\/fr\/immobilier\/1709403fr-objet-a-louer-a-chur\/#breadcrumb","itemListElement":[{"@type":"ListItem","position":1,"name":"Home","item":"https:\/\/sbb-immobilien.ch\/fr\/"},{"@type":"ListItem","position":2,"name":"Propri\u00e9t\u00e9s","item":"https:\/\/sbb-immobilien.ch\/fr\/immobilier\/"},{"@type":"ListItem","position":3,"name":"Objet \u00e0 louer \u00e0 Chur"}]},{"@type":"WebSite","@id":"https:\/\/sbb-immobilien.ch\/fr\/#website","url":"https:\/\/sbb-immobilien.ch\/fr\/","name":"CFF Immobilier","description":"Des immeubles id\u00e9alement situ\u00e9s.","publisher":{"@id":"https:\/\/sbb-immobilien.ch\/fr\/#organization"},"potentialAction":[{"@type":"SearchAction","target":{"@type":"EntryPoint","urlTemplate":"https:\/\/sbb-immobilien.ch\/fr\/?s={search_term_string}"},"query-input":{"@type":"PropertyValueSpecification","valueRequired":true,"valueName":"search_term_string"}}],"inLanguage":"fr-FR"},{"@type":"Organization","@id":"https:\/\/sbb-immobilien.ch\/fr\/#organization","name":"SBB Immobilien","url":"https:\/\/sbb-immobilien.ch\/fr\/","logo":{"@type":"ImageObject","inLanguage":"fr-FR","@id":"https:\/\/sbb-immobilien.ch\/fr\/#\/schema\/logo\/image\/","url":"https:\/\/cdn.sbb-immobilien.ch\/w:1617\/h:1080\/q:mauto\/f:best\/https:\/\/sbb-immobilien.ch\/wp-content\/uploads\/2021\/11\/SBB_byte_200329_DSC_4292_2500px.jpg","contentUrl":"https:\/\/cdn.sbb-immobilien.ch\/w:1617\/h:1080\/q:mauto\/f:best\/https:\/\/sbb-immobilien.ch\/wp-content\/uploads\/2021\/11\/SBB_byte_200329_DSC_4292_2500px.jpg","width":2500,"height":1669,"caption":"SBB Immobilien"},"image":{"@id":"https:\/\/sbb-immobilien.ch\/fr\/#\/schema\/logo\/image\/"},"sameAs":["https:\/\/ch.linkedin.com\/showcase\/immobilienberufe?trk=affiliated-pages","https:\/\/de.wikipedia.org\/wiki\/Schweizerische_Bundesbahnen"]}]}},"_links":{"self":[{"href":"https:\/\/sbb-immobilien.ch\/fr\/wp-json\/wp\/v2\/casawp_property\/807521","targetHints":{"allow":["GET"]}}],"collection":[{"href":"https:\/\/sbb-immobilien.ch\/fr\/wp-json\/wp\/v2\/casawp_property"}],"about":[{"href":"https:\/\/sbb-immobilien.ch\/fr\/wp-json\/wp\/v2\/types\/casawp_property"}],"replies":[{"embeddable":true,"href":"https:\/\/sbb-immobilien.ch\/fr\/wp-json\/wp\/v2\/comments?post=807521"}],"version-history":[{"count":0,"href":"https:\/\/sbb-immobilien.ch\/fr\/wp-json\/wp\/v2\/casawp_property\/807521\/revisions"}],"wp:featuredmedia":[{"embeddable":true,"href":"https:\/\/sbb-immobilien.ch\/fr\/wp-json\/wp\/v2\/media\/807522"}],"wp:attachment":[{"href":"https:\/\/sbb-immobilien.ch\/fr\/wp-json\/wp\/v2\/media?parent=807521"}],"wp:term":[{"taxonomy":"casawp_category","embeddable":true,"href":"https:\/\/sbb-immobilien.ch\/fr\/wp-json\/wp\/v2\/casawp_category?post=807521"},{"taxonomy":"casawp_feature","embeddable":true,"href":"https:\/\/sbb-immobilien.ch\/fr\/wp-json\/wp\/v2\/casawp_feature?post=807521"},{"taxonomy":"casawp_utility","embeddable":true,"href":"https:\/\/sbb-immobilien.ch\/fr\/wp-json\/wp\/v2\/casawp_utility?post=807521"},{"taxonomy":"casawp_location","embeddable":true,"href":"https:\/\/sbb-immobilien.ch\/fr\/wp-json\/wp\/v2\/casawp_location?post=807521"},{"taxonomy":"casawp_salestype","embeddable":true,"href":"https:\/\/sbb-immobilien.ch\/fr\/wp-json\/wp\/v2\/casawp_salestype?post=807521"},{"taxonomy":"casawp_availability","embeddable":true,"href":"https:\/\/sbb-immobilien.ch\/fr\/wp-json\/wp\/v2\/casawp_availability?post=807521"},{"taxonomy":"casawp_region","embeddable":true,"href":"https:\/\/sbb-immobilien.ch\/fr\/wp-json\/wp\/v2\/casawp_region?post=807521"}],"curies":[{"name":"wp","href":"https:\/\/api.w.org\/{rel}","templated":true}]}}