{"id":807605,"date":"2025-05-22T14:13:03","date_gmt":"2025-05-22T12:13:03","guid":{"rendered":"https:\/\/sbb-immobilien.ch\/immobilien\/1595916fr-objet-a-louer-a-st-gallen\/"},"modified":"2026-05-01T10:47:42","modified_gmt":"2026-05-01T08:47:42","slug":"1595916fr-objet-a-louer-a-st-gallen","status":"publish","type":"casawp_property","link":"https:\/\/sbb-immobilien.ch\/fr\/immobilier\/1595916fr-objet-a-louer-a-st-gallen\/","title":{"rendered":"Objet \u00e0 louer \u00e0 St. Gallen"},"content":{"rendered":"<p>Sind Sie auf der Suche nach einem einzigartigen Standort im Herzen des Geschehens?<\/p>\n<p>Die Inhaberin des Pionier-Shops m\u00f6chte das Gesch\u00e4ft am Bahnhof St. Gallen Winkeln an einen neuen Eigent\u00fcmer verkaufen. Wir unterst\u00fctzen sie auf der Suche nach einer geeigneten Nachfolge, welche die Firma &#8220;Pionier GmbH&#8221; erwirbt und den Shop-Standort am Bahnhof St. Gallen Winkeln als Mieterschaft der SBB \u00fcbernimmt.<\/p>\n<p>Gemeinsam bieten wir Ihnen eine exklusive Gelegenheit, Teil des pulsierenden Lebens am Bahnhof St. Gallen Winkeln zu werden. Diese einmalige Immobilie erwuchs aus dem ehemaligen, 1971 erbauten Bahnhofskiosk und wandelte sich seit dem Neubau im Jahr 2016 zu einem beliebten Treffpunkt und Einkaufsort mit den Lebensmitteln des t\u00e4glichen Bedarfs, einer Kaffee-Ecke, Backstube und Post-Agentur sowohl als Mittagstisch f\u00fcr Berufssch\u00fcler sowie f\u00fcr Mitarbeiter der Betriebe des angrenzenden Industrie-Gebietes.<\/p>\n<p>Information Besichtigung: Um Ihnen einen tieferen Einblick in die Gesch\u00e4ftst\u00e4tigkeit und die Buchhaltung dieses Betriebs zu erm\u00f6glichen, bitten wir Sie direkt mit der Pionier GmbH in Kontakt zu treten.<\/p>\n<p>Pionier GmbH, Letzistrasse 2, 9015 St. Gallen<br \/>Tel: 071 311 1554<br \/>Email: pioniergmbh@gmail.com<\/p>\n","protected":false},"excerpt":{"rendered":"<p>Sind Sie auf der Suche nach einem einzigartigen Standort im Herzen des Geschehens? Die Inhaberin des Pionier-Shops m\u00f6chte das Gesch\u00e4ft am Bahnhof St. Gallen Winkeln an einen neuen Eigent\u00fcmer verkaufen. Wir unterst\u00fctzen sie auf der Suche nach einer geeigneten Nachfolge, welche die Firma &#8220;Pionier GmbH&#8221; erwirbt und den Shop-Standort am Bahnhof St. Gallen Winkeln als [&hellip;]<\/p>\n","protected":false},"author":0,"featured_media":807606,"parent":0,"menu_order":86,"comment_status":"closed","ping_status":"closed","template":"","meta":{"_acf_changed":false,"inline_featured_image":false,"footnotes":""},"casawp_category":[15322],"casawp_feature":[],"casawp_utility":[15377],"casawp_location":[15308,15345,15347],"casawp_salestype":[15306],"casawp_availability":[15307],"casawp_region":[],"class_list":["post-807605","casawp_property","type-casawp_property","status-publish","has-post-thumbnail","hentry","casawp_category-retail-space","casawp_utility-storage","casawp_location-country_ch","casawp_location-region_sg","casawp_location-locality_st-gallen","casawp_salestype-rent","casawp_availability-active"],"acf":[],"yoast_head":"<!-- This site is optimized with the Yoast SEO Premium plugin v27.4 (Yoast SEO v27.4) - https:\/\/yoast.com\/product\/yoast-seo-premium-wordpress\/ -->\n<title>Objet \u00e0 louer \u00e0 St. Gallen | CFF Immobilier<\/title>\n<meta name=\"robots\" content=\"index, follow, max-snippet:-1, max-image-preview:large, max-video-preview:-1\" \/>\n<link rel=\"canonical\" href=\"https:\/\/sbb-immobilien.ch\/fr\/immobilier\/1595916fr-objet-a-louer-a-st-gallen\/\" \/>\n<meta property=\"og:locale\" content=\"fr_FR\" \/>\n<meta property=\"og:type\" content=\"article\" \/>\n<meta property=\"og:title\" content=\"Objet \u00e0 louer \u00e0 St. Gallen\" \/>\n<meta property=\"og:description\" content=\"Sind Sie auf der Suche nach einem einzigartigen Standort im Herzen des Geschehens? Die Inhaberin des Pionier-Shops m\u00f6chte das Gesch\u00e4ft am Bahnhof St. Gallen Winkeln an einen neuen Eigent\u00fcmer verkaufen. Wir unterst\u00fctzen sie auf der Suche nach einer geeigneten Nachfolge, welche die Firma &#8220;Pionier GmbH&#8221; erwirbt und den Shop-Standort am Bahnhof St. Gallen Winkeln als [&hellip;]\" \/>\n<meta property=\"og:url\" content=\"https:\/\/sbb-immobilien.ch\/fr\/immobilier\/1595916fr-objet-a-louer-a-st-gallen\/\" \/>\n<meta property=\"og:site_name\" content=\"CFF Immobilier\" \/>\n<meta property=\"article:modified_time\" content=\"2026-05-01T08:47:42+00:00\" \/>\n<meta name=\"twitter:card\" content=\"summary_large_image\" \/>\n<meta name=\"twitter:label1\" content=\"Dur\u00e9e de lecture estim\u00e9e\" \/>\n\t<meta name=\"twitter:data1\" content=\"1 minute\" \/>\n<script type=\"application\/ld+json\" class=\"yoast-schema-graph\">{\"@context\":\"https:\\\/\\\/schema.org\",\"@graph\":[{\"@type\":[\"WebPage\",\"RealEstateListing\"],\"@id\":\"https:\\\/\\\/sbb-immobilien.ch\\\/fr\\\/immobilier\\\/1595916fr-objet-a-louer-a-st-gallen\\\/\",\"url\":\"https:\\\/\\\/sbb-immobilien.ch\\\/fr\\\/immobilier\\\/1595916fr-objet-a-louer-a-st-gallen\\\/\",\"name\":\"Objet \u00e0 louer \u00e0 St. Gallen | CFF Immobilier\",\"isPartOf\":{\"@id\":\"https:\\\/\\\/sbb-immobilien.ch\\\/fr\\\/#website\"},\"primaryImageOfPage\":{\"@id\":\"https:\\\/\\\/sbb-immobilien.ch\\\/fr\\\/immobilier\\\/1595916fr-objet-a-louer-a-st-gallen\\\/#primaryimage\"},\"image\":{\"@id\":\"https:\\\/\\\/sbb-immobilien.ch\\\/fr\\\/immobilier\\\/1595916fr-objet-a-louer-a-st-gallen\\\/#primaryimage\"},\"thumbnailUrl\":\"https:\\/\\/cdn.casasoft.com\\/media\\/provider-13858\\/property-1595916\\/advertisement-language-79a5b28d-8f30-f011-8c4d-6045bd2addc7-A%20Seitenansicht.jpg?p=xl\",\"datePublished\":\"2025-05-22T12:13:03+00:00\",\"dateModified\":\"2026-05-01T08:47:42+00:00\",\"breadcrumb\":{\"@id\":\"https:\\\/\\\/sbb-immobilien.ch\\\/fr\\\/immobilier\\\/1595916fr-objet-a-louer-a-st-gallen\\\/#breadcrumb\"},\"inLanguage\":\"fr-FR\",\"potentialAction\":[{\"@type\":\"ReadAction\",\"target\":[\"https:\\\/\\\/sbb-immobilien.ch\\\/fr\\\/immobilier\\\/1595916fr-objet-a-louer-a-st-gallen\\\/\"]}]},{\"@type\":\"ImageObject\",\"inLanguage\":\"fr-FR\",\"@id\":\"https:\\\/\\\/sbb-immobilien.ch\\\/fr\\\/immobilier\\\/1595916fr-objet-a-louer-a-st-gallen\\\/#primaryimage\",\"url\":\"https:\\/\\/cdn.casasoft.com\\/media\\/provider-13858\\/property-1595916\\/advertisement-language-79a5b28d-8f30-f011-8c4d-6045bd2addc7-A%20Seitenansicht.jpg?p=xl\",\"contentUrl\":\"https:\\/\\/cdn.casasoft.com\\/media\\/provider-13858\\/property-1595916\\/advertisement-language-79a5b28d-8f30-f011-8c4d-6045bd2addc7-A%20Seitenansicht.jpg?p=xl\"},{\"@type\":\"BreadcrumbList\",\"@id\":\"https:\\\/\\\/sbb-immobilien.ch\\\/fr\\\/immobilier\\\/1595916fr-objet-a-louer-a-st-gallen\\\/#breadcrumb\",\"itemListElement\":[{\"@type\":\"ListItem\",\"position\":1,\"name\":\"Home\",\"item\":\"https:\\\/\\\/sbb-immobilien.ch\\\/fr\\\/\"},{\"@type\":\"ListItem\",\"position\":2,\"name\":\"Propri\u00e9t\u00e9s\",\"item\":\"https:\\\/\\\/sbb-immobilien.ch\\\/fr\\\/immobilier\\\/\"},{\"@type\":\"ListItem\",\"position\":3,\"name\":\"Objet \u00e0 louer \u00e0 St. Gallen\"}]},{\"@type\":\"WebSite\",\"@id\":\"https:\\\/\\\/sbb-immobilien.ch\\\/fr\\\/#website\",\"url\":\"https:\\\/\\\/sbb-immobilien.ch\\\/fr\\\/\",\"name\":\"CFF Immobilier\",\"description\":\"Des immeubles id\u00e9alement situ\u00e9s.\",\"publisher\":{\"@id\":\"https:\\\/\\\/sbb-immobilien.ch\\\/fr\\\/#organization\"},\"potentialAction\":[{\"@type\":\"SearchAction\",\"target\":{\"@type\":\"EntryPoint\",\"urlTemplate\":\"https:\\\/\\\/sbb-immobilien.ch\\\/fr\\\/?s={search_term_string}\"},\"query-input\":{\"@type\":\"PropertyValueSpecification\",\"valueRequired\":true,\"valueName\":\"search_term_string\"}}],\"inLanguage\":\"fr-FR\"},{\"@type\":\"Organization\",\"@id\":\"https:\\\/\\\/sbb-immobilien.ch\\\/fr\\\/#organization\",\"name\":\"SBB Immobilien\",\"url\":\"https:\\\/\\\/sbb-immobilien.ch\\\/fr\\\/\",\"logo\":{\"@type\":\"ImageObject\",\"inLanguage\":\"fr-FR\",\"@id\":\"https:\\\/\\\/sbb-immobilien.ch\\\/fr\\\/#\\\/schema\\\/logo\\\/image\\\/\",\"url\":\"https:\\/\\/cdn.sbb-immobilien.ch\\/w:1617\\/h:1080\\/q:mauto\\/f:best\\/https:\\/\\/sbb-immobilien.ch\\/wp-content\\/uploads\\/2021\\/11\\/SBB_byte_200329_DSC_4292_2500px.jpg\",\"contentUrl\":\"https:\\/\\/cdn.sbb-immobilien.ch\\/w:1617\\/h:1080\\/q:mauto\\/f:best\\/https:\\/\\/sbb-immobilien.ch\\/wp-content\\/uploads\\/2021\\/11\\/SBB_byte_200329_DSC_4292_2500px.jpg\",\"width\":2500,\"height\":1669,\"caption\":\"SBB Immobilien\"},\"image\":{\"@id\":\"https:\\\/\\\/sbb-immobilien.ch\\\/fr\\\/#\\\/schema\\\/logo\\\/image\\\/\"},\"sameAs\":[\"https:\\\/\\\/ch.linkedin.com\\\/showcase\\\/immobilienberufe?trk=affiliated-pages\",\"https:\\\/\\\/de.wikipedia.org\\\/wiki\\\/Schweizerische_Bundesbahnen\"]}]}<\/script>\n<!-- \/ Yoast SEO Premium plugin. -->","yoast_head_json":{"title":"Objet \u00e0 louer \u00e0 St. Gallen | CFF Immobilier","robots":{"index":"index","follow":"follow","max-snippet":"max-snippet:-1","max-image-preview":"max-image-preview:large","max-video-preview":"max-video-preview:-1"},"canonical":"https:\/\/sbb-immobilien.ch\/fr\/immobilier\/1595916fr-objet-a-louer-a-st-gallen\/","og_locale":"fr_FR","og_type":"article","og_title":"Objet \u00e0 louer \u00e0 St. Gallen","og_description":"Sind Sie auf der Suche nach einem einzigartigen Standort im Herzen des Geschehens? Die Inhaberin des Pionier-Shops m\u00f6chte das Gesch\u00e4ft am Bahnhof St. Gallen Winkeln an einen neuen Eigent\u00fcmer verkaufen. Wir unterst\u00fctzen sie auf der Suche nach einer geeigneten Nachfolge, welche die Firma &#8220;Pionier GmbH&#8221; erwirbt und den Shop-Standort am Bahnhof St. Gallen Winkeln als [&hellip;]","og_url":"https:\/\/sbb-immobilien.ch\/fr\/immobilier\/1595916fr-objet-a-louer-a-st-gallen\/","og_site_name":"CFF Immobilier","article_modified_time":"2026-05-01T08:47:42+00:00","twitter_card":"summary_large_image","twitter_misc":{"Dur\u00e9e de lecture estim\u00e9e":"1 minute"},"schema":{"@context":"https:\/\/schema.org","@graph":[{"@type":["WebPage","RealEstateListing"],"@id":"https:\/\/sbb-immobilien.ch\/fr\/immobilier\/1595916fr-objet-a-louer-a-st-gallen\/","url":"https:\/\/sbb-immobilien.ch\/fr\/immobilier\/1595916fr-objet-a-louer-a-st-gallen\/","name":"Objet \u00e0 louer \u00e0 St. Gallen | CFF Immobilier","isPartOf":{"@id":"https:\/\/sbb-immobilien.ch\/fr\/#website"},"primaryImageOfPage":{"@id":"https:\/\/sbb-immobilien.ch\/fr\/immobilier\/1595916fr-objet-a-louer-a-st-gallen\/#primaryimage"},"image":{"@id":"https:\/\/sbb-immobilien.ch\/fr\/immobilier\/1595916fr-objet-a-louer-a-st-gallen\/#primaryimage"},"thumbnailUrl":"https:\/\/cdn.casasoft.com\/media\/provider-13858\/property-1595916\/advertisement-language-79a5b28d-8f30-f011-8c4d-6045bd2addc7-A%20Seitenansicht.jpg?p=xl","datePublished":"2025-05-22T12:13:03+00:00","dateModified":"2026-05-01T08:47:42+00:00","breadcrumb":{"@id":"https:\/\/sbb-immobilien.ch\/fr\/immobilier\/1595916fr-objet-a-louer-a-st-gallen\/#breadcrumb"},"inLanguage":"fr-FR","potentialAction":[{"@type":"ReadAction","target":["https:\/\/sbb-immobilien.ch\/fr\/immobilier\/1595916fr-objet-a-louer-a-st-gallen\/"]}]},{"@type":"ImageObject","inLanguage":"fr-FR","@id":"https:\/\/sbb-immobilien.ch\/fr\/immobilier\/1595916fr-objet-a-louer-a-st-gallen\/#primaryimage","url":"https:\/\/cdn.casasoft.com\/media\/provider-13858\/property-1595916\/advertisement-language-79a5b28d-8f30-f011-8c4d-6045bd2addc7-A%20Seitenansicht.jpg?p=xl","contentUrl":"https:\/\/cdn.casasoft.com\/media\/provider-13858\/property-1595916\/advertisement-language-79a5b28d-8f30-f011-8c4d-6045bd2addc7-A%20Seitenansicht.jpg?p=xl"},{"@type":"BreadcrumbList","@id":"https:\/\/sbb-immobilien.ch\/fr\/immobilier\/1595916fr-objet-a-louer-a-st-gallen\/#breadcrumb","itemListElement":[{"@type":"ListItem","position":1,"name":"Home","item":"https:\/\/sbb-immobilien.ch\/fr\/"},{"@type":"ListItem","position":2,"name":"Propri\u00e9t\u00e9s","item":"https:\/\/sbb-immobilien.ch\/fr\/immobilier\/"},{"@type":"ListItem","position":3,"name":"Objet \u00e0 louer \u00e0 St. Gallen"}]},{"@type":"WebSite","@id":"https:\/\/sbb-immobilien.ch\/fr\/#website","url":"https:\/\/sbb-immobilien.ch\/fr\/","name":"CFF Immobilier","description":"Des immeubles id\u00e9alement situ\u00e9s.","publisher":{"@id":"https:\/\/sbb-immobilien.ch\/fr\/#organization"},"potentialAction":[{"@type":"SearchAction","target":{"@type":"EntryPoint","urlTemplate":"https:\/\/sbb-immobilien.ch\/fr\/?s={search_term_string}"},"query-input":{"@type":"PropertyValueSpecification","valueRequired":true,"valueName":"search_term_string"}}],"inLanguage":"fr-FR"},{"@type":"Organization","@id":"https:\/\/sbb-immobilien.ch\/fr\/#organization","name":"SBB Immobilien","url":"https:\/\/sbb-immobilien.ch\/fr\/","logo":{"@type":"ImageObject","inLanguage":"fr-FR","@id":"https:\/\/sbb-immobilien.ch\/fr\/#\/schema\/logo\/image\/","url":"https:\/\/cdn.sbb-immobilien.ch\/w:1617\/h:1080\/q:mauto\/f:best\/https:\/\/sbb-immobilien.ch\/wp-content\/uploads\/2021\/11\/SBB_byte_200329_DSC_4292_2500px.jpg","contentUrl":"https:\/\/cdn.sbb-immobilien.ch\/w:1617\/h:1080\/q:mauto\/f:best\/https:\/\/sbb-immobilien.ch\/wp-content\/uploads\/2021\/11\/SBB_byte_200329_DSC_4292_2500px.jpg","width":2500,"height":1669,"caption":"SBB Immobilien"},"image":{"@id":"https:\/\/sbb-immobilien.ch\/fr\/#\/schema\/logo\/image\/"},"sameAs":["https:\/\/ch.linkedin.com\/showcase\/immobilienberufe?trk=affiliated-pages","https:\/\/de.wikipedia.org\/wiki\/Schweizerische_Bundesbahnen"]}]}},"_links":{"self":[{"href":"https:\/\/sbb-immobilien.ch\/fr\/wp-json\/wp\/v2\/casawp_property\/807605","targetHints":{"allow":["GET"]}}],"collection":[{"href":"https:\/\/sbb-immobilien.ch\/fr\/wp-json\/wp\/v2\/casawp_property"}],"about":[{"href":"https:\/\/sbb-immobilien.ch\/fr\/wp-json\/wp\/v2\/types\/casawp_property"}],"replies":[{"embeddable":true,"href":"https:\/\/sbb-immobilien.ch\/fr\/wp-json\/wp\/v2\/comments?post=807605"}],"version-history":[{"count":0,"href":"https:\/\/sbb-immobilien.ch\/fr\/wp-json\/wp\/v2\/casawp_property\/807605\/revisions"}],"wp:featuredmedia":[{"embeddable":true,"href":"https:\/\/sbb-immobilien.ch\/fr\/wp-json\/wp\/v2\/media\/807606"}],"wp:attachment":[{"href":"https:\/\/sbb-immobilien.ch\/fr\/wp-json\/wp\/v2\/media?parent=807605"}],"wp:term":[{"taxonomy":"casawp_category","embeddable":true,"href":"https:\/\/sbb-immobilien.ch\/fr\/wp-json\/wp\/v2\/casawp_category?post=807605"},{"taxonomy":"casawp_feature","embeddable":true,"href":"https:\/\/sbb-immobilien.ch\/fr\/wp-json\/wp\/v2\/casawp_feature?post=807605"},{"taxonomy":"casawp_utility","embeddable":true,"href":"https:\/\/sbb-immobilien.ch\/fr\/wp-json\/wp\/v2\/casawp_utility?post=807605"},{"taxonomy":"casawp_location","embeddable":true,"href":"https:\/\/sbb-immobilien.ch\/fr\/wp-json\/wp\/v2\/casawp_location?post=807605"},{"taxonomy":"casawp_salestype","embeddable":true,"href":"https:\/\/sbb-immobilien.ch\/fr\/wp-json\/wp\/v2\/casawp_salestype?post=807605"},{"taxonomy":"casawp_availability","embeddable":true,"href":"https:\/\/sbb-immobilien.ch\/fr\/wp-json\/wp\/v2\/casawp_availability?post=807605"},{"taxonomy":"casawp_region","embeddable":true,"href":"https:\/\/sbb-immobilien.ch\/fr\/wp-json\/wp\/v2\/casawp_region?post=807605"}],"curies":[{"name":"wp","href":"https:\/\/api.w.org\/{rel}","templated":true}]}}