{"id":808687,"date":"2025-07-03T13:23:03","date_gmt":"2025-07-03T11:23:03","guid":{"rendered":"https:\/\/sbb-immobilien.ch\/immobilien\/1615718fr-objet-a-louer-a-basel\/"},"modified":"2026-04-27T11:30:40","modified_gmt":"2026-04-27T09:30:40","slug":"1615718fr-objet-a-louer-a-basel","status":"publish","type":"casawp_property","link":"https:\/\/sbb-immobilien.ch\/fr\/immobilier\/1615718fr-objet-a-louer-a-basel\/","title":{"rendered":"Objet \u00e0 louer \u00e0 Basel"},"content":{"rendered":"<p>Auf ca. 635 m\u00b2 steht Ihnen ab sofort oder nach Vereinbarung eine Mietfl\u00e4che in den historischen R\u00e4umlichkeiten des denkmalgesch\u00fctzten Westfl\u00fcgels zur Verf\u00fcgung. Der Westfl\u00fcgel, der 1857 er\u00f6ffnet wurde, beeindruckt durch seine prachtvolle Architektur im neoklassizistischen Stil und ist ein bedeutendes Beispiel f\u00fcr die Bahnhofsarchitektur des 19. Jahrhunderts.<\/p>\n<p>Beleben Sie mit uns das ehemalige Bahnhofsbuffet und damit den gesamten Westfl\u00fcgel des Bahnhofs Basel SBB. <\/p>\n<p>Wir freuen uns auf Ihre Kontaktaufnahme f\u00fcr weitere Angaben zum Objekt.<\/p>\n<p>Ausbaustandard: erweiterter Grundausbau<\/p>\n<p>Information Besichtigung: Anja Lucek<br \/>Vermietungsspezialistin<br \/>+41 79 241 72 00<br \/>anja.lucek@sbb.ch<\/p>\n","protected":false},"excerpt":{"rendered":"<p>Auf ca. 635 m\u00b2 steht Ihnen ab sofort oder nach Vereinbarung eine Mietfl\u00e4che in den historischen R\u00e4umlichkeiten des denkmalgesch\u00fctzten Westfl\u00fcgels zur Verf\u00fcgung. Der Westfl\u00fcgel, der 1857 er\u00f6ffnet wurde, beeindruckt durch seine prachtvolle Architektur im neoklassizistischen Stil und ist ein bedeutendes Beispiel f\u00fcr die Bahnhofsarchitektur des 19. Jahrhunderts. Beleben Sie mit uns das ehemalige Bahnhofsbuffet und [&hellip;]<\/p>\n","protected":false},"author":1,"featured_media":808688,"parent":0,"menu_order":93,"comment_status":"closed","ping_status":"closed","template":"","meta":{"_acf_changed":false,"inline_featured_image":false,"footnotes":""},"casawp_category":[15336,15322],"casawp_feature":[],"casawp_utility":[15319],"casawp_location":[15384,15383,15308],"casawp_salestype":[15306],"casawp_availability":[15307],"casawp_region":[],"class_list":["post-808687","casawp_property","type-casawp_property","status-publish","has-post-thumbnail","hentry","casawp_category-cafe-bar","casawp_category-retail-space","casawp_utility-gastronomy","casawp_location-locality_basel","casawp_location-region_bs","casawp_location-country_ch","casawp_salestype-rent","casawp_availability-active"],"acf":[],"yoast_head":"<!-- This site is optimized with the Yoast SEO Premium plugin v27.4 (Yoast SEO v27.4) - https:\/\/yoast.com\/product\/yoast-seo-premium-wordpress\/ -->\n<title>Objet \u00e0 louer \u00e0 Basel | CFF Immobilier<\/title>\n<meta name=\"robots\" content=\"index, follow, max-snippet:-1, max-image-preview:large, max-video-preview:-1\" \/>\n<link rel=\"canonical\" href=\"https:\/\/sbb-immobilien.ch\/fr\/immobilier\/1615718fr-objet-a-louer-a-basel\/\" \/>\n<meta property=\"og:locale\" content=\"fr_FR\" \/>\n<meta property=\"og:type\" content=\"article\" \/>\n<meta property=\"og:title\" content=\"Objet \u00e0 louer \u00e0 Basel\" \/>\n<meta property=\"og:description\" content=\"Auf ca. 635 m\u00b2 steht Ihnen ab sofort oder nach Vereinbarung eine Mietfl\u00e4che in den historischen R\u00e4umlichkeiten des denkmalgesch\u00fctzten Westfl\u00fcgels zur Verf\u00fcgung. Der Westfl\u00fcgel, der 1857 er\u00f6ffnet wurde, beeindruckt durch seine prachtvolle Architektur im neoklassizistischen Stil und ist ein bedeutendes Beispiel f\u00fcr die Bahnhofsarchitektur des 19. Jahrhunderts. Beleben Sie mit uns das ehemalige Bahnhofsbuffet und [&hellip;]\" \/>\n<meta property=\"og:url\" content=\"https:\/\/sbb-immobilien.ch\/fr\/immobilier\/1615718fr-objet-a-louer-a-basel\/\" \/>\n<meta property=\"og:site_name\" content=\"CFF Immobilier\" \/>\n<meta property=\"article:modified_time\" content=\"2026-04-27T09:30:40+00:00\" \/>\n<meta name=\"twitter:card\" content=\"summary_large_image\" \/>\n<script type=\"application\/ld+json\" class=\"yoast-schema-graph\">{\"@context\":\"https:\\\/\\\/schema.org\",\"@graph\":[{\"@type\":[\"WebPage\",\"RealEstateListing\"],\"@id\":\"https:\\\/\\\/sbb-immobilien.ch\\\/fr\\\/immobilier\\\/1615718fr-objet-a-louer-a-basel\\\/\",\"url\":\"https:\\\/\\\/sbb-immobilien.ch\\\/fr\\\/immobilier\\\/1615718fr-objet-a-louer-a-basel\\\/\",\"name\":\"Objet \u00e0 louer \u00e0 Basel | CFF Immobilier\",\"isPartOf\":{\"@id\":\"https:\\\/\\\/sbb-immobilien.ch\\\/fr\\\/#website\"},\"primaryImageOfPage\":{\"@id\":\"https:\\\/\\\/sbb-immobilien.ch\\\/fr\\\/immobilier\\\/1615718fr-objet-a-louer-a-basel\\\/#primaryimage\"},\"image\":{\"@id\":\"https:\\\/\\\/sbb-immobilien.ch\\\/fr\\\/immobilier\\\/1615718fr-objet-a-louer-a-basel\\\/#primaryimage\"},\"thumbnailUrl\":\"https:\\/\\/cdn.casasoft.com\\/media\\/provider-13858\\/property-1615718\\/advertisement-language-29d45040-e057-f011-bec1-6045bd2c3447-Basel_Westfl%C3%BCgel_A.jpg?p=xl\",\"datePublished\":\"2025-07-03T11:23:03+00:00\",\"dateModified\":\"2026-04-27T09:30:40+00:00\",\"breadcrumb\":{\"@id\":\"https:\\\/\\\/sbb-immobilien.ch\\\/fr\\\/immobilier\\\/1615718fr-objet-a-louer-a-basel\\\/#breadcrumb\"},\"inLanguage\":\"fr-FR\",\"potentialAction\":[{\"@type\":\"ReadAction\",\"target\":[\"https:\\\/\\\/sbb-immobilien.ch\\\/fr\\\/immobilier\\\/1615718fr-objet-a-louer-a-basel\\\/\"]}]},{\"@type\":\"ImageObject\",\"inLanguage\":\"fr-FR\",\"@id\":\"https:\\\/\\\/sbb-immobilien.ch\\\/fr\\\/immobilier\\\/1615718fr-objet-a-louer-a-basel\\\/#primaryimage\",\"url\":\"https:\\/\\/cdn.casasoft.com\\/media\\/provider-13858\\/property-1615718\\/advertisement-language-29d45040-e057-f011-bec1-6045bd2c3447-Basel_Westfl%C3%BCgel_A.jpg?p=xl\",\"contentUrl\":\"https:\\/\\/cdn.casasoft.com\\/media\\/provider-13858\\/property-1615718\\/advertisement-language-29d45040-e057-f011-bec1-6045bd2c3447-Basel_Westfl%C3%BCgel_A.jpg?p=xl\"},{\"@type\":\"BreadcrumbList\",\"@id\":\"https:\\\/\\\/sbb-immobilien.ch\\\/fr\\\/immobilier\\\/1615718fr-objet-a-louer-a-basel\\\/#breadcrumb\",\"itemListElement\":[{\"@type\":\"ListItem\",\"position\":1,\"name\":\"Home\",\"item\":\"https:\\\/\\\/sbb-immobilien.ch\\\/fr\\\/\"},{\"@type\":\"ListItem\",\"position\":2,\"name\":\"Propri\u00e9t\u00e9s\",\"item\":\"https:\\\/\\\/sbb-immobilien.ch\\\/fr\\\/immobilier\\\/\"},{\"@type\":\"ListItem\",\"position\":3,\"name\":\"Objet \u00e0 louer \u00e0 Basel\"}]},{\"@type\":\"WebSite\",\"@id\":\"https:\\\/\\\/sbb-immobilien.ch\\\/fr\\\/#website\",\"url\":\"https:\\\/\\\/sbb-immobilien.ch\\\/fr\\\/\",\"name\":\"CFF Immobilier\",\"description\":\"Des immeubles id\u00e9alement situ\u00e9s.\",\"publisher\":{\"@id\":\"https:\\\/\\\/sbb-immobilien.ch\\\/fr\\\/#organization\"},\"potentialAction\":[{\"@type\":\"SearchAction\",\"target\":{\"@type\":\"EntryPoint\",\"urlTemplate\":\"https:\\\/\\\/sbb-immobilien.ch\\\/fr\\\/?s={search_term_string}\"},\"query-input\":{\"@type\":\"PropertyValueSpecification\",\"valueRequired\":true,\"valueName\":\"search_term_string\"}}],\"inLanguage\":\"fr-FR\"},{\"@type\":\"Organization\",\"@id\":\"https:\\\/\\\/sbb-immobilien.ch\\\/fr\\\/#organization\",\"name\":\"SBB Immobilien\",\"url\":\"https:\\\/\\\/sbb-immobilien.ch\\\/fr\\\/\",\"logo\":{\"@type\":\"ImageObject\",\"inLanguage\":\"fr-FR\",\"@id\":\"https:\\\/\\\/sbb-immobilien.ch\\\/fr\\\/#\\\/schema\\\/logo\\\/image\\\/\",\"url\":\"https:\\/\\/cdn.sbb-immobilien.ch\\/w:1617\\/h:1080\\/q:mauto\\/f:best\\/https:\\/\\/sbb-immobilien.ch\\/wp-content\\/uploads\\/2021\\/11\\/SBB_byte_200329_DSC_4292_2500px.jpg\",\"contentUrl\":\"https:\\/\\/cdn.sbb-immobilien.ch\\/w:1617\\/h:1080\\/q:mauto\\/f:best\\/https:\\/\\/sbb-immobilien.ch\\/wp-content\\/uploads\\/2021\\/11\\/SBB_byte_200329_DSC_4292_2500px.jpg\",\"width\":2500,\"height\":1669,\"caption\":\"SBB Immobilien\"},\"image\":{\"@id\":\"https:\\\/\\\/sbb-immobilien.ch\\\/fr\\\/#\\\/schema\\\/logo\\\/image\\\/\"},\"sameAs\":[\"https:\\\/\\\/ch.linkedin.com\\\/showcase\\\/immobilienberufe?trk=affiliated-pages\",\"https:\\\/\\\/de.wikipedia.org\\\/wiki\\\/Schweizerische_Bundesbahnen\"]}]}<\/script>\n<!-- \/ Yoast SEO Premium plugin. -->","yoast_head_json":{"title":"Objet \u00e0 louer \u00e0 Basel | CFF Immobilier","robots":{"index":"index","follow":"follow","max-snippet":"max-snippet:-1","max-image-preview":"max-image-preview:large","max-video-preview":"max-video-preview:-1"},"canonical":"https:\/\/sbb-immobilien.ch\/fr\/immobilier\/1615718fr-objet-a-louer-a-basel\/","og_locale":"fr_FR","og_type":"article","og_title":"Objet \u00e0 louer \u00e0 Basel","og_description":"Auf ca. 635 m\u00b2 steht Ihnen ab sofort oder nach Vereinbarung eine Mietfl\u00e4che in den historischen R\u00e4umlichkeiten des denkmalgesch\u00fctzten Westfl\u00fcgels zur Verf\u00fcgung. Der Westfl\u00fcgel, der 1857 er\u00f6ffnet wurde, beeindruckt durch seine prachtvolle Architektur im neoklassizistischen Stil und ist ein bedeutendes Beispiel f\u00fcr die Bahnhofsarchitektur des 19. Jahrhunderts. Beleben Sie mit uns das ehemalige Bahnhofsbuffet und [&hellip;]","og_url":"https:\/\/sbb-immobilien.ch\/fr\/immobilier\/1615718fr-objet-a-louer-a-basel\/","og_site_name":"CFF Immobilier","article_modified_time":"2026-04-27T09:30:40+00:00","twitter_card":"summary_large_image","schema":{"@context":"https:\/\/schema.org","@graph":[{"@type":["WebPage","RealEstateListing"],"@id":"https:\/\/sbb-immobilien.ch\/fr\/immobilier\/1615718fr-objet-a-louer-a-basel\/","url":"https:\/\/sbb-immobilien.ch\/fr\/immobilier\/1615718fr-objet-a-louer-a-basel\/","name":"Objet \u00e0 louer \u00e0 Basel | CFF Immobilier","isPartOf":{"@id":"https:\/\/sbb-immobilien.ch\/fr\/#website"},"primaryImageOfPage":{"@id":"https:\/\/sbb-immobilien.ch\/fr\/immobilier\/1615718fr-objet-a-louer-a-basel\/#primaryimage"},"image":{"@id":"https:\/\/sbb-immobilien.ch\/fr\/immobilier\/1615718fr-objet-a-louer-a-basel\/#primaryimage"},"thumbnailUrl":"https:\/\/cdn.casasoft.com\/media\/provider-13858\/property-1615718\/advertisement-language-29d45040-e057-f011-bec1-6045bd2c3447-Basel_Westfl%C3%BCgel_A.jpg?p=xl","datePublished":"2025-07-03T11:23:03+00:00","dateModified":"2026-04-27T09:30:40+00:00","breadcrumb":{"@id":"https:\/\/sbb-immobilien.ch\/fr\/immobilier\/1615718fr-objet-a-louer-a-basel\/#breadcrumb"},"inLanguage":"fr-FR","potentialAction":[{"@type":"ReadAction","target":["https:\/\/sbb-immobilien.ch\/fr\/immobilier\/1615718fr-objet-a-louer-a-basel\/"]}]},{"@type":"ImageObject","inLanguage":"fr-FR","@id":"https:\/\/sbb-immobilien.ch\/fr\/immobilier\/1615718fr-objet-a-louer-a-basel\/#primaryimage","url":"https:\/\/cdn.casasoft.com\/media\/provider-13858\/property-1615718\/advertisement-language-29d45040-e057-f011-bec1-6045bd2c3447-Basel_Westfl%C3%BCgel_A.jpg?p=xl","contentUrl":"https:\/\/cdn.casasoft.com\/media\/provider-13858\/property-1615718\/advertisement-language-29d45040-e057-f011-bec1-6045bd2c3447-Basel_Westfl%C3%BCgel_A.jpg?p=xl"},{"@type":"BreadcrumbList","@id":"https:\/\/sbb-immobilien.ch\/fr\/immobilier\/1615718fr-objet-a-louer-a-basel\/#breadcrumb","itemListElement":[{"@type":"ListItem","position":1,"name":"Home","item":"https:\/\/sbb-immobilien.ch\/fr\/"},{"@type":"ListItem","position":2,"name":"Propri\u00e9t\u00e9s","item":"https:\/\/sbb-immobilien.ch\/fr\/immobilier\/"},{"@type":"ListItem","position":3,"name":"Objet \u00e0 louer \u00e0 Basel"}]},{"@type":"WebSite","@id":"https:\/\/sbb-immobilien.ch\/fr\/#website","url":"https:\/\/sbb-immobilien.ch\/fr\/","name":"CFF Immobilier","description":"Des immeubles id\u00e9alement situ\u00e9s.","publisher":{"@id":"https:\/\/sbb-immobilien.ch\/fr\/#organization"},"potentialAction":[{"@type":"SearchAction","target":{"@type":"EntryPoint","urlTemplate":"https:\/\/sbb-immobilien.ch\/fr\/?s={search_term_string}"},"query-input":{"@type":"PropertyValueSpecification","valueRequired":true,"valueName":"search_term_string"}}],"inLanguage":"fr-FR"},{"@type":"Organization","@id":"https:\/\/sbb-immobilien.ch\/fr\/#organization","name":"SBB Immobilien","url":"https:\/\/sbb-immobilien.ch\/fr\/","logo":{"@type":"ImageObject","inLanguage":"fr-FR","@id":"https:\/\/sbb-immobilien.ch\/fr\/#\/schema\/logo\/image\/","url":"https:\/\/cdn.sbb-immobilien.ch\/w:1617\/h:1080\/q:mauto\/f:best\/https:\/\/sbb-immobilien.ch\/wp-content\/uploads\/2021\/11\/SBB_byte_200329_DSC_4292_2500px.jpg","contentUrl":"https:\/\/cdn.sbb-immobilien.ch\/w:1617\/h:1080\/q:mauto\/f:best\/https:\/\/sbb-immobilien.ch\/wp-content\/uploads\/2021\/11\/SBB_byte_200329_DSC_4292_2500px.jpg","width":2500,"height":1669,"caption":"SBB Immobilien"},"image":{"@id":"https:\/\/sbb-immobilien.ch\/fr\/#\/schema\/logo\/image\/"},"sameAs":["https:\/\/ch.linkedin.com\/showcase\/immobilienberufe?trk=affiliated-pages","https:\/\/de.wikipedia.org\/wiki\/Schweizerische_Bundesbahnen"]}]}},"_links":{"self":[{"href":"https:\/\/sbb-immobilien.ch\/fr\/wp-json\/wp\/v2\/casawp_property\/808687","targetHints":{"allow":["GET"]}}],"collection":[{"href":"https:\/\/sbb-immobilien.ch\/fr\/wp-json\/wp\/v2\/casawp_property"}],"about":[{"href":"https:\/\/sbb-immobilien.ch\/fr\/wp-json\/wp\/v2\/types\/casawp_property"}],"author":[{"embeddable":true,"href":"https:\/\/sbb-immobilien.ch\/fr\/wp-json\/wp\/v2\/users\/1"}],"replies":[{"embeddable":true,"href":"https:\/\/sbb-immobilien.ch\/fr\/wp-json\/wp\/v2\/comments?post=808687"}],"version-history":[{"count":0,"href":"https:\/\/sbb-immobilien.ch\/fr\/wp-json\/wp\/v2\/casawp_property\/808687\/revisions"}],"wp:featuredmedia":[{"embeddable":true,"href":"https:\/\/sbb-immobilien.ch\/fr\/wp-json\/wp\/v2\/media\/808688"}],"wp:attachment":[{"href":"https:\/\/sbb-immobilien.ch\/fr\/wp-json\/wp\/v2\/media?parent=808687"}],"wp:term":[{"taxonomy":"casawp_category","embeddable":true,"href":"https:\/\/sbb-immobilien.ch\/fr\/wp-json\/wp\/v2\/casawp_category?post=808687"},{"taxonomy":"casawp_feature","embeddable":true,"href":"https:\/\/sbb-immobilien.ch\/fr\/wp-json\/wp\/v2\/casawp_feature?post=808687"},{"taxonomy":"casawp_utility","embeddable":true,"href":"https:\/\/sbb-immobilien.ch\/fr\/wp-json\/wp\/v2\/casawp_utility?post=808687"},{"taxonomy":"casawp_location","embeddable":true,"href":"https:\/\/sbb-immobilien.ch\/fr\/wp-json\/wp\/v2\/casawp_location?post=808687"},{"taxonomy":"casawp_salestype","embeddable":true,"href":"https:\/\/sbb-immobilien.ch\/fr\/wp-json\/wp\/v2\/casawp_salestype?post=808687"},{"taxonomy":"casawp_availability","embeddable":true,"href":"https:\/\/sbb-immobilien.ch\/fr\/wp-json\/wp\/v2\/casawp_availability?post=808687"},{"taxonomy":"casawp_region","embeddable":true,"href":"https:\/\/sbb-immobilien.ch\/fr\/wp-json\/wp\/v2\/casawp_region?post=808687"}],"curies":[{"name":"wp","href":"https:\/\/api.w.org\/{rel}","templated":true}]}}