{"id":809901,"date":"2025-08-20T14:28:07","date_gmt":"2025-08-20T12:28:07","guid":{"rendered":"https:\/\/sbb-immobilien.ch\/immobilien\/1636706fr-votre-cafe-au-coeur-de-la-gare-de-martigny-112-m-dopportunite\/"},"modified":"2026-04-28T11:24:50","modified_gmt":"2026-04-28T09:24:50","slug":"1636706fr-votre-cafe-au-coeur-de-la-gare-de-martigny-112-m-dopportunite","status":"publish","type":"casawp_property","link":"https:\/\/sbb-immobilien.ch\/fr\/immobilier\/1636706fr-votre-cafe-au-coeur-de-la-gare-de-martigny-112-m-dopportunite\/","title":{"rendered":"Votre caf\u00e9 au c\u0153ur de la gare de Martigny \u2013 112 m\u00b2 d\u2019opportunit\u00e9 !"},"content":{"rendered":"<p>Au sein de la gare de Martigny, l\u00e0 o\u00f9 se croisent voyageurs, habitants et pendulaires, une surface commerciale de 112 m\u00b2 s\u2019offre \u00e0 vous. Nich\u00e9e dans un lieu vivant et strat\u00e9gique, elle invite \u00e0 imaginer un espace o\u00f9 votre activit\u00e9 pourra s\u2019\u00e9panouir au rythme du passage quotidien.<\/p>\n<p>Pens\u00e9e pour accueillir une diversit\u00e9 de projets \u2014 espace de d\u00e9gustation ou pour de la petite restauration \u2014 cette surface s\u00e9duit par sa luminosit\u00e9, sa modularit\u00e9 et sa visibilit\u00e9. De belles vitrines ouvrent sur le flux constant des passants, offrant une vitrine id\u00e9ale \u00e0 votre savoir-faire.<\/p>\n<p>Accessible ais\u00e9ment par les transports publics et \u00e0 proximit\u00e9 imm\u00e9diate de parkings, elle conjugue praticit\u00e9 et prestige. Le quartier, en pleine effervescence, est propice \u00e0 l\u2019innovation et \u00e0 la rencontre.<\/p>\n<p>++Horaires d\u2019ouverture prolong\u00e9s, d\u00e8s l\u2019aube et jusque tard dans la soir\u00e9e<br \/>++Ouverture 365 jours par an, sans interruption<\/p>\n<p>Information Visite: Veronique Berclaz<br \/>Sp\u00e9cialiste location<\/p>\n","protected":false},"excerpt":{"rendered":"<p>Au sein de la gare de Martigny, l\u00e0 o\u00f9 se croisent voyageurs, habitants et pendulaires, une surface commerciale de 112 m\u00b2 s\u2019offre \u00e0 vous. Nich\u00e9e dans un lieu vivant et strat\u00e9gique, elle invite \u00e0 imaginer un espace o\u00f9 votre activit\u00e9 pourra s\u2019\u00e9panouir au rythme du passage quotidien. Pens\u00e9e pour accueillir une diversit\u00e9 de projets \u2014 [&hellip;]<\/p>\n","protected":false},"author":0,"featured_media":809902,"parent":0,"menu_order":108,"comment_status":"closed","ping_status":"closed","template":"","meta":{"_acf_changed":false,"inline_featured_image":false,"footnotes":""},"casawp_category":[15336,15317,15322],"casawp_feature":[],"casawp_utility":[15319],"casawp_location":[15308,15655,15645],"casawp_salestype":[15306],"casawp_availability":[15307],"casawp_region":[],"class_list":["post-809901","casawp_property","type-casawp_property","status-publish","has-post-thumbnail","hentry","casawp_category-cafe-bar","casawp_category-retail","casawp_category-retail-space","casawp_utility-gastronomy","casawp_location-country_ch","casawp_location-locality_martigny","casawp_location-region_vs","casawp_salestype-rent","casawp_availability-active"],"acf":[],"yoast_head":"<!-- This site is optimized with the Yoast SEO Premium plugin v27.4 (Yoast SEO v27.4) - https:\/\/yoast.com\/product\/yoast-seo-premium-wordpress\/ -->\n<title>Votre caf\u00e9 au c\u0153ur de la gare de Martigny \u2013 112 m\u00b2 d\u2019opportunit\u00e9 ! | CFF Immobilier<\/title>\n<meta name=\"robots\" content=\"index, follow, max-snippet:-1, max-image-preview:large, max-video-preview:-1\" \/>\n<link rel=\"canonical\" href=\"https:\/\/sbb-immobilien.ch\/fr\/immobilier\/1636706fr-votre-cafe-au-coeur-de-la-gare-de-martigny-112-m-dopportunite\/\" \/>\n<meta property=\"og:locale\" content=\"fr_FR\" \/>\n<meta property=\"og:type\" content=\"article\" \/>\n<meta property=\"og:title\" content=\"Votre caf\u00e9 au c\u0153ur de la gare de Martigny \u2013 112 m\u00b2 d\u2019opportunit\u00e9 !\" \/>\n<meta property=\"og:description\" content=\"Au sein de la gare de Martigny, l\u00e0 o\u00f9 se croisent voyageurs, habitants et pendulaires, une surface commerciale de 112 m\u00b2 s\u2019offre \u00e0 vous. Nich\u00e9e dans un lieu vivant et strat\u00e9gique, elle invite \u00e0 imaginer un espace o\u00f9 votre activit\u00e9 pourra s\u2019\u00e9panouir au rythme du passage quotidien. Pens\u00e9e pour accueillir une diversit\u00e9 de projets \u2014 [&hellip;]\" \/>\n<meta property=\"og:url\" content=\"https:\/\/sbb-immobilien.ch\/fr\/immobilier\/1636706fr-votre-cafe-au-coeur-de-la-gare-de-martigny-112-m-dopportunite\/\" \/>\n<meta property=\"og:site_name\" content=\"CFF Immobilier\" \/>\n<meta property=\"article:modified_time\" content=\"2026-04-28T09:24:50+00:00\" \/>\n<meta name=\"twitter:card\" content=\"summary_large_image\" \/>\n<meta name=\"twitter:label1\" content=\"Dur\u00e9e de lecture estim\u00e9e\" \/>\n\t<meta name=\"twitter:data1\" content=\"1 minute\" \/>\n<script type=\"application\/ld+json\" class=\"yoast-schema-graph\">{\"@context\":\"https:\\\/\\\/schema.org\",\"@graph\":[{\"@type\":[\"WebPage\",\"RealEstateListing\"],\"@id\":\"https:\\\/\\\/sbb-immobilien.ch\\\/fr\\\/immobilier\\\/1636706fr-votre-cafe-au-coeur-de-la-gare-de-martigny-112-m-dopportunite\\\/\",\"url\":\"https:\\\/\\\/sbb-immobilien.ch\\\/fr\\\/immobilier\\\/1636706fr-votre-cafe-au-coeur-de-la-gare-de-martigny-112-m-dopportunite\\\/\",\"name\":\"Votre caf\u00e9 au c\u0153ur de la gare de Martigny \u2013 112 m\u00b2 d\u2019opportunit\u00e9 ! | CFF Immobilier\",\"isPartOf\":{\"@id\":\"https:\\\/\\\/sbb-immobilien.ch\\\/fr\\\/#website\"},\"primaryImageOfPage\":{\"@id\":\"https:\\\/\\\/sbb-immobilien.ch\\\/fr\\\/immobilier\\\/1636706fr-votre-cafe-au-coeur-de-la-gare-de-martigny-112-m-dopportunite\\\/#primaryimage\"},\"image\":{\"@id\":\"https:\\\/\\\/sbb-immobilien.ch\\\/fr\\\/immobilier\\\/1636706fr-votre-cafe-au-coeur-de-la-gare-de-martigny-112-m-dopportunite\\\/#primaryimage\"},\"thumbnailUrl\":\"https:\\/\\/cdn.casasoft.com\\/media\\/provider-13858\\/property-1636706\\/advertisement-language-c203264c-c07d-f011-b4cb-6045bd2be977-Firefly%2020250218104730.png?p=xl\",\"datePublished\":\"2025-08-20T12:28:07+00:00\",\"dateModified\":\"2026-04-28T09:24:50+00:00\",\"breadcrumb\":{\"@id\":\"https:\\\/\\\/sbb-immobilien.ch\\\/fr\\\/immobilier\\\/1636706fr-votre-cafe-au-coeur-de-la-gare-de-martigny-112-m-dopportunite\\\/#breadcrumb\"},\"inLanguage\":\"fr-FR\",\"potentialAction\":[{\"@type\":\"ReadAction\",\"target\":[\"https:\\\/\\\/sbb-immobilien.ch\\\/fr\\\/immobilier\\\/1636706fr-votre-cafe-au-coeur-de-la-gare-de-martigny-112-m-dopportunite\\\/\"]}]},{\"@type\":\"ImageObject\",\"inLanguage\":\"fr-FR\",\"@id\":\"https:\\\/\\\/sbb-immobilien.ch\\\/fr\\\/immobilier\\\/1636706fr-votre-cafe-au-coeur-de-la-gare-de-martigny-112-m-dopportunite\\\/#primaryimage\",\"url\":\"https:\\/\\/cdn.casasoft.com\\/media\\/provider-13858\\/property-1636706\\/advertisement-language-c203264c-c07d-f011-b4cb-6045bd2be977-Firefly%2020250218104730.png?p=xl\",\"contentUrl\":\"https:\\/\\/cdn.casasoft.com\\/media\\/provider-13858\\/property-1636706\\/advertisement-language-c203264c-c07d-f011-b4cb-6045bd2be977-Firefly%2020250218104730.png?p=xl\"},{\"@type\":\"BreadcrumbList\",\"@id\":\"https:\\\/\\\/sbb-immobilien.ch\\\/fr\\\/immobilier\\\/1636706fr-votre-cafe-au-coeur-de-la-gare-de-martigny-112-m-dopportunite\\\/#breadcrumb\",\"itemListElement\":[{\"@type\":\"ListItem\",\"position\":1,\"name\":\"Home\",\"item\":\"https:\\\/\\\/sbb-immobilien.ch\\\/fr\\\/\"},{\"@type\":\"ListItem\",\"position\":2,\"name\":\"Propri\u00e9t\u00e9s\",\"item\":\"https:\\\/\\\/sbb-immobilien.ch\\\/fr\\\/immobilier\\\/\"},{\"@type\":\"ListItem\",\"position\":3,\"name\":\"Votre caf\u00e9 au c\u0153ur de la gare de Martigny \u2013 112 m\u00b2 d\u2019opportunit\u00e9 !\"}]},{\"@type\":\"WebSite\",\"@id\":\"https:\\\/\\\/sbb-immobilien.ch\\\/fr\\\/#website\",\"url\":\"https:\\\/\\\/sbb-immobilien.ch\\\/fr\\\/\",\"name\":\"CFF Immobilier\",\"description\":\"Des immeubles id\u00e9alement situ\u00e9s.\",\"publisher\":{\"@id\":\"https:\\\/\\\/sbb-immobilien.ch\\\/fr\\\/#organization\"},\"potentialAction\":[{\"@type\":\"SearchAction\",\"target\":{\"@type\":\"EntryPoint\",\"urlTemplate\":\"https:\\\/\\\/sbb-immobilien.ch\\\/fr\\\/?s={search_term_string}\"},\"query-input\":{\"@type\":\"PropertyValueSpecification\",\"valueRequired\":true,\"valueName\":\"search_term_string\"}}],\"inLanguage\":\"fr-FR\"},{\"@type\":\"Organization\",\"@id\":\"https:\\\/\\\/sbb-immobilien.ch\\\/fr\\\/#organization\",\"name\":\"SBB Immobilien\",\"url\":\"https:\\\/\\\/sbb-immobilien.ch\\\/fr\\\/\",\"logo\":{\"@type\":\"ImageObject\",\"inLanguage\":\"fr-FR\",\"@id\":\"https:\\\/\\\/sbb-immobilien.ch\\\/fr\\\/#\\\/schema\\\/logo\\\/image\\\/\",\"url\":\"https:\\/\\/cdn.sbb-immobilien.ch\\/w:1617\\/h:1080\\/q:mauto\\/f:best\\/https:\\/\\/sbb-immobilien.ch\\/wp-content\\/uploads\\/2021\\/11\\/SBB_byte_200329_DSC_4292_2500px.jpg\",\"contentUrl\":\"https:\\/\\/cdn.sbb-immobilien.ch\\/w:1617\\/h:1080\\/q:mauto\\/f:best\\/https:\\/\\/sbb-immobilien.ch\\/wp-content\\/uploads\\/2021\\/11\\/SBB_byte_200329_DSC_4292_2500px.jpg\",\"width\":2500,\"height\":1669,\"caption\":\"SBB Immobilien\"},\"image\":{\"@id\":\"https:\\\/\\\/sbb-immobilien.ch\\\/fr\\\/#\\\/schema\\\/logo\\\/image\\\/\"},\"sameAs\":[\"https:\\\/\\\/ch.linkedin.com\\\/showcase\\\/immobilienberufe?trk=affiliated-pages\",\"https:\\\/\\\/de.wikipedia.org\\\/wiki\\\/Schweizerische_Bundesbahnen\"]}]}<\/script>\n<!-- \/ Yoast SEO Premium plugin. -->","yoast_head_json":{"title":"Votre caf\u00e9 au c\u0153ur de la gare de Martigny \u2013 112 m\u00b2 d\u2019opportunit\u00e9 ! | CFF Immobilier","robots":{"index":"index","follow":"follow","max-snippet":"max-snippet:-1","max-image-preview":"max-image-preview:large","max-video-preview":"max-video-preview:-1"},"canonical":"https:\/\/sbb-immobilien.ch\/fr\/immobilier\/1636706fr-votre-cafe-au-coeur-de-la-gare-de-martigny-112-m-dopportunite\/","og_locale":"fr_FR","og_type":"article","og_title":"Votre caf\u00e9 au c\u0153ur de la gare de Martigny \u2013 112 m\u00b2 d\u2019opportunit\u00e9 !","og_description":"Au sein de la gare de Martigny, l\u00e0 o\u00f9 se croisent voyageurs, habitants et pendulaires, une surface commerciale de 112 m\u00b2 s\u2019offre \u00e0 vous. Nich\u00e9e dans un lieu vivant et strat\u00e9gique, elle invite \u00e0 imaginer un espace o\u00f9 votre activit\u00e9 pourra s\u2019\u00e9panouir au rythme du passage quotidien. Pens\u00e9e pour accueillir une diversit\u00e9 de projets \u2014 [&hellip;]","og_url":"https:\/\/sbb-immobilien.ch\/fr\/immobilier\/1636706fr-votre-cafe-au-coeur-de-la-gare-de-martigny-112-m-dopportunite\/","og_site_name":"CFF Immobilier","article_modified_time":"2026-04-28T09:24:50+00:00","twitter_card":"summary_large_image","twitter_misc":{"Dur\u00e9e de lecture estim\u00e9e":"1 minute"},"schema":{"@context":"https:\/\/schema.org","@graph":[{"@type":["WebPage","RealEstateListing"],"@id":"https:\/\/sbb-immobilien.ch\/fr\/immobilier\/1636706fr-votre-cafe-au-coeur-de-la-gare-de-martigny-112-m-dopportunite\/","url":"https:\/\/sbb-immobilien.ch\/fr\/immobilier\/1636706fr-votre-cafe-au-coeur-de-la-gare-de-martigny-112-m-dopportunite\/","name":"Votre caf\u00e9 au c\u0153ur de la gare de Martigny \u2013 112 m\u00b2 d\u2019opportunit\u00e9 ! | CFF Immobilier","isPartOf":{"@id":"https:\/\/sbb-immobilien.ch\/fr\/#website"},"primaryImageOfPage":{"@id":"https:\/\/sbb-immobilien.ch\/fr\/immobilier\/1636706fr-votre-cafe-au-coeur-de-la-gare-de-martigny-112-m-dopportunite\/#primaryimage"},"image":{"@id":"https:\/\/sbb-immobilien.ch\/fr\/immobilier\/1636706fr-votre-cafe-au-coeur-de-la-gare-de-martigny-112-m-dopportunite\/#primaryimage"},"thumbnailUrl":"https:\/\/cdn.casasoft.com\/media\/provider-13858\/property-1636706\/advertisement-language-c203264c-c07d-f011-b4cb-6045bd2be977-Firefly%2020250218104730.png?p=xl","datePublished":"2025-08-20T12:28:07+00:00","dateModified":"2026-04-28T09:24:50+00:00","breadcrumb":{"@id":"https:\/\/sbb-immobilien.ch\/fr\/immobilier\/1636706fr-votre-cafe-au-coeur-de-la-gare-de-martigny-112-m-dopportunite\/#breadcrumb"},"inLanguage":"fr-FR","potentialAction":[{"@type":"ReadAction","target":["https:\/\/sbb-immobilien.ch\/fr\/immobilier\/1636706fr-votre-cafe-au-coeur-de-la-gare-de-martigny-112-m-dopportunite\/"]}]},{"@type":"ImageObject","inLanguage":"fr-FR","@id":"https:\/\/sbb-immobilien.ch\/fr\/immobilier\/1636706fr-votre-cafe-au-coeur-de-la-gare-de-martigny-112-m-dopportunite\/#primaryimage","url":"https:\/\/cdn.casasoft.com\/media\/provider-13858\/property-1636706\/advertisement-language-c203264c-c07d-f011-b4cb-6045bd2be977-Firefly%2020250218104730.png?p=xl","contentUrl":"https:\/\/cdn.casasoft.com\/media\/provider-13858\/property-1636706\/advertisement-language-c203264c-c07d-f011-b4cb-6045bd2be977-Firefly%2020250218104730.png?p=xl"},{"@type":"BreadcrumbList","@id":"https:\/\/sbb-immobilien.ch\/fr\/immobilier\/1636706fr-votre-cafe-au-coeur-de-la-gare-de-martigny-112-m-dopportunite\/#breadcrumb","itemListElement":[{"@type":"ListItem","position":1,"name":"Home","item":"https:\/\/sbb-immobilien.ch\/fr\/"},{"@type":"ListItem","position":2,"name":"Propri\u00e9t\u00e9s","item":"https:\/\/sbb-immobilien.ch\/fr\/immobilier\/"},{"@type":"ListItem","position":3,"name":"Votre caf\u00e9 au c\u0153ur de la gare de Martigny \u2013 112 m\u00b2 d\u2019opportunit\u00e9 !"}]},{"@type":"WebSite","@id":"https:\/\/sbb-immobilien.ch\/fr\/#website","url":"https:\/\/sbb-immobilien.ch\/fr\/","name":"CFF Immobilier","description":"Des immeubles id\u00e9alement situ\u00e9s.","publisher":{"@id":"https:\/\/sbb-immobilien.ch\/fr\/#organization"},"potentialAction":[{"@type":"SearchAction","target":{"@type":"EntryPoint","urlTemplate":"https:\/\/sbb-immobilien.ch\/fr\/?s={search_term_string}"},"query-input":{"@type":"PropertyValueSpecification","valueRequired":true,"valueName":"search_term_string"}}],"inLanguage":"fr-FR"},{"@type":"Organization","@id":"https:\/\/sbb-immobilien.ch\/fr\/#organization","name":"SBB Immobilien","url":"https:\/\/sbb-immobilien.ch\/fr\/","logo":{"@type":"ImageObject","inLanguage":"fr-FR","@id":"https:\/\/sbb-immobilien.ch\/fr\/#\/schema\/logo\/image\/","url":"https:\/\/cdn.sbb-immobilien.ch\/w:1617\/h:1080\/q:mauto\/f:best\/https:\/\/sbb-immobilien.ch\/wp-content\/uploads\/2021\/11\/SBB_byte_200329_DSC_4292_2500px.jpg","contentUrl":"https:\/\/cdn.sbb-immobilien.ch\/w:1617\/h:1080\/q:mauto\/f:best\/https:\/\/sbb-immobilien.ch\/wp-content\/uploads\/2021\/11\/SBB_byte_200329_DSC_4292_2500px.jpg","width":2500,"height":1669,"caption":"SBB Immobilien"},"image":{"@id":"https:\/\/sbb-immobilien.ch\/fr\/#\/schema\/logo\/image\/"},"sameAs":["https:\/\/ch.linkedin.com\/showcase\/immobilienberufe?trk=affiliated-pages","https:\/\/de.wikipedia.org\/wiki\/Schweizerische_Bundesbahnen"]}]}},"_links":{"self":[{"href":"https:\/\/sbb-immobilien.ch\/fr\/wp-json\/wp\/v2\/casawp_property\/809901","targetHints":{"allow":["GET"]}}],"collection":[{"href":"https:\/\/sbb-immobilien.ch\/fr\/wp-json\/wp\/v2\/casawp_property"}],"about":[{"href":"https:\/\/sbb-immobilien.ch\/fr\/wp-json\/wp\/v2\/types\/casawp_property"}],"replies":[{"embeddable":true,"href":"https:\/\/sbb-immobilien.ch\/fr\/wp-json\/wp\/v2\/comments?post=809901"}],"version-history":[{"count":0,"href":"https:\/\/sbb-immobilien.ch\/fr\/wp-json\/wp\/v2\/casawp_property\/809901\/revisions"}],"wp:featuredmedia":[{"embeddable":true,"href":"https:\/\/sbb-immobilien.ch\/fr\/wp-json\/wp\/v2\/media\/809902"}],"wp:attachment":[{"href":"https:\/\/sbb-immobilien.ch\/fr\/wp-json\/wp\/v2\/media?parent=809901"}],"wp:term":[{"taxonomy":"casawp_category","embeddable":true,"href":"https:\/\/sbb-immobilien.ch\/fr\/wp-json\/wp\/v2\/casawp_category?post=809901"},{"taxonomy":"casawp_feature","embeddable":true,"href":"https:\/\/sbb-immobilien.ch\/fr\/wp-json\/wp\/v2\/casawp_feature?post=809901"},{"taxonomy":"casawp_utility","embeddable":true,"href":"https:\/\/sbb-immobilien.ch\/fr\/wp-json\/wp\/v2\/casawp_utility?post=809901"},{"taxonomy":"casawp_location","embeddable":true,"href":"https:\/\/sbb-immobilien.ch\/fr\/wp-json\/wp\/v2\/casawp_location?post=809901"},{"taxonomy":"casawp_salestype","embeddable":true,"href":"https:\/\/sbb-immobilien.ch\/fr\/wp-json\/wp\/v2\/casawp_salestype?post=809901"},{"taxonomy":"casawp_availability","embeddable":true,"href":"https:\/\/sbb-immobilien.ch\/fr\/wp-json\/wp\/v2\/casawp_availability?post=809901"},{"taxonomy":"casawp_region","embeddable":true,"href":"https:\/\/sbb-immobilien.ch\/fr\/wp-json\/wp\/v2\/casawp_region?post=809901"}],"curies":[{"name":"wp","href":"https:\/\/api.w.org\/{rel}","templated":true}]}}