{"id":812619,"date":"2026-04-30T14:27:32","date_gmt":"2026-04-30T12:27:32","guid":{"rendered":"https:\/\/sbb-immobilien.ch\/immobilien\/1741327fr-objet-a-louer-a-zuerich\/"},"modified":"2026-05-01T10:24:56","modified_gmt":"2026-05-01T08:24:56","slug":"1741327fr-objet-a-louer-a-zuerich","status":"publish","type":"casawp_property","link":"https:\/\/sbb-immobilien.ch\/fr\/immobilier\/1741327fr-objet-a-louer-a-zuerich\/","title":{"rendered":"Objet \u00e0 louer \u00e0 Z\u00fcrich"},"content":{"rendered":"<p>An stark frequentierter und hervorragend sichtbarer Lage an der Hohlstrasse 480 in Z\u00fcrich vermieten wir Ihnen diese vielseitig nutzbare Gewerbefl\u00e4che im Erdgeschoss \/ 1. Obergeschoss. Die zweist\u00f6ckige Einheit eignet sich ideal f\u00fcr B\u00fcro- oder Dienstleistungsnutzungen und \u00fcberzeugt durch ihre flexible Raumgestaltung.<\/p>\n<p>Die Gesamtfl\u00e4che von 230.2 m\u00b2 (inkl. Lager\/Korridor\/WC) ist vollst\u00e4ndig ausgebaut und bietet eine offene Raumplanung, die individuell auf Ihre Bed\u00fcrfnisse angepasst werden kann. Hochwertige Bodenbel\u00e4ge, Sitzungszimmer, Umluftk\u00fchlger\u00e4t (1. OG), vorhandene Beleuchtung sowie ein moderner Glasfaser-IT-Anschluss sorgen f\u00fcr optimale Arbeitsbedingungen.<\/p>\n<p>Das Mietobjekt verf\u00fcgt \u00fcber ausgebaute Sanit\u00e4ranlagen (Damen und Herren) sowie eine funktionale K\u00fcche im erweiterten Grundausbau (ohne K\u00fchlschrank). Beheizt wird die Fl\u00e4che nachhaltig \u00fcber Fernw\u00e4rme mittels Radiatoren nach Minergie-Standard.<\/p>\n<p>Zus\u00e4tzlichen Mehrwert bietet eine Lagerfl\u00e4che im r\u00fcckwertigen Bereich, welche sich ideal als Serverraum nutzen l\u00e4sst. <\/p>\n<p>Parkm\u00f6glichkeiten stehen in unmittelbarer N\u00e4he auf \u00f6ffentlichen, geb\u00fchrenpflichtigen Parkpl\u00e4tzen zur Verf\u00fcgung. Die Anbindung an den \u00f6ffentlichen Verkehr ist hervorragend \u2013 die Buslinie 31 befindet sich direkt vor dem Objekt. Diverse Einkaufsm\u00f6glichkeiten, unter anderem das Letzipark-Einkaufszentrum sowie eine Tankstelle, sind bequem erreichbar.<\/p>\n<p>Bitte beachten Sie, dass eine Nutzung f\u00fcr Gastronomiebetriebe ausgeschlossen ist.<\/p>\n<p>Ausbaustandard: erweiterter Grundausbau<\/p>\n<p>Information Besichtigung: Besichtigungen erfolgen nach vorg\u00e4ngiger Pr\u00fcfung und positiver Beurteilung der eingereichten Nutzung.<\/p>\n","protected":false},"excerpt":{"rendered":"<p>An stark frequentierter und hervorragend sichtbarer Lage an der Hohlstrasse 480 in Z\u00fcrich vermieten wir Ihnen diese vielseitig nutzbare Gewerbefl\u00e4che im Erdgeschoss \/ 1. Obergeschoss. Die zweist\u00f6ckige Einheit eignet sich ideal f\u00fcr B\u00fcro- oder Dienstleistungsnutzungen und \u00fcberzeugt durch ihre flexible Raumgestaltung. Die Gesamtfl\u00e4che von 230.2 m\u00b2 (inkl. Lager\/Korridor\/WC) ist vollst\u00e4ndig ausgebaut und bietet eine offene [&hellip;]<\/p>\n","protected":false},"author":0,"featured_media":812620,"parent":0,"menu_order":4,"comment_status":"closed","ping_status":"closed","template":"","meta":{"_acf_changed":false,"inline_featured_image":false,"footnotes":""},"casawp_category":[15315,15317],"casawp_feature":[15332],"casawp_utility":[15319],"casawp_location":[15308,15343,15344],"casawp_salestype":[15306],"casawp_availability":[15307],"casawp_region":[],"class_list":["post-812619","casawp_property","type-casawp_property","status-publish","has-post-thumbnail","hentry","casawp_category-office","casawp_category-retail","casawp_feature-has-garage-underground","casawp_utility-gastronomy","casawp_location-country_ch","casawp_location-region_zh","casawp_location-locality_zuerich","casawp_salestype-rent","casawp_availability-active"],"acf":[],"yoast_head":"<!-- This site is optimized with the Yoast SEO Premium plugin v27.4 (Yoast SEO v27.4) - https:\/\/yoast.com\/product\/yoast-seo-premium-wordpress\/ -->\n<title>Objet \u00e0 louer \u00e0 Z\u00fcrich | CFF Immobilier<\/title>\n<meta name=\"robots\" content=\"index, follow, max-snippet:-1, max-image-preview:large, max-video-preview:-1\" \/>\n<link rel=\"canonical\" href=\"https:\/\/sbb-immobilien.ch\/fr\/immobilier\/1741327fr-objet-a-louer-a-zuerich\/\" \/>\n<meta property=\"og:locale\" content=\"fr_FR\" \/>\n<meta property=\"og:type\" content=\"article\" \/>\n<meta property=\"og:title\" content=\"Objet \u00e0 louer \u00e0 Z\u00fcrich\" \/>\n<meta property=\"og:description\" content=\"An stark frequentierter und hervorragend sichtbarer Lage an der Hohlstrasse 480 in Z\u00fcrich vermieten wir Ihnen diese vielseitig nutzbare Gewerbefl\u00e4che im Erdgeschoss \/ 1. Obergeschoss. Die zweist\u00f6ckige Einheit eignet sich ideal f\u00fcr B\u00fcro- oder Dienstleistungsnutzungen und \u00fcberzeugt durch ihre flexible Raumgestaltung. Die Gesamtfl\u00e4che von 230.2 m\u00b2 (inkl. Lager\/Korridor\/WC) ist vollst\u00e4ndig ausgebaut und bietet eine offene [&hellip;]\" \/>\n<meta property=\"og:url\" content=\"https:\/\/sbb-immobilien.ch\/fr\/immobilier\/1741327fr-objet-a-louer-a-zuerich\/\" \/>\n<meta property=\"og:site_name\" content=\"CFF Immobilier\" \/>\n<meta property=\"article:modified_time\" content=\"2026-05-01T08:24:56+00:00\" \/>\n<meta name=\"twitter:card\" content=\"summary_large_image\" \/>\n<meta name=\"twitter:label1\" content=\"Dur\u00e9e de lecture estim\u00e9e\" \/>\n\t<meta name=\"twitter:data1\" content=\"1 minute\" \/>\n<script type=\"application\/ld+json\" class=\"yoast-schema-graph\">{\"@context\":\"https:\\\/\\\/schema.org\",\"@graph\":[{\"@type\":[\"WebPage\",\"RealEstateListing\"],\"@id\":\"https:\\\/\\\/sbb-immobilien.ch\\\/fr\\\/immobilier\\\/1741327fr-objet-a-louer-a-zuerich\\\/\",\"url\":\"https:\\\/\\\/sbb-immobilien.ch\\\/fr\\\/immobilier\\\/1741327fr-objet-a-louer-a-zuerich\\\/\",\"name\":\"Objet \u00e0 louer \u00e0 Z\u00fcrich | CFF Immobilier\",\"isPartOf\":{\"@id\":\"https:\\\/\\\/sbb-immobilien.ch\\\/fr\\\/#website\"},\"primaryImageOfPage\":{\"@id\":\"https:\\\/\\\/sbb-immobilien.ch\\\/fr\\\/immobilier\\\/1741327fr-objet-a-louer-a-zuerich\\\/#primaryimage\"},\"image\":{\"@id\":\"https:\\\/\\\/sbb-immobilien.ch\\\/fr\\\/immobilier\\\/1741327fr-objet-a-louer-a-zuerich\\\/#primaryimage\"},\"thumbnailUrl\":\"https:\\/\\/cdn.casasoft.com\\/media\\/provider-13858\\/property-1741327\\/advertisement-language-712c88b1-cc43-f111-bec6-70a8a508967a-A_B%C3%BCro_Nr.16b_Aussenansicht.jpg?p=xl\",\"datePublished\":\"2026-04-30T12:27:32+00:00\",\"dateModified\":\"2026-05-01T08:24:56+00:00\",\"breadcrumb\":{\"@id\":\"https:\\\/\\\/sbb-immobilien.ch\\\/fr\\\/immobilier\\\/1741327fr-objet-a-louer-a-zuerich\\\/#breadcrumb\"},\"inLanguage\":\"fr-FR\",\"potentialAction\":[{\"@type\":\"ReadAction\",\"target\":[\"https:\\\/\\\/sbb-immobilien.ch\\\/fr\\\/immobilier\\\/1741327fr-objet-a-louer-a-zuerich\\\/\"]}]},{\"@type\":\"ImageObject\",\"inLanguage\":\"fr-FR\",\"@id\":\"https:\\\/\\\/sbb-immobilien.ch\\\/fr\\\/immobilier\\\/1741327fr-objet-a-louer-a-zuerich\\\/#primaryimage\",\"url\":\"https:\\/\\/cdn.casasoft.com\\/media\\/provider-13858\\/property-1741327\\/advertisement-language-712c88b1-cc43-f111-bec6-70a8a508967a-A_B%C3%BCro_Nr.16b_Aussenansicht.jpg?p=xl\",\"contentUrl\":\"https:\\/\\/cdn.casasoft.com\\/media\\/provider-13858\\/property-1741327\\/advertisement-language-712c88b1-cc43-f111-bec6-70a8a508967a-A_B%C3%BCro_Nr.16b_Aussenansicht.jpg?p=xl\"},{\"@type\":\"BreadcrumbList\",\"@id\":\"https:\\\/\\\/sbb-immobilien.ch\\\/fr\\\/immobilier\\\/1741327fr-objet-a-louer-a-zuerich\\\/#breadcrumb\",\"itemListElement\":[{\"@type\":\"ListItem\",\"position\":1,\"name\":\"Home\",\"item\":\"https:\\\/\\\/sbb-immobilien.ch\\\/fr\\\/\"},{\"@type\":\"ListItem\",\"position\":2,\"name\":\"Propri\u00e9t\u00e9s\",\"item\":\"https:\\\/\\\/sbb-immobilien.ch\\\/fr\\\/immobilier\\\/\"},{\"@type\":\"ListItem\",\"position\":3,\"name\":\"Objet \u00e0 louer \u00e0 Z\u00fcrich\"}]},{\"@type\":\"WebSite\",\"@id\":\"https:\\\/\\\/sbb-immobilien.ch\\\/fr\\\/#website\",\"url\":\"https:\\\/\\\/sbb-immobilien.ch\\\/fr\\\/\",\"name\":\"CFF Immobilier\",\"description\":\"Des immeubles id\u00e9alement situ\u00e9s.\",\"publisher\":{\"@id\":\"https:\\\/\\\/sbb-immobilien.ch\\\/fr\\\/#organization\"},\"potentialAction\":[{\"@type\":\"SearchAction\",\"target\":{\"@type\":\"EntryPoint\",\"urlTemplate\":\"https:\\\/\\\/sbb-immobilien.ch\\\/fr\\\/?s={search_term_string}\"},\"query-input\":{\"@type\":\"PropertyValueSpecification\",\"valueRequired\":true,\"valueName\":\"search_term_string\"}}],\"inLanguage\":\"fr-FR\"},{\"@type\":\"Organization\",\"@id\":\"https:\\\/\\\/sbb-immobilien.ch\\\/fr\\\/#organization\",\"name\":\"SBB Immobilien\",\"url\":\"https:\\\/\\\/sbb-immobilien.ch\\\/fr\\\/\",\"logo\":{\"@type\":\"ImageObject\",\"inLanguage\":\"fr-FR\",\"@id\":\"https:\\\/\\\/sbb-immobilien.ch\\\/fr\\\/#\\\/schema\\\/logo\\\/image\\\/\",\"url\":\"https:\\/\\/cdn.sbb-immobilien.ch\\/w:1617\\/h:1080\\/q:mauto\\/f:best\\/https:\\/\\/sbb-immobilien.ch\\/wp-content\\/uploads\\/2021\\/11\\/SBB_byte_200329_DSC_4292_2500px.jpg\",\"contentUrl\":\"https:\\/\\/cdn.sbb-immobilien.ch\\/w:1617\\/h:1080\\/q:mauto\\/f:best\\/https:\\/\\/sbb-immobilien.ch\\/wp-content\\/uploads\\/2021\\/11\\/SBB_byte_200329_DSC_4292_2500px.jpg\",\"width\":2500,\"height\":1669,\"caption\":\"SBB Immobilien\"},\"image\":{\"@id\":\"https:\\\/\\\/sbb-immobilien.ch\\\/fr\\\/#\\\/schema\\\/logo\\\/image\\\/\"},\"sameAs\":[\"https:\\\/\\\/ch.linkedin.com\\\/showcase\\\/immobilienberufe?trk=affiliated-pages\",\"https:\\\/\\\/de.wikipedia.org\\\/wiki\\\/Schweizerische_Bundesbahnen\"]}]}<\/script>\n<!-- \/ Yoast SEO Premium plugin. -->","yoast_head_json":{"title":"Objet \u00e0 louer \u00e0 Z\u00fcrich | CFF Immobilier","robots":{"index":"index","follow":"follow","max-snippet":"max-snippet:-1","max-image-preview":"max-image-preview:large","max-video-preview":"max-video-preview:-1"},"canonical":"https:\/\/sbb-immobilien.ch\/fr\/immobilier\/1741327fr-objet-a-louer-a-zuerich\/","og_locale":"fr_FR","og_type":"article","og_title":"Objet \u00e0 louer \u00e0 Z\u00fcrich","og_description":"An stark frequentierter und hervorragend sichtbarer Lage an der Hohlstrasse 480 in Z\u00fcrich vermieten wir Ihnen diese vielseitig nutzbare Gewerbefl\u00e4che im Erdgeschoss \/ 1. Obergeschoss. Die zweist\u00f6ckige Einheit eignet sich ideal f\u00fcr B\u00fcro- oder Dienstleistungsnutzungen und \u00fcberzeugt durch ihre flexible Raumgestaltung. Die Gesamtfl\u00e4che von 230.2 m\u00b2 (inkl. Lager\/Korridor\/WC) ist vollst\u00e4ndig ausgebaut und bietet eine offene [&hellip;]","og_url":"https:\/\/sbb-immobilien.ch\/fr\/immobilier\/1741327fr-objet-a-louer-a-zuerich\/","og_site_name":"CFF Immobilier","article_modified_time":"2026-05-01T08:24:56+00:00","twitter_card":"summary_large_image","twitter_misc":{"Dur\u00e9e de lecture estim\u00e9e":"1 minute"},"schema":{"@context":"https:\/\/schema.org","@graph":[{"@type":["WebPage","RealEstateListing"],"@id":"https:\/\/sbb-immobilien.ch\/fr\/immobilier\/1741327fr-objet-a-louer-a-zuerich\/","url":"https:\/\/sbb-immobilien.ch\/fr\/immobilier\/1741327fr-objet-a-louer-a-zuerich\/","name":"Objet \u00e0 louer \u00e0 Z\u00fcrich | CFF Immobilier","isPartOf":{"@id":"https:\/\/sbb-immobilien.ch\/fr\/#website"},"primaryImageOfPage":{"@id":"https:\/\/sbb-immobilien.ch\/fr\/immobilier\/1741327fr-objet-a-louer-a-zuerich\/#primaryimage"},"image":{"@id":"https:\/\/sbb-immobilien.ch\/fr\/immobilier\/1741327fr-objet-a-louer-a-zuerich\/#primaryimage"},"thumbnailUrl":"https:\/\/cdn.casasoft.com\/media\/provider-13858\/property-1741327\/advertisement-language-712c88b1-cc43-f111-bec6-70a8a508967a-A_B%C3%BCro_Nr.16b_Aussenansicht.jpg?p=xl","datePublished":"2026-04-30T12:27:32+00:00","dateModified":"2026-05-01T08:24:56+00:00","breadcrumb":{"@id":"https:\/\/sbb-immobilien.ch\/fr\/immobilier\/1741327fr-objet-a-louer-a-zuerich\/#breadcrumb"},"inLanguage":"fr-FR","potentialAction":[{"@type":"ReadAction","target":["https:\/\/sbb-immobilien.ch\/fr\/immobilier\/1741327fr-objet-a-louer-a-zuerich\/"]}]},{"@type":"ImageObject","inLanguage":"fr-FR","@id":"https:\/\/sbb-immobilien.ch\/fr\/immobilier\/1741327fr-objet-a-louer-a-zuerich\/#primaryimage","url":"https:\/\/cdn.casasoft.com\/media\/provider-13858\/property-1741327\/advertisement-language-712c88b1-cc43-f111-bec6-70a8a508967a-A_B%C3%BCro_Nr.16b_Aussenansicht.jpg?p=xl","contentUrl":"https:\/\/cdn.casasoft.com\/media\/provider-13858\/property-1741327\/advertisement-language-712c88b1-cc43-f111-bec6-70a8a508967a-A_B%C3%BCro_Nr.16b_Aussenansicht.jpg?p=xl"},{"@type":"BreadcrumbList","@id":"https:\/\/sbb-immobilien.ch\/fr\/immobilier\/1741327fr-objet-a-louer-a-zuerich\/#breadcrumb","itemListElement":[{"@type":"ListItem","position":1,"name":"Home","item":"https:\/\/sbb-immobilien.ch\/fr\/"},{"@type":"ListItem","position":2,"name":"Propri\u00e9t\u00e9s","item":"https:\/\/sbb-immobilien.ch\/fr\/immobilier\/"},{"@type":"ListItem","position":3,"name":"Objet \u00e0 louer \u00e0 Z\u00fcrich"}]},{"@type":"WebSite","@id":"https:\/\/sbb-immobilien.ch\/fr\/#website","url":"https:\/\/sbb-immobilien.ch\/fr\/","name":"CFF Immobilier","description":"Des immeubles id\u00e9alement situ\u00e9s.","publisher":{"@id":"https:\/\/sbb-immobilien.ch\/fr\/#organization"},"potentialAction":[{"@type":"SearchAction","target":{"@type":"EntryPoint","urlTemplate":"https:\/\/sbb-immobilien.ch\/fr\/?s={search_term_string}"},"query-input":{"@type":"PropertyValueSpecification","valueRequired":true,"valueName":"search_term_string"}}],"inLanguage":"fr-FR"},{"@type":"Organization","@id":"https:\/\/sbb-immobilien.ch\/fr\/#organization","name":"SBB Immobilien","url":"https:\/\/sbb-immobilien.ch\/fr\/","logo":{"@type":"ImageObject","inLanguage":"fr-FR","@id":"https:\/\/sbb-immobilien.ch\/fr\/#\/schema\/logo\/image\/","url":"https:\/\/cdn.sbb-immobilien.ch\/w:1617\/h:1080\/q:mauto\/f:best\/https:\/\/sbb-immobilien.ch\/wp-content\/uploads\/2021\/11\/SBB_byte_200329_DSC_4292_2500px.jpg","contentUrl":"https:\/\/cdn.sbb-immobilien.ch\/w:1617\/h:1080\/q:mauto\/f:best\/https:\/\/sbb-immobilien.ch\/wp-content\/uploads\/2021\/11\/SBB_byte_200329_DSC_4292_2500px.jpg","width":2500,"height":1669,"caption":"SBB Immobilien"},"image":{"@id":"https:\/\/sbb-immobilien.ch\/fr\/#\/schema\/logo\/image\/"},"sameAs":["https:\/\/ch.linkedin.com\/showcase\/immobilienberufe?trk=affiliated-pages","https:\/\/de.wikipedia.org\/wiki\/Schweizerische_Bundesbahnen"]}]}},"_links":{"self":[{"href":"https:\/\/sbb-immobilien.ch\/fr\/wp-json\/wp\/v2\/casawp_property\/812619","targetHints":{"allow":["GET"]}}],"collection":[{"href":"https:\/\/sbb-immobilien.ch\/fr\/wp-json\/wp\/v2\/casawp_property"}],"about":[{"href":"https:\/\/sbb-immobilien.ch\/fr\/wp-json\/wp\/v2\/types\/casawp_property"}],"replies":[{"embeddable":true,"href":"https:\/\/sbb-immobilien.ch\/fr\/wp-json\/wp\/v2\/comments?post=812619"}],"version-history":[{"count":0,"href":"https:\/\/sbb-immobilien.ch\/fr\/wp-json\/wp\/v2\/casawp_property\/812619\/revisions"}],"wp:featuredmedia":[{"embeddable":true,"href":"https:\/\/sbb-immobilien.ch\/fr\/wp-json\/wp\/v2\/media\/812620"}],"wp:attachment":[{"href":"https:\/\/sbb-immobilien.ch\/fr\/wp-json\/wp\/v2\/media?parent=812619"}],"wp:term":[{"taxonomy":"casawp_category","embeddable":true,"href":"https:\/\/sbb-immobilien.ch\/fr\/wp-json\/wp\/v2\/casawp_category?post=812619"},{"taxonomy":"casawp_feature","embeddable":true,"href":"https:\/\/sbb-immobilien.ch\/fr\/wp-json\/wp\/v2\/casawp_feature?post=812619"},{"taxonomy":"casawp_utility","embeddable":true,"href":"https:\/\/sbb-immobilien.ch\/fr\/wp-json\/wp\/v2\/casawp_utility?post=812619"},{"taxonomy":"casawp_location","embeddable":true,"href":"https:\/\/sbb-immobilien.ch\/fr\/wp-json\/wp\/v2\/casawp_location?post=812619"},{"taxonomy":"casawp_salestype","embeddable":true,"href":"https:\/\/sbb-immobilien.ch\/fr\/wp-json\/wp\/v2\/casawp_salestype?post=812619"},{"taxonomy":"casawp_availability","embeddable":true,"href":"https:\/\/sbb-immobilien.ch\/fr\/wp-json\/wp\/v2\/casawp_availability?post=812619"},{"taxonomy":"casawp_region","embeddable":true,"href":"https:\/\/sbb-immobilien.ch\/fr\/wp-json\/wp\/v2\/casawp_region?post=812619"}],"curies":[{"name":"wp","href":"https:\/\/api.w.org\/{rel}","templated":true}]}}