{"id":820161,"date":"2026-08-28T11:40:45","date_gmt":"2026-08-28T09:40:45","guid":{"rendered":"https:\/\/sbb-immobilien.ch\/immobilien\/1791363fr-objet-a-louer-a-basel\/"},"modified":"2026-09-01T15:36:41","modified_gmt":"2026-09-01T13:36:41","slug":"1791363fr-objet-a-louer-a-basel","status":"publish","type":"casawp_property","link":"https:\/\/sbb-immobilien.ch\/fr\/immobilier\/1791363fr-objet-a-louer-a-basel\/","title":{"rendered":"Objet \u00e0 louer \u00e0 Basel"},"content":{"rendered":"<p>Das Meret Oppenheim Hochhaus befindet sich an zentraler Lage direkt am Bahnhof SBB und verf\u00fcgt in den oberen 19 Stockwerken \u00fcber moderne Mietwohnungen. Dabei k\u00f6nnten Sie schon bald im 6. Stockwerk wohnen und die Aussicht geniessen. In der Nachbarschaft finden Sie viele Restaurants und Einkaufsm\u00f6glichkeiten.<\/p>\n<p>Die Wohnung ist mit einem Riemen-Eichen-Parkett ausgestattet. Die in Beton belassene Decke bildet dazu einen sch\u00f6nen Kontrast.\u00a0<\/p>\n<p>Das grossz\u00fcgige Hauptschlafzimmer verf\u00fcgt \u00fcber einen direkten Zugang zum separaten Badezimmer mit Badewanne. Im Reduit befindet sich der eigene Waschturm, der Ihnen zus\u00e4tzlich wertvollen Stauraum bietet.<\/p>\n<p>Fahrradfahrer werden sich \u00fcber den \u00e4usserst grossz\u00fcgigen und gut ausgestatteten Fahrradkeller im Untergeschoss erfreuen.<\/p>\n<p>Hinweis: Die Bilder stammen von einer \u00e4hnlichen Wohnung und k\u00f6nnen vom tats\u00e4chlichen Mietobjekt abweichen.<\/p>\n<p>Information Besichtigung: Wir freuen uns auf Ihre Kontaktaufnahme!<\/p>\n","protected":false},"excerpt":{"rendered":"<p>Das Meret Oppenheim Hochhaus befindet sich an zentraler Lage direkt am Bahnhof SBB und verf\u00fcgt in den oberen 19 Stockwerken \u00fcber moderne Mietwohnungen. Dabei k\u00f6nnten Sie schon bald im 6. Stockwerk wohnen und die Aussicht geniessen. In der Nachbarschaft finden Sie viele Restaurants und Einkaufsm\u00f6glichkeiten. Die Wohnung ist mit einem Riemen-Eichen-Parkett ausgestattet. Die in Beton [&hellip;]<\/p>\n","protected":false},"author":0,"featured_media":820164,"parent":0,"menu_order":15,"comment_status":"closed","ping_status":"closed","template":"","meta":{"_acf_changed":false,"inline_featured_image":false,"footnotes":""},"casawp_category":[15296],"casawp_feature":[15298,15299,15300,15342,15302,15303,15311,15333],"casawp_utility":[15305],"casawp_location":[15384,15383,15308],"casawp_salestype":[15306],"casawp_availability":[15307],"casawp_region":[],"class_list":["post-820161","casawp_property","type-casawp_property","status-publish","has-post-thumbnail","hentry","casawp_category-apartment","casawp_feature-has-cellar","casawp_feature-has-dishwasher","casawp_feature-has-elevator","casawp_feature-has-store-room","casawp_feature-has-tumbler","casawp_feature-has-washing-machine","casawp_feature-is-animal-friendly","casawp_feature-is-wheelchair-accessible","casawp_utility-residential","casawp_location-locality_basel","casawp_location-region_bs","casawp_location-country_ch","casawp_salestype-rent","casawp_availability-active"],"acf":[],"yoast_head":"<!-- This site is optimized with the Yoast SEO Premium plugin v28.2 (Yoast SEO v28.2) - https:\/\/yoast.com\/product\/yoast-seo-premium-wordpress\/ -->\n<title>Objet \u00e0 louer \u00e0 Basel | CFF Immobilier<\/title>\n<meta name=\"robots\" content=\"index, follow, max-snippet:-1, max-image-preview:large, max-video-preview:-1\" \/>\n<link rel=\"canonical\" href=\"https:\/\/sbb-immobilien.ch\/fr\/immobilier\/1791363fr-objet-a-louer-a-basel\/\" \/>\n<meta property=\"og:locale\" content=\"fr_FR\" \/>\n<meta property=\"og:type\" content=\"article\" \/>\n<meta property=\"og:title\" content=\"Objet \u00e0 louer \u00e0 Basel\" \/>\n<meta property=\"og:description\" content=\"Das Meret Oppenheim Hochhaus befindet sich an zentraler Lage direkt am Bahnhof SBB und verf\u00fcgt in den oberen 19 Stockwerken \u00fcber moderne Mietwohnungen. Dabei k\u00f6nnten Sie schon bald im 6. Stockwerk wohnen und die Aussicht geniessen. In der Nachbarschaft finden Sie viele Restaurants und Einkaufsm\u00f6glichkeiten. Die Wohnung ist mit einem Riemen-Eichen-Parkett ausgestattet. Die in Beton [&hellip;]\" \/>\n<meta property=\"og:url\" content=\"https:\/\/sbb-immobilien.ch\/fr\/immobilier\/1791363fr-objet-a-louer-a-basel\/\" \/>\n<meta property=\"og:site_name\" content=\"CFF Immobilier\" \/>\n<meta property=\"article:modified_time\" content=\"2026-09-01T13:36:41+00:00\" \/>\n<meta name=\"twitter:card\" content=\"summary_large_image\" \/>\n<meta name=\"twitter:label1\" content=\"Dur\u00e9e de lecture estim\u00e9e\" \/>\n\t<meta name=\"twitter:data1\" content=\"1 minute\" \/>\n<script type=\"application\/ld+json\" class=\"yoast-schema-graph\">{\"@context\":\"https:\\\/\\\/schema.org\",\"@graph\":[{\"@type\":[\"WebPage\",\"RealEstateListing\"],\"@id\":\"https:\\\/\\\/sbb-immobilien.ch\\\/fr\\\/immobilier\\\/1791363fr-objet-a-louer-a-basel\\\/\",\"url\":\"https:\\\/\\\/sbb-immobilien.ch\\\/fr\\\/immobilier\\\/1791363fr-objet-a-louer-a-basel\\\/\",\"name\":\"Objet \u00e0 louer \u00e0 Basel | CFF Immobilier\",\"isPartOf\":{\"@id\":\"https:\\\/\\\/sbb-immobilien.ch\\\/fr\\\/#website\"},\"primaryImageOfPage\":{\"@id\":\"https:\\\/\\\/sbb-immobilien.ch\\\/fr\\\/immobilier\\\/1791363fr-objet-a-louer-a-basel\\\/#primaryimage\"},\"image\":{\"@id\":\"https:\\\/\\\/sbb-immobilien.ch\\\/fr\\\/immobilier\\\/1791363fr-objet-a-louer-a-basel\\\/#primaryimage\"},\"thumbnailUrl\":\"https:\\/\\/cdn.casasoft.com\\/media\\/provider-13858\\/property-1791363\\/advertisement-language-e4b1b27b-c4a2-f111-b8dd-70a8a505d0b6-1_Aussenansicht.jpg?p=xl\",\"datePublished\":\"2026-08-28T09:40:45+00:00\",\"dateModified\":\"2026-09-01T13:36:41+00:00\",\"breadcrumb\":{\"@id\":\"https:\\\/\\\/sbb-immobilien.ch\\\/fr\\\/immobilier\\\/1791363fr-objet-a-louer-a-basel\\\/#breadcrumb\"},\"inLanguage\":\"fr-FR\",\"potentialAction\":[{\"@type\":\"ReadAction\",\"target\":[\"https:\\\/\\\/sbb-immobilien.ch\\\/fr\\\/immobilier\\\/1791363fr-objet-a-louer-a-basel\\\/\"]}]},{\"@type\":\"ImageObject\",\"inLanguage\":\"fr-FR\",\"@id\":\"https:\\\/\\\/sbb-immobilien.ch\\\/fr\\\/immobilier\\\/1791363fr-objet-a-louer-a-basel\\\/#primaryimage\",\"url\":\"https:\\/\\/cdn.casasoft.com\\/media\\/provider-13858\\/property-1791363\\/advertisement-language-e4b1b27b-c4a2-f111-b8dd-70a8a505d0b6-1_Aussenansicht.jpg?p=xl\",\"contentUrl\":\"https:\\/\\/cdn.casasoft.com\\/media\\/provider-13858\\/property-1791363\\/advertisement-language-e4b1b27b-c4a2-f111-b8dd-70a8a505d0b6-1_Aussenansicht.jpg?p=xl\"},{\"@type\":\"BreadcrumbList\",\"@id\":\"https:\\\/\\\/sbb-immobilien.ch\\\/fr\\\/immobilier\\\/1791363fr-objet-a-louer-a-basel\\\/#breadcrumb\",\"itemListElement\":[{\"@type\":\"ListItem\",\"position\":1,\"name\":\"Home\",\"item\":\"https:\\\/\\\/sbb-immobilien.ch\\\/fr\\\/\"},{\"@type\":\"ListItem\",\"position\":2,\"name\":\"Propri\u00e9t\u00e9s\",\"item\":\"https:\\\/\\\/sbb-immobilien.ch\\\/fr\\\/immobilier\\\/\"},{\"@type\":\"ListItem\",\"position\":3,\"name\":\"Objet \u00e0 louer \u00e0 Basel\"}]},{\"@type\":\"WebSite\",\"@id\":\"https:\\\/\\\/sbb-immobilien.ch\\\/fr\\\/#website\",\"url\":\"https:\\\/\\\/sbb-immobilien.ch\\\/fr\\\/\",\"name\":\"CFF Immobilier\",\"description\":\"Des immeubles id\u00e9alement situ\u00e9s.\",\"publisher\":{\"@id\":\"https:\\\/\\\/sbb-immobilien.ch\\\/fr\\\/#organization\"},\"potentialAction\":[{\"@type\":\"SearchAction\",\"target\":{\"@type\":\"EntryPoint\",\"urlTemplate\":\"https:\\\/\\\/sbb-immobilien.ch\\\/fr\\\/?s={search_term_string}\"},\"query-input\":{\"@type\":\"PropertyValueSpecification\",\"valueRequired\":true,\"valueName\":\"search_term_string\"}}],\"inLanguage\":\"fr-FR\"},{\"@type\":\"Organization\",\"@id\":\"https:\\\/\\\/sbb-immobilien.ch\\\/fr\\\/#organization\",\"name\":\"SBB Immobilien\",\"url\":\"https:\\\/\\\/sbb-immobilien.ch\\\/fr\\\/\",\"logo\":{\"@type\":\"ImageObject\",\"inLanguage\":\"fr-FR\",\"@id\":\"https:\\\/\\\/sbb-immobilien.ch\\\/fr\\\/#\\\/schema\\\/logo\\\/image\\\/\",\"url\":\"https:\\/\\/cdn.sbb-immobilien.ch\\/w:1617\\/h:1080\\/q:mauto\\/f:best\\/https:\\/\\/sbb-immobilien.ch\\/wp-content\\/uploads\\/2021\\/11\\/SBB_byte_200329_DSC_4292_2500px.jpg\",\"contentUrl\":\"https:\\/\\/cdn.sbb-immobilien.ch\\/w:1617\\/h:1080\\/q:mauto\\/f:best\\/https:\\/\\/sbb-immobilien.ch\\/wp-content\\/uploads\\/2021\\/11\\/SBB_byte_200329_DSC_4292_2500px.jpg\",\"width\":2500,\"height\":1669,\"caption\":\"SBB Immobilien\"},\"image\":{\"@id\":\"https:\\\/\\\/sbb-immobilien.ch\\\/fr\\\/#\\\/schema\\\/logo\\\/image\\\/\"},\"sameAs\":[\"https:\\\/\\\/ch.linkedin.com\\\/showcase\\\/immobilienberufe?trk=affiliated-pages\",\"https:\\\/\\\/de.wikipedia.org\\\/wiki\\\/Schweizerische_Bundesbahnen\"]}]}<\/script>\n<!-- \/ Yoast SEO Premium plugin. -->","yoast_head_json":{"title":"Objet \u00e0 louer \u00e0 Basel | CFF Immobilier","robots":{"index":"index","follow":"follow","max-snippet":"max-snippet:-1","max-image-preview":"max-image-preview:large","max-video-preview":"max-video-preview:-1"},"canonical":"https:\/\/sbb-immobilien.ch\/fr\/immobilier\/1791363fr-objet-a-louer-a-basel\/","og_locale":"fr_FR","og_type":"article","og_title":"Objet \u00e0 louer \u00e0 Basel","og_description":"Das Meret Oppenheim Hochhaus befindet sich an zentraler Lage direkt am Bahnhof SBB und verf\u00fcgt in den oberen 19 Stockwerken \u00fcber moderne Mietwohnungen. Dabei k\u00f6nnten Sie schon bald im 6. Stockwerk wohnen und die Aussicht geniessen. In der Nachbarschaft finden Sie viele Restaurants und Einkaufsm\u00f6glichkeiten. Die Wohnung ist mit einem Riemen-Eichen-Parkett ausgestattet. Die in Beton [&hellip;]","og_url":"https:\/\/sbb-immobilien.ch\/fr\/immobilier\/1791363fr-objet-a-louer-a-basel\/","og_site_name":"CFF Immobilier","article_modified_time":"2026-09-01T13:36:41+00:00","twitter_card":"summary_large_image","twitter_misc":{"Dur\u00e9e de lecture estim\u00e9e":"1 minute"},"schema":{"@context":"https:\/\/schema.org","@graph":[{"@type":["WebPage","RealEstateListing"],"@id":"https:\/\/sbb-immobilien.ch\/fr\/immobilier\/1791363fr-objet-a-louer-a-basel\/","url":"https:\/\/sbb-immobilien.ch\/fr\/immobilier\/1791363fr-objet-a-louer-a-basel\/","name":"Objet \u00e0 louer \u00e0 Basel | CFF Immobilier","isPartOf":{"@id":"https:\/\/sbb-immobilien.ch\/fr\/#website"},"primaryImageOfPage":{"@id":"https:\/\/sbb-immobilien.ch\/fr\/immobilier\/1791363fr-objet-a-louer-a-basel\/#primaryimage"},"image":{"@id":"https:\/\/sbb-immobilien.ch\/fr\/immobilier\/1791363fr-objet-a-louer-a-basel\/#primaryimage"},"thumbnailUrl":"https:\/\/cdn.casasoft.com\/media\/provider-13858\/property-1791363\/advertisement-language-e4b1b27b-c4a2-f111-b8dd-70a8a505d0b6-1_Aussenansicht.jpg?p=xl","datePublished":"2026-08-28T09:40:45+00:00","dateModified":"2026-09-01T13:36:41+00:00","breadcrumb":{"@id":"https:\/\/sbb-immobilien.ch\/fr\/immobilier\/1791363fr-objet-a-louer-a-basel\/#breadcrumb"},"inLanguage":"fr-FR","potentialAction":[{"@type":"ReadAction","target":["https:\/\/sbb-immobilien.ch\/fr\/immobilier\/1791363fr-objet-a-louer-a-basel\/"]}]},{"@type":"ImageObject","inLanguage":"fr-FR","@id":"https:\/\/sbb-immobilien.ch\/fr\/immobilier\/1791363fr-objet-a-louer-a-basel\/#primaryimage","url":"https:\/\/cdn.casasoft.com\/media\/provider-13858\/property-1791363\/advertisement-language-e4b1b27b-c4a2-f111-b8dd-70a8a505d0b6-1_Aussenansicht.jpg?p=xl","contentUrl":"https:\/\/cdn.casasoft.com\/media\/provider-13858\/property-1791363\/advertisement-language-e4b1b27b-c4a2-f111-b8dd-70a8a505d0b6-1_Aussenansicht.jpg?p=xl"},{"@type":"BreadcrumbList","@id":"https:\/\/sbb-immobilien.ch\/fr\/immobilier\/1791363fr-objet-a-louer-a-basel\/#breadcrumb","itemListElement":[{"@type":"ListItem","position":1,"name":"Home","item":"https:\/\/sbb-immobilien.ch\/fr\/"},{"@type":"ListItem","position":2,"name":"Propri\u00e9t\u00e9s","item":"https:\/\/sbb-immobilien.ch\/fr\/immobilier\/"},{"@type":"ListItem","position":3,"name":"Objet \u00e0 louer \u00e0 Basel"}]},{"@type":"WebSite","@id":"https:\/\/sbb-immobilien.ch\/fr\/#website","url":"https:\/\/sbb-immobilien.ch\/fr\/","name":"CFF Immobilier","description":"Des immeubles id\u00e9alement situ\u00e9s.","publisher":{"@id":"https:\/\/sbb-immobilien.ch\/fr\/#organization"},"potentialAction":[{"@type":"SearchAction","target":{"@type":"EntryPoint","urlTemplate":"https:\/\/sbb-immobilien.ch\/fr\/?s={search_term_string}"},"query-input":{"@type":"PropertyValueSpecification","valueRequired":true,"valueName":"search_term_string"}}],"inLanguage":"fr-FR"},{"@type":"Organization","@id":"https:\/\/sbb-immobilien.ch\/fr\/#organization","name":"SBB Immobilien","url":"https:\/\/sbb-immobilien.ch\/fr\/","logo":{"@type":"ImageObject","inLanguage":"fr-FR","@id":"https:\/\/sbb-immobilien.ch\/fr\/#\/schema\/logo\/image\/","url":"https:\/\/cdn.sbb-immobilien.ch\/w:1617\/h:1080\/q:mauto\/f:best\/https:\/\/sbb-immobilien.ch\/wp-content\/uploads\/2021\/11\/SBB_byte_200329_DSC_4292_2500px.jpg","contentUrl":"https:\/\/cdn.sbb-immobilien.ch\/w:1617\/h:1080\/q:mauto\/f:best\/https:\/\/sbb-immobilien.ch\/wp-content\/uploads\/2021\/11\/SBB_byte_200329_DSC_4292_2500px.jpg","width":2500,"height":1669,"caption":"SBB Immobilien"},"image":{"@id":"https:\/\/sbb-immobilien.ch\/fr\/#\/schema\/logo\/image\/"},"sameAs":["https:\/\/ch.linkedin.com\/showcase\/immobilienberufe?trk=affiliated-pages","https:\/\/de.wikipedia.org\/wiki\/Schweizerische_Bundesbahnen"]}]}},"_links":{"self":[{"href":"https:\/\/sbb-immobilien.ch\/fr\/wp-json\/wp\/v2\/casawp_property\/820161","targetHints":{"allow":["GET"]}}],"collection":[{"href":"https:\/\/sbb-immobilien.ch\/fr\/wp-json\/wp\/v2\/casawp_property"}],"about":[{"href":"https:\/\/sbb-immobilien.ch\/fr\/wp-json\/wp\/v2\/types\/casawp_property"}],"replies":[{"embeddable":true,"href":"https:\/\/sbb-immobilien.ch\/fr\/wp-json\/wp\/v2\/comments?post=820161"}],"version-history":[{"count":2,"href":"https:\/\/sbb-immobilien.ch\/fr\/wp-json\/wp\/v2\/casawp_property\/820161\/revisions"}],"predecessor-version":[{"id":820163,"href":"https:\/\/sbb-immobilien.ch\/fr\/wp-json\/wp\/v2\/casawp_property\/820161\/revisions\/820163"}],"wp:featuredmedia":[{"embeddable":true,"href":"https:\/\/sbb-immobilien.ch\/fr\/wp-json\/wp\/v2\/media\/820164"}],"wp:attachment":[{"href":"https:\/\/sbb-immobilien.ch\/fr\/wp-json\/wp\/v2\/media?parent=820161"}],"wp:term":[{"taxonomy":"casawp_category","embeddable":true,"href":"https:\/\/sbb-immobilien.ch\/fr\/wp-json\/wp\/v2\/casawp_category?post=820161"},{"taxonomy":"casawp_feature","embeddable":true,"href":"https:\/\/sbb-immobilien.ch\/fr\/wp-json\/wp\/v2\/casawp_feature?post=820161"},{"taxonomy":"casawp_utility","embeddable":true,"href":"https:\/\/sbb-immobilien.ch\/fr\/wp-json\/wp\/v2\/casawp_utility?post=820161"},{"taxonomy":"casawp_location","embeddable":true,"href":"https:\/\/sbb-immobilien.ch\/fr\/wp-json\/wp\/v2\/casawp_location?post=820161"},{"taxonomy":"casawp_salestype","embeddable":true,"href":"https:\/\/sbb-immobilien.ch\/fr\/wp-json\/wp\/v2\/casawp_salestype?post=820161"},{"taxonomy":"casawp_availability","embeddable":true,"href":"https:\/\/sbb-immobilien.ch\/fr\/wp-json\/wp\/v2\/casawp_availability?post=820161"},{"taxonomy":"casawp_region","embeddable":true,"href":"https:\/\/sbb-immobilien.ch\/fr\/wp-json\/wp\/v2\/casawp_region?post=820161"}],"curies":[{"name":"wp","href":"https:\/\/api.w.org\/{rel}","templated":true}]}}