{"id":806448,"date":"2026-03-13T10:52:04","date_gmt":"2026-03-13T09:52:04","guid":{"rendered":"https:\/\/sbb-immobilien.ch\/immobilien\/1721464it-oggetto-in-affitto-a-renens-vd\/"},"modified":"2026-04-27T09:40:46","modified_gmt":"2026-04-27T07:40:46","slug":"1721464it-oggetto-in-affitto-a-renens-vd","status":"publish","type":"casawp_property","link":"https:\/\/sbb-immobilien.ch\/it\/immobili\/1721464it-oggetto-in-affitto-a-renens-vd\/","title":{"rendered":"Oggetto in affitto a Renens VD"},"content":{"rendered":"<p>Id\u00e9alement situ\u00e9 \u00e0 proximit\u00e9 imm\u00e9diate de la gare de Renens, des \u00e9coles et des commerces, ce spacieux appartement de 4.5 pi\u00e8ces au 1er \u00e9tage offre un cadre de vie pratique et agr\u00e9able.<\/p>\n<p>L\u2019appartement se compose de trois chambres lumineuses, d\u2019une cuisine am\u00e9nag\u00e9e ouverte sur un s\u00e9jour convivial avec acc\u00e8s \u00e0 une loggia, id\u00e9ale pour profiter d\u2019un espace ext\u00e9rieur. <\/p>\n<p>Vous y trouverez \u00e9galement une salle de douche ainsi qu\u2019une salle de bain \u00e9quip\u00e9e d\u2019une colonne de lavage et de s\u00e9chage.<\/p>\n<p>Le couloir dispose d\u2019une armoire murale offrant un espace de rangement suppl\u00e9mentaire. <\/p>\n<p>Une cave compl\u00e8te ce bien.<\/p>\n<p>Une place de parc dans le parking souterrain peut \u00eatre lou\u00e9e en suppl\u00e9ment pour CHF 185.\u2013 \/ mois.<\/p>\n<p>Merci de nous contacter pour fixer une visite.<br \/>Adresse : Rue des Entrep\u00f4ts 3 \u00e0 Renens<br \/>Interphone : Roitel &#8211; Pouliquen<\/p>\n<p>Merci de vous inscrire via ce formulaire, une fois la visite effectu\u00e9e : https:\/\/sbb-immobilien.ch\/fr\/candidature-au-logement\/?id=e585f428-c01e-f111-88b4-7ced8d42beca<\/p>\n<p>Information Visite: Merci de nous contacter pour fixer une visite.<br \/>Adresse : Rue des Entrep\u00f4ts 3 \u00e0 Renens<br \/>Interphone : Roitel &#8211; Pouliquen<\/p>\n","protected":false},"excerpt":{"rendered":"<p>Id\u00e9alement situ\u00e9 \u00e0 proximit\u00e9 imm\u00e9diate de la gare de Renens, des \u00e9coles et des commerces, ce spacieux appartement de 4.5 pi\u00e8ces au 1er \u00e9tage offre un cadre de vie pratique et agr\u00e9able. L\u2019appartement se compose de trois chambres lumineuses, d\u2019une cuisine am\u00e9nag\u00e9e ouverte sur un s\u00e9jour convivial avec acc\u00e8s \u00e0 une loggia, id\u00e9ale pour profiter [&hellip;]<\/p>\n","protected":false},"author":0,"featured_media":806449,"parent":0,"menu_order":11,"comment_status":"closed","ping_status":"closed","template":"","meta":{"_acf_changed":false,"inline_featured_image":false,"footnotes":""},"casawp_category":[15296],"casawp_feature":[15298,15299,15300,15302,15303,15311],"casawp_utility":[15305],"casawp_location":[15308,15335,15320],"casawp_salestype":[15306],"casawp_availability":[15307],"casawp_region":[],"class_list":["post-806448","casawp_property","type-casawp_property","status-publish","has-post-thumbnail","hentry","casawp_category-apartment","casawp_feature-has-cellar","casawp_feature-has-dishwasher","casawp_feature-has-elevator","casawp_feature-has-tumbler","casawp_feature-has-washing-machine","casawp_feature-is-animal-friendly","casawp_utility-residential","casawp_location-country_ch","casawp_location-locality_renens-vd","casawp_location-region_vd","casawp_salestype-rent","casawp_availability-active"],"acf":[],"yoast_head":"<!-- This site is optimized with the Yoast SEO Premium plugin v27.4 (Yoast SEO v27.4) - https:\/\/yoast.com\/product\/yoast-seo-premium-wordpress\/ -->\n<title>Oggetto in affitto a Renens VD | FFS Immobili<\/title>\n<meta name=\"robots\" content=\"index, follow, max-snippet:-1, max-image-preview:large, max-video-preview:-1\" \/>\n<link rel=\"canonical\" href=\"https:\/\/sbb-immobilien.ch\/it\/immobili\/1721464it-oggetto-in-affitto-a-renens-vd\/\" \/>\n<meta property=\"og:locale\" content=\"it_IT\" \/>\n<meta property=\"og:type\" content=\"article\" \/>\n<meta property=\"og:title\" content=\"Oggetto in affitto a Renens VD\" \/>\n<meta property=\"og:description\" content=\"Id\u00e9alement situ\u00e9 \u00e0 proximit\u00e9 imm\u00e9diate de la gare de Renens, des \u00e9coles et des commerces, ce spacieux appartement de 4.5 pi\u00e8ces au 1er \u00e9tage offre un cadre de vie pratique et agr\u00e9able. L\u2019appartement se compose de trois chambres lumineuses, d\u2019une cuisine am\u00e9nag\u00e9e ouverte sur un s\u00e9jour convivial avec acc\u00e8s \u00e0 une loggia, id\u00e9ale pour profiter [&hellip;]\" \/>\n<meta property=\"og:url\" content=\"https:\/\/sbb-immobilien.ch\/it\/immobili\/1721464it-oggetto-in-affitto-a-renens-vd\/\" \/>\n<meta property=\"og:site_name\" content=\"FFS Immobili\" \/>\n<meta property=\"article:modified_time\" content=\"2026-04-27T07:40:46+00:00\" \/>\n<meta name=\"twitter:card\" content=\"summary_large_image\" \/>\n<meta name=\"twitter:label1\" content=\"Tempo di lettura stimato\" \/>\n\t<meta name=\"twitter:data1\" content=\"1 minuto\" \/>\n<script type=\"application\/ld+json\" class=\"yoast-schema-graph\">{\"@context\":\"https:\\\/\\\/schema.org\",\"@graph\":[{\"@type\":[\"WebPage\",\"RealEstateListing\"],\"@id\":\"https:\\\/\\\/sbb-immobilien.ch\\\/it\\\/immobili\\\/1721464it-oggetto-in-affitto-a-renens-vd\\\/\",\"url\":\"https:\\\/\\\/sbb-immobilien.ch\\\/it\\\/immobili\\\/1721464it-oggetto-in-affitto-a-renens-vd\\\/\",\"name\":\"Oggetto in affitto a Renens VD | FFS Immobili\",\"isPartOf\":{\"@id\":\"https:\\\/\\\/sbb-immobilien.ch\\\/it\\\/#website\"},\"primaryImageOfPage\":{\"@id\":\"https:\\\/\\\/sbb-immobilien.ch\\\/it\\\/immobili\\\/1721464it-oggetto-in-affitto-a-renens-vd\\\/#primaryimage\"},\"image\":{\"@id\":\"https:\\\/\\\/sbb-immobilien.ch\\\/it\\\/immobili\\\/1721464it-oggetto-in-affitto-a-renens-vd\\\/#primaryimage\"},\"thumbnailUrl\":\"https:\\/\\/cdn.casasoft.com\\/media\\/provider-13858\\/property-1721464\\/advertisement-language-6ab057b8-c11e-f111-88b4-7ced8d42beca-A_Hall%20d%27entr%C3%A9e.jpg?p=xl\",\"datePublished\":\"2026-03-13T09:52:04+00:00\",\"dateModified\":\"2026-04-27T07:40:46+00:00\",\"breadcrumb\":{\"@id\":\"https:\\\/\\\/sbb-immobilien.ch\\\/it\\\/immobili\\\/1721464it-oggetto-in-affitto-a-renens-vd\\\/#breadcrumb\"},\"inLanguage\":\"it-IT\",\"potentialAction\":[{\"@type\":\"ReadAction\",\"target\":[\"https:\\\/\\\/sbb-immobilien.ch\\\/it\\\/immobili\\\/1721464it-oggetto-in-affitto-a-renens-vd\\\/\"]}]},{\"@type\":\"ImageObject\",\"inLanguage\":\"it-IT\",\"@id\":\"https:\\\/\\\/sbb-immobilien.ch\\\/it\\\/immobili\\\/1721464it-oggetto-in-affitto-a-renens-vd\\\/#primaryimage\",\"url\":\"https:\\/\\/cdn.casasoft.com\\/media\\/provider-13858\\/property-1721464\\/advertisement-language-6ab057b8-c11e-f111-88b4-7ced8d42beca-A_Hall%20d%27entr%C3%A9e.jpg?p=xl\",\"contentUrl\":\"https:\\/\\/cdn.casasoft.com\\/media\\/provider-13858\\/property-1721464\\/advertisement-language-6ab057b8-c11e-f111-88b4-7ced8d42beca-A_Hall%20d%27entr%C3%A9e.jpg?p=xl\"},{\"@type\":\"BreadcrumbList\",\"@id\":\"https:\\\/\\\/sbb-immobilien.ch\\\/it\\\/immobili\\\/1721464it-oggetto-in-affitto-a-renens-vd\\\/#breadcrumb\",\"itemListElement\":[{\"@type\":\"ListItem\",\"position\":1,\"name\":\"Home\",\"item\":\"https:\\\/\\\/sbb-immobilien.ch\\\/it\\\/\"},{\"@type\":\"ListItem\",\"position\":2,\"name\":\"Propriet\u00e0\",\"item\":\"https:\\\/\\\/sbb-immobilien.ch\\\/it\\\/immobili\\\/\"},{\"@type\":\"ListItem\",\"position\":3,\"name\":\"Oggetto in affitto a Renens VD\"}]},{\"@type\":\"WebSite\",\"@id\":\"https:\\\/\\\/sbb-immobilien.ch\\\/it\\\/#website\",\"url\":\"https:\\\/\\\/sbb-immobilien.ch\\\/it\\\/\",\"name\":\"FFS Immobili\",\"description\":\"Immobili nella migliore posizione.\",\"publisher\":{\"@id\":\"https:\\\/\\\/sbb-immobilien.ch\\\/it\\\/#organization\"},\"potentialAction\":[{\"@type\":\"SearchAction\",\"target\":{\"@type\":\"EntryPoint\",\"urlTemplate\":\"https:\\\/\\\/sbb-immobilien.ch\\\/it\\\/?s={search_term_string}\"},\"query-input\":{\"@type\":\"PropertyValueSpecification\",\"valueRequired\":true,\"valueName\":\"search_term_string\"}}],\"inLanguage\":\"it-IT\"},{\"@type\":\"Organization\",\"@id\":\"https:\\\/\\\/sbb-immobilien.ch\\\/it\\\/#organization\",\"name\":\"SBB Immobilien\",\"url\":\"https:\\\/\\\/sbb-immobilien.ch\\\/it\\\/\",\"logo\":{\"@type\":\"ImageObject\",\"inLanguage\":\"it-IT\",\"@id\":\"https:\\\/\\\/sbb-immobilien.ch\\\/it\\\/#\\\/schema\\\/logo\\\/image\\\/\",\"url\":\"https:\\/\\/cdn.sbb-immobilien.ch\\/w:1617\\/h:1080\\/q:mauto\\/f:best\\/https:\\/\\/sbb-immobilien.ch\\/wp-content\\/uploads\\/2021\\/11\\/SBB_byte_200329_DSC_4292_2500px.jpg\",\"contentUrl\":\"https:\\/\\/cdn.sbb-immobilien.ch\\/w:1617\\/h:1080\\/q:mauto\\/f:best\\/https:\\/\\/sbb-immobilien.ch\\/wp-content\\/uploads\\/2021\\/11\\/SBB_byte_200329_DSC_4292_2500px.jpg\",\"width\":2500,\"height\":1669,\"caption\":\"SBB Immobilien\"},\"image\":{\"@id\":\"https:\\\/\\\/sbb-immobilien.ch\\\/it\\\/#\\\/schema\\\/logo\\\/image\\\/\"},\"sameAs\":[\"https:\\\/\\\/ch.linkedin.com\\\/showcase\\\/immobilienberufe?trk=affiliated-pages\",\"https:\\\/\\\/de.wikipedia.org\\\/wiki\\\/Schweizerische_Bundesbahnen\"]}]}<\/script>\n<!-- \/ Yoast SEO Premium plugin. -->","yoast_head_json":{"title":"Oggetto in affitto a Renens VD | FFS Immobili","robots":{"index":"index","follow":"follow","max-snippet":"max-snippet:-1","max-image-preview":"max-image-preview:large","max-video-preview":"max-video-preview:-1"},"canonical":"https:\/\/sbb-immobilien.ch\/it\/immobili\/1721464it-oggetto-in-affitto-a-renens-vd\/","og_locale":"it_IT","og_type":"article","og_title":"Oggetto in affitto a Renens VD","og_description":"Id\u00e9alement situ\u00e9 \u00e0 proximit\u00e9 imm\u00e9diate de la gare de Renens, des \u00e9coles et des commerces, ce spacieux appartement de 4.5 pi\u00e8ces au 1er \u00e9tage offre un cadre de vie pratique et agr\u00e9able. L\u2019appartement se compose de trois chambres lumineuses, d\u2019une cuisine am\u00e9nag\u00e9e ouverte sur un s\u00e9jour convivial avec acc\u00e8s \u00e0 une loggia, id\u00e9ale pour profiter [&hellip;]","og_url":"https:\/\/sbb-immobilien.ch\/it\/immobili\/1721464it-oggetto-in-affitto-a-renens-vd\/","og_site_name":"FFS Immobili","article_modified_time":"2026-04-27T07:40:46+00:00","twitter_card":"summary_large_image","twitter_misc":{"Tempo di lettura stimato":"1 minuto"},"schema":{"@context":"https:\/\/schema.org","@graph":[{"@type":["WebPage","RealEstateListing"],"@id":"https:\/\/sbb-immobilien.ch\/it\/immobili\/1721464it-oggetto-in-affitto-a-renens-vd\/","url":"https:\/\/sbb-immobilien.ch\/it\/immobili\/1721464it-oggetto-in-affitto-a-renens-vd\/","name":"Oggetto in affitto a Renens VD | FFS Immobili","isPartOf":{"@id":"https:\/\/sbb-immobilien.ch\/it\/#website"},"primaryImageOfPage":{"@id":"https:\/\/sbb-immobilien.ch\/it\/immobili\/1721464it-oggetto-in-affitto-a-renens-vd\/#primaryimage"},"image":{"@id":"https:\/\/sbb-immobilien.ch\/it\/immobili\/1721464it-oggetto-in-affitto-a-renens-vd\/#primaryimage"},"thumbnailUrl":"https:\/\/cdn.casasoft.com\/media\/provider-13858\/property-1721464\/advertisement-language-6ab057b8-c11e-f111-88b4-7ced8d42beca-A_Hall%20d%27entr%C3%A9e.jpg?p=xl","datePublished":"2026-03-13T09:52:04+00:00","dateModified":"2026-04-27T07:40:46+00:00","breadcrumb":{"@id":"https:\/\/sbb-immobilien.ch\/it\/immobili\/1721464it-oggetto-in-affitto-a-renens-vd\/#breadcrumb"},"inLanguage":"it-IT","potentialAction":[{"@type":"ReadAction","target":["https:\/\/sbb-immobilien.ch\/it\/immobili\/1721464it-oggetto-in-affitto-a-renens-vd\/"]}]},{"@type":"ImageObject","inLanguage":"it-IT","@id":"https:\/\/sbb-immobilien.ch\/it\/immobili\/1721464it-oggetto-in-affitto-a-renens-vd\/#primaryimage","url":"https:\/\/cdn.casasoft.com\/media\/provider-13858\/property-1721464\/advertisement-language-6ab057b8-c11e-f111-88b4-7ced8d42beca-A_Hall%20d%27entr%C3%A9e.jpg?p=xl","contentUrl":"https:\/\/cdn.casasoft.com\/media\/provider-13858\/property-1721464\/advertisement-language-6ab057b8-c11e-f111-88b4-7ced8d42beca-A_Hall%20d%27entr%C3%A9e.jpg?p=xl"},{"@type":"BreadcrumbList","@id":"https:\/\/sbb-immobilien.ch\/it\/immobili\/1721464it-oggetto-in-affitto-a-renens-vd\/#breadcrumb","itemListElement":[{"@type":"ListItem","position":1,"name":"Home","item":"https:\/\/sbb-immobilien.ch\/it\/"},{"@type":"ListItem","position":2,"name":"Propriet\u00e0","item":"https:\/\/sbb-immobilien.ch\/it\/immobili\/"},{"@type":"ListItem","position":3,"name":"Oggetto in affitto a Renens VD"}]},{"@type":"WebSite","@id":"https:\/\/sbb-immobilien.ch\/it\/#website","url":"https:\/\/sbb-immobilien.ch\/it\/","name":"FFS Immobili","description":"Immobili nella migliore posizione.","publisher":{"@id":"https:\/\/sbb-immobilien.ch\/it\/#organization"},"potentialAction":[{"@type":"SearchAction","target":{"@type":"EntryPoint","urlTemplate":"https:\/\/sbb-immobilien.ch\/it\/?s={search_term_string}"},"query-input":{"@type":"PropertyValueSpecification","valueRequired":true,"valueName":"search_term_string"}}],"inLanguage":"it-IT"},{"@type":"Organization","@id":"https:\/\/sbb-immobilien.ch\/it\/#organization","name":"SBB Immobilien","url":"https:\/\/sbb-immobilien.ch\/it\/","logo":{"@type":"ImageObject","inLanguage":"it-IT","@id":"https:\/\/sbb-immobilien.ch\/it\/#\/schema\/logo\/image\/","url":"https:\/\/cdn.sbb-immobilien.ch\/w:1617\/h:1080\/q:mauto\/f:best\/https:\/\/sbb-immobilien.ch\/wp-content\/uploads\/2021\/11\/SBB_byte_200329_DSC_4292_2500px.jpg","contentUrl":"https:\/\/cdn.sbb-immobilien.ch\/w:1617\/h:1080\/q:mauto\/f:best\/https:\/\/sbb-immobilien.ch\/wp-content\/uploads\/2021\/11\/SBB_byte_200329_DSC_4292_2500px.jpg","width":2500,"height":1669,"caption":"SBB Immobilien"},"image":{"@id":"https:\/\/sbb-immobilien.ch\/it\/#\/schema\/logo\/image\/"},"sameAs":["https:\/\/ch.linkedin.com\/showcase\/immobilienberufe?trk=affiliated-pages","https:\/\/de.wikipedia.org\/wiki\/Schweizerische_Bundesbahnen"]}]}},"_links":{"self":[{"href":"https:\/\/sbb-immobilien.ch\/it\/wp-json\/wp\/v2\/casawp_property\/806448","targetHints":{"allow":["GET"]}}],"collection":[{"href":"https:\/\/sbb-immobilien.ch\/it\/wp-json\/wp\/v2\/casawp_property"}],"about":[{"href":"https:\/\/sbb-immobilien.ch\/it\/wp-json\/wp\/v2\/types\/casawp_property"}],"replies":[{"embeddable":true,"href":"https:\/\/sbb-immobilien.ch\/it\/wp-json\/wp\/v2\/comments?post=806448"}],"version-history":[{"count":0,"href":"https:\/\/sbb-immobilien.ch\/it\/wp-json\/wp\/v2\/casawp_property\/806448\/revisions"}],"wp:featuredmedia":[{"embeddable":true,"href":"https:\/\/sbb-immobilien.ch\/it\/wp-json\/wp\/v2\/media\/806449"}],"wp:attachment":[{"href":"https:\/\/sbb-immobilien.ch\/it\/wp-json\/wp\/v2\/media?parent=806448"}],"wp:term":[{"taxonomy":"casawp_category","embeddable":true,"href":"https:\/\/sbb-immobilien.ch\/it\/wp-json\/wp\/v2\/casawp_category?post=806448"},{"taxonomy":"casawp_feature","embeddable":true,"href":"https:\/\/sbb-immobilien.ch\/it\/wp-json\/wp\/v2\/casawp_feature?post=806448"},{"taxonomy":"casawp_utility","embeddable":true,"href":"https:\/\/sbb-immobilien.ch\/it\/wp-json\/wp\/v2\/casawp_utility?post=806448"},{"taxonomy":"casawp_location","embeddable":true,"href":"https:\/\/sbb-immobilien.ch\/it\/wp-json\/wp\/v2\/casawp_location?post=806448"},{"taxonomy":"casawp_salestype","embeddable":true,"href":"https:\/\/sbb-immobilien.ch\/it\/wp-json\/wp\/v2\/casawp_salestype?post=806448"},{"taxonomy":"casawp_availability","embeddable":true,"href":"https:\/\/sbb-immobilien.ch\/it\/wp-json\/wp\/v2\/casawp_availability?post=806448"},{"taxonomy":"casawp_region","embeddable":true,"href":"https:\/\/sbb-immobilien.ch\/it\/wp-json\/wp\/v2\/casawp_region?post=806448"}],"curies":[{"name":"wp","href":"https:\/\/api.w.org\/{rel}","templated":true}]}}