{"id":806804,"date":"2025-05-21T08:50:21","date_gmt":"2025-05-21T06:50:21","guid":{"rendered":"https:\/\/sbb-immobilien.ch\/immobilien\/1595152it-oggetto-in-affitto-a-renens-vd\/"},"modified":"2026-04-29T08:51:54","modified_gmt":"2026-04-29T06:51:54","slug":"1595152it-oggetto-in-affitto-a-renens-vd","status":"publish","type":"casawp_property","link":"https:\/\/sbb-immobilien.ch\/it\/immobili\/1595152it-oggetto-in-affitto-a-renens-vd\/","title":{"rendered":"Oggetto in affitto a Renens VD"},"content":{"rendered":"<p>Central Malley, \u00e0 3 min de Lausanne.<\/p>\n<p>Situ\u00e9 au pied de la gare de Prilly Malley, cet \u00e9co quartier, bien desservi par le m\u00e9tro M1, le tram T1 et les lignes de bus, r\u00e9pond aux enjeux \u00e9cologiques actuels.<\/p>\n<p>Surface semi am\u00e9nag\u00e9e de 516 m\u00b2 avec vue spectaculaire sur le lac, modulable pour tous types d&#8217;entreprises. Aux \u00e9tages sup\u00e9rieurs, certains plateaux b\u00e9n\u00e9ficient d&#8217;une vue panoramique sur le lac et les environs (de 277 \u00e0 609m2 pour le b\u00e2timent A1)<\/p>\n<p>Le b\u00e2timent :<br \/>&#8211; Architecture moderne avec chauffage et rafra\u00eechissement par plafonds actifs ainsi qu&#8217;un syst\u00e8me de ventilation double-flux. Sanitaires et plancher technique inclus.<br \/>&#8211; Parking int\u00e9rieur et d\u00e9p\u00f4ts disponibles<\/p>\n<p>Services au pied de vos bureaux :<br \/>&#8211; Restaurants<br \/>&#8211; Foodleader COOP<br \/>&#8211; Take away<br \/>&#8211; Coiffeur, photographe, etc<br \/>&#8211; Dentiste, physioth\u00e9rapeutes<\/p>\n<p>Nous avons \u00e9veill\u00e9 votre int\u00e9r\u00eat ? N&#8217;h\u00e9sitez pas \u00e0 nous contacter !<\/p>\n<p>Information Visite: Kathya Voeffray<\/p>\n","protected":false},"excerpt":{"rendered":"<p>Central Malley, \u00e0 3 min de Lausanne. Situ\u00e9 au pied de la gare de Prilly Malley, cet \u00e9co quartier, bien desservi par le m\u00e9tro M1, le tram T1 et les lignes de bus, r\u00e9pond aux enjeux \u00e9cologiques actuels. Surface semi am\u00e9nag\u00e9e de 516 m\u00b2 avec vue spectaculaire sur le lac, modulable pour tous types d&#8217;entreprises. [&hellip;]<\/p>\n","protected":false},"author":0,"featured_media":806805,"parent":0,"menu_order":56,"comment_status":"closed","ping_status":"closed","template":"","meta":{"_acf_changed":false,"inline_featured_image":false,"footnotes":""},"casawp_category":[15315],"casawp_feature":[15300,15332,15301,15304,15333],"casawp_utility":[15334],"casawp_location":[15308,15335,15320],"casawp_salestype":[15306],"casawp_availability":[15307],"casawp_region":[],"class_list":["post-806804","casawp_property","type-casawp_property","status-publish","has-post-thumbnail","hentry","casawp_category-office","casawp_feature-has-elevator","casawp_feature-has-garage-underground","casawp_feature-has-parking","casawp_feature-is-new-construction","casawp_feature-is-wheelchair-accessible","casawp_utility-commercial","casawp_location-country_ch","casawp_location-locality_renens-vd","casawp_location-region_vd","casawp_salestype-rent","casawp_availability-active"],"acf":[],"yoast_head":"<!-- This site is optimized with the Yoast SEO Premium plugin v27.4 (Yoast SEO v27.4) - https:\/\/yoast.com\/product\/yoast-seo-premium-wordpress\/ -->\n<title>Oggetto in affitto a Renens VD | FFS Immobili<\/title>\n<meta name=\"robots\" content=\"index, follow, max-snippet:-1, max-image-preview:large, max-video-preview:-1\" \/>\n<link rel=\"canonical\" href=\"https:\/\/sbb-immobilien.ch\/it\/immobili\/1595152it-oggetto-in-affitto-a-renens-vd\/\" \/>\n<meta property=\"og:locale\" content=\"it_IT\" \/>\n<meta property=\"og:type\" content=\"article\" \/>\n<meta property=\"og:title\" content=\"Oggetto in affitto a Renens VD\" \/>\n<meta property=\"og:description\" content=\"Central Malley, \u00e0 3 min de Lausanne. Situ\u00e9 au pied de la gare de Prilly Malley, cet \u00e9co quartier, bien desservi par le m\u00e9tro M1, le tram T1 et les lignes de bus, r\u00e9pond aux enjeux \u00e9cologiques actuels. Surface semi am\u00e9nag\u00e9e de 516 m\u00b2 avec vue spectaculaire sur le lac, modulable pour tous types d&#8217;entreprises. [&hellip;]\" \/>\n<meta property=\"og:url\" content=\"https:\/\/sbb-immobilien.ch\/it\/immobili\/1595152it-oggetto-in-affitto-a-renens-vd\/\" \/>\n<meta property=\"og:site_name\" content=\"FFS Immobili\" \/>\n<meta property=\"article:modified_time\" content=\"2026-04-29T06:51:54+00:00\" \/>\n<meta name=\"twitter:card\" content=\"summary_large_image\" \/>\n<meta name=\"twitter:label1\" content=\"Tempo di lettura stimato\" \/>\n\t<meta name=\"twitter:data1\" content=\"1 minuto\" \/>\n<script type=\"application\/ld+json\" class=\"yoast-schema-graph\">{\"@context\":\"https:\\\/\\\/schema.org\",\"@graph\":[{\"@type\":[\"WebPage\",\"RealEstateListing\"],\"@id\":\"https:\\\/\\\/sbb-immobilien.ch\\\/it\\\/immobili\\\/1595152it-oggetto-in-affitto-a-renens-vd\\\/\",\"url\":\"https:\\\/\\\/sbb-immobilien.ch\\\/it\\\/immobili\\\/1595152it-oggetto-in-affitto-a-renens-vd\\\/\",\"name\":\"Oggetto in affitto a Renens VD | FFS Immobili\",\"isPartOf\":{\"@id\":\"https:\\\/\\\/sbb-immobilien.ch\\\/it\\\/#website\"},\"primaryImageOfPage\":{\"@id\":\"https:\\\/\\\/sbb-immobilien.ch\\\/it\\\/immobili\\\/1595152it-oggetto-in-affitto-a-renens-vd\\\/#primaryimage\"},\"image\":{\"@id\":\"https:\\\/\\\/sbb-immobilien.ch\\\/it\\\/immobili\\\/1595152it-oggetto-in-affitto-a-renens-vd\\\/#primaryimage\"},\"thumbnailUrl\":\"https:\\/\\/cdn.casasoft.com\\/media\\/provider-13858\\/property-1595152\\/f39dd65b53d467f529c4c44e3437cab9.jpg?p=xl\",\"datePublished\":\"2025-05-21T06:50:21+00:00\",\"dateModified\":\"2026-04-29T06:51:54+00:00\",\"breadcrumb\":{\"@id\":\"https:\\\/\\\/sbb-immobilien.ch\\\/it\\\/immobili\\\/1595152it-oggetto-in-affitto-a-renens-vd\\\/#breadcrumb\"},\"inLanguage\":\"it-IT\",\"potentialAction\":[{\"@type\":\"ReadAction\",\"target\":[\"https:\\\/\\\/sbb-immobilien.ch\\\/it\\\/immobili\\\/1595152it-oggetto-in-affitto-a-renens-vd\\\/\"]}]},{\"@type\":\"ImageObject\",\"inLanguage\":\"it-IT\",\"@id\":\"https:\\\/\\\/sbb-immobilien.ch\\\/it\\\/immobili\\\/1595152it-oggetto-in-affitto-a-renens-vd\\\/#primaryimage\",\"url\":\"https:\\/\\/cdn.casasoft.com\\/media\\/provider-13858\\/property-1595152\\/f39dd65b53d467f529c4c44e3437cab9.jpg?p=xl\",\"contentUrl\":\"https:\\/\\/cdn.casasoft.com\\/media\\/provider-13858\\/property-1595152\\/f39dd65b53d467f529c4c44e3437cab9.jpg?p=xl\"},{\"@type\":\"BreadcrumbList\",\"@id\":\"https:\\\/\\\/sbb-immobilien.ch\\\/it\\\/immobili\\\/1595152it-oggetto-in-affitto-a-renens-vd\\\/#breadcrumb\",\"itemListElement\":[{\"@type\":\"ListItem\",\"position\":1,\"name\":\"Home\",\"item\":\"https:\\\/\\\/sbb-immobilien.ch\\\/it\\\/\"},{\"@type\":\"ListItem\",\"position\":2,\"name\":\"Propriet\u00e0\",\"item\":\"https:\\\/\\\/sbb-immobilien.ch\\\/it\\\/immobili\\\/\"},{\"@type\":\"ListItem\",\"position\":3,\"name\":\"Oggetto in affitto a Renens VD\"}]},{\"@type\":\"WebSite\",\"@id\":\"https:\\\/\\\/sbb-immobilien.ch\\\/it\\\/#website\",\"url\":\"https:\\\/\\\/sbb-immobilien.ch\\\/it\\\/\",\"name\":\"FFS Immobili\",\"description\":\"Immobili nella migliore posizione.\",\"publisher\":{\"@id\":\"https:\\\/\\\/sbb-immobilien.ch\\\/it\\\/#organization\"},\"potentialAction\":[{\"@type\":\"SearchAction\",\"target\":{\"@type\":\"EntryPoint\",\"urlTemplate\":\"https:\\\/\\\/sbb-immobilien.ch\\\/it\\\/?s={search_term_string}\"},\"query-input\":{\"@type\":\"PropertyValueSpecification\",\"valueRequired\":true,\"valueName\":\"search_term_string\"}}],\"inLanguage\":\"it-IT\"},{\"@type\":\"Organization\",\"@id\":\"https:\\\/\\\/sbb-immobilien.ch\\\/it\\\/#organization\",\"name\":\"SBB Immobilien\",\"url\":\"https:\\\/\\\/sbb-immobilien.ch\\\/it\\\/\",\"logo\":{\"@type\":\"ImageObject\",\"inLanguage\":\"it-IT\",\"@id\":\"https:\\\/\\\/sbb-immobilien.ch\\\/it\\\/#\\\/schema\\\/logo\\\/image\\\/\",\"url\":\"https:\\/\\/cdn.sbb-immobilien.ch\\/w:1617\\/h:1080\\/q:mauto\\/f:best\\/https:\\/\\/sbb-immobilien.ch\\/wp-content\\/uploads\\/2021\\/11\\/SBB_byte_200329_DSC_4292_2500px.jpg\",\"contentUrl\":\"https:\\/\\/cdn.sbb-immobilien.ch\\/w:1617\\/h:1080\\/q:mauto\\/f:best\\/https:\\/\\/sbb-immobilien.ch\\/wp-content\\/uploads\\/2021\\/11\\/SBB_byte_200329_DSC_4292_2500px.jpg\",\"width\":2500,\"height\":1669,\"caption\":\"SBB Immobilien\"},\"image\":{\"@id\":\"https:\\\/\\\/sbb-immobilien.ch\\\/it\\\/#\\\/schema\\\/logo\\\/image\\\/\"},\"sameAs\":[\"https:\\\/\\\/ch.linkedin.com\\\/showcase\\\/immobilienberufe?trk=affiliated-pages\",\"https:\\\/\\\/de.wikipedia.org\\\/wiki\\\/Schweizerische_Bundesbahnen\"]}]}<\/script>\n<!-- \/ Yoast SEO Premium plugin. -->","yoast_head_json":{"title":"Oggetto in affitto a Renens VD | FFS Immobili","robots":{"index":"index","follow":"follow","max-snippet":"max-snippet:-1","max-image-preview":"max-image-preview:large","max-video-preview":"max-video-preview:-1"},"canonical":"https:\/\/sbb-immobilien.ch\/it\/immobili\/1595152it-oggetto-in-affitto-a-renens-vd\/","og_locale":"it_IT","og_type":"article","og_title":"Oggetto in affitto a Renens VD","og_description":"Central Malley, \u00e0 3 min de Lausanne. Situ\u00e9 au pied de la gare de Prilly Malley, cet \u00e9co quartier, bien desservi par le m\u00e9tro M1, le tram T1 et les lignes de bus, r\u00e9pond aux enjeux \u00e9cologiques actuels. Surface semi am\u00e9nag\u00e9e de 516 m\u00b2 avec vue spectaculaire sur le lac, modulable pour tous types d&#8217;entreprises. [&hellip;]","og_url":"https:\/\/sbb-immobilien.ch\/it\/immobili\/1595152it-oggetto-in-affitto-a-renens-vd\/","og_site_name":"FFS Immobili","article_modified_time":"2026-04-29T06:51:54+00:00","twitter_card":"summary_large_image","twitter_misc":{"Tempo di lettura stimato":"1 minuto"},"schema":{"@context":"https:\/\/schema.org","@graph":[{"@type":["WebPage","RealEstateListing"],"@id":"https:\/\/sbb-immobilien.ch\/it\/immobili\/1595152it-oggetto-in-affitto-a-renens-vd\/","url":"https:\/\/sbb-immobilien.ch\/it\/immobili\/1595152it-oggetto-in-affitto-a-renens-vd\/","name":"Oggetto in affitto a Renens VD | FFS Immobili","isPartOf":{"@id":"https:\/\/sbb-immobilien.ch\/it\/#website"},"primaryImageOfPage":{"@id":"https:\/\/sbb-immobilien.ch\/it\/immobili\/1595152it-oggetto-in-affitto-a-renens-vd\/#primaryimage"},"image":{"@id":"https:\/\/sbb-immobilien.ch\/it\/immobili\/1595152it-oggetto-in-affitto-a-renens-vd\/#primaryimage"},"thumbnailUrl":"https:\/\/cdn.casasoft.com\/media\/provider-13858\/property-1595152\/f39dd65b53d467f529c4c44e3437cab9.jpg?p=xl","datePublished":"2025-05-21T06:50:21+00:00","dateModified":"2026-04-29T06:51:54+00:00","breadcrumb":{"@id":"https:\/\/sbb-immobilien.ch\/it\/immobili\/1595152it-oggetto-in-affitto-a-renens-vd\/#breadcrumb"},"inLanguage":"it-IT","potentialAction":[{"@type":"ReadAction","target":["https:\/\/sbb-immobilien.ch\/it\/immobili\/1595152it-oggetto-in-affitto-a-renens-vd\/"]}]},{"@type":"ImageObject","inLanguage":"it-IT","@id":"https:\/\/sbb-immobilien.ch\/it\/immobili\/1595152it-oggetto-in-affitto-a-renens-vd\/#primaryimage","url":"https:\/\/cdn.casasoft.com\/media\/provider-13858\/property-1595152\/f39dd65b53d467f529c4c44e3437cab9.jpg?p=xl","contentUrl":"https:\/\/cdn.casasoft.com\/media\/provider-13858\/property-1595152\/f39dd65b53d467f529c4c44e3437cab9.jpg?p=xl"},{"@type":"BreadcrumbList","@id":"https:\/\/sbb-immobilien.ch\/it\/immobili\/1595152it-oggetto-in-affitto-a-renens-vd\/#breadcrumb","itemListElement":[{"@type":"ListItem","position":1,"name":"Home","item":"https:\/\/sbb-immobilien.ch\/it\/"},{"@type":"ListItem","position":2,"name":"Propriet\u00e0","item":"https:\/\/sbb-immobilien.ch\/it\/immobili\/"},{"@type":"ListItem","position":3,"name":"Oggetto in affitto a Renens VD"}]},{"@type":"WebSite","@id":"https:\/\/sbb-immobilien.ch\/it\/#website","url":"https:\/\/sbb-immobilien.ch\/it\/","name":"FFS Immobili","description":"Immobili nella migliore posizione.","publisher":{"@id":"https:\/\/sbb-immobilien.ch\/it\/#organization"},"potentialAction":[{"@type":"SearchAction","target":{"@type":"EntryPoint","urlTemplate":"https:\/\/sbb-immobilien.ch\/it\/?s={search_term_string}"},"query-input":{"@type":"PropertyValueSpecification","valueRequired":true,"valueName":"search_term_string"}}],"inLanguage":"it-IT"},{"@type":"Organization","@id":"https:\/\/sbb-immobilien.ch\/it\/#organization","name":"SBB Immobilien","url":"https:\/\/sbb-immobilien.ch\/it\/","logo":{"@type":"ImageObject","inLanguage":"it-IT","@id":"https:\/\/sbb-immobilien.ch\/it\/#\/schema\/logo\/image\/","url":"https:\/\/cdn.sbb-immobilien.ch\/w:1617\/h:1080\/q:mauto\/f:best\/https:\/\/sbb-immobilien.ch\/wp-content\/uploads\/2021\/11\/SBB_byte_200329_DSC_4292_2500px.jpg","contentUrl":"https:\/\/cdn.sbb-immobilien.ch\/w:1617\/h:1080\/q:mauto\/f:best\/https:\/\/sbb-immobilien.ch\/wp-content\/uploads\/2021\/11\/SBB_byte_200329_DSC_4292_2500px.jpg","width":2500,"height":1669,"caption":"SBB Immobilien"},"image":{"@id":"https:\/\/sbb-immobilien.ch\/it\/#\/schema\/logo\/image\/"},"sameAs":["https:\/\/ch.linkedin.com\/showcase\/immobilienberufe?trk=affiliated-pages","https:\/\/de.wikipedia.org\/wiki\/Schweizerische_Bundesbahnen"]}]}},"_links":{"self":[{"href":"https:\/\/sbb-immobilien.ch\/it\/wp-json\/wp\/v2\/casawp_property\/806804","targetHints":{"allow":["GET"]}}],"collection":[{"href":"https:\/\/sbb-immobilien.ch\/it\/wp-json\/wp\/v2\/casawp_property"}],"about":[{"href":"https:\/\/sbb-immobilien.ch\/it\/wp-json\/wp\/v2\/types\/casawp_property"}],"replies":[{"embeddable":true,"href":"https:\/\/sbb-immobilien.ch\/it\/wp-json\/wp\/v2\/comments?post=806804"}],"version-history":[{"count":0,"href":"https:\/\/sbb-immobilien.ch\/it\/wp-json\/wp\/v2\/casawp_property\/806804\/revisions"}],"wp:featuredmedia":[{"embeddable":true,"href":"https:\/\/sbb-immobilien.ch\/it\/wp-json\/wp\/v2\/media\/806805"}],"wp:attachment":[{"href":"https:\/\/sbb-immobilien.ch\/it\/wp-json\/wp\/v2\/media?parent=806804"}],"wp:term":[{"taxonomy":"casawp_category","embeddable":true,"href":"https:\/\/sbb-immobilien.ch\/it\/wp-json\/wp\/v2\/casawp_category?post=806804"},{"taxonomy":"casawp_feature","embeddable":true,"href":"https:\/\/sbb-immobilien.ch\/it\/wp-json\/wp\/v2\/casawp_feature?post=806804"},{"taxonomy":"casawp_utility","embeddable":true,"href":"https:\/\/sbb-immobilien.ch\/it\/wp-json\/wp\/v2\/casawp_utility?post=806804"},{"taxonomy":"casawp_location","embeddable":true,"href":"https:\/\/sbb-immobilien.ch\/it\/wp-json\/wp\/v2\/casawp_location?post=806804"},{"taxonomy":"casawp_salestype","embeddable":true,"href":"https:\/\/sbb-immobilien.ch\/it\/wp-json\/wp\/v2\/casawp_salestype?post=806804"},{"taxonomy":"casawp_availability","embeddable":true,"href":"https:\/\/sbb-immobilien.ch\/it\/wp-json\/wp\/v2\/casawp_availability?post=806804"},{"taxonomy":"casawp_region","embeddable":true,"href":"https:\/\/sbb-immobilien.ch\/it\/wp-json\/wp\/v2\/casawp_region?post=806804"}],"curies":[{"name":"wp","href":"https:\/\/api.w.org\/{rel}","templated":true}]}}