{"id":808855,"date":"2025-07-29T11:27:03","date_gmt":"2025-07-29T09:27:03","guid":{"rendered":"https:\/\/sbb-immobilien.ch\/immobilien\/1627703it-oggetto-in-affitto-a-chur\/"},"modified":"2026-04-28T09:38:50","modified_gmt":"2026-04-28T07:38:50","slug":"1627703it-oggetto-in-affitto-a-chur","status":"publish","type":"casawp_property","link":"https:\/\/sbb-immobilien.ch\/it\/immobili\/1627703it-oggetto-in-affitto-a-chur\/","title":{"rendered":"Oggetto in affitto a Chur"},"content":{"rendered":"<p>Wir vermieten nach Vereinbarung Tiefgaragen-Parkpl\u00e4tze im 3. Park-Untergeschoss direkt am Bahnhof Chur.<\/p>\n<p>Max. Einfahrtsh\u00f6he 2,4m.<\/p>\n<p>Die Miete betr\u00e4gt CHF 180.- pro Monat zuz\u00fcglich MWST.\u00a0<\/p>\n<p>Von der Tiefgarage f\u00fchrt ein direkter unterirdischer Zugang mit Lift zur Personenunterf\u00fchrung und den Perrons des Bahnhofs Chur.<\/p>\n<p>Haben wir Ihr Interesse geweckt?<\/p>\n<p>SBB Immobilien<\/p>\n<p>Information Besichtigung: keine Besichtigung<\/p>\n","protected":false},"excerpt":{"rendered":"<p>Wir vermieten nach Vereinbarung Tiefgaragen-Parkpl\u00e4tze im 3. Park-Untergeschoss direkt am Bahnhof Chur. Max. Einfahrtsh\u00f6he 2,4m. Die Miete betr\u00e4gt CHF 180.- pro Monat zuz\u00fcglich MWST.\u00a0 Von der Tiefgarage f\u00fchrt ein direkter unterirdischer Zugang mit Lift zur Personenunterf\u00fchrung und den Perrons des Bahnhofs Chur. Haben wir Ihr Interesse geweckt? SBB Immobilien Information Besichtigung: keine Besichtigung<\/p>\n","protected":false},"author":0,"featured_media":808856,"parent":0,"menu_order":18,"comment_status":"closed","ping_status":"closed","template":"","meta":{"_acf_changed":false,"inline_featured_image":false,"footnotes":""},"casawp_category":[15385],"casawp_feature":[],"casawp_utility":[15339],"casawp_location":[15308,15351,15350],"casawp_salestype":[15306],"casawp_availability":[15307],"casawp_region":[],"class_list":["post-808855","casawp_property","type-casawp_property","status-publish","has-post-thumbnail","hentry","casawp_category-underground-slot","casawp_utility-parking","casawp_location-country_ch","casawp_location-locality_chur","casawp_location-region_gr","casawp_salestype-rent","casawp_availability-active"],"acf":[],"yoast_head":"<!-- This site is optimized with the Yoast SEO Premium plugin v27.4 (Yoast SEO v27.4) - https:\/\/yoast.com\/product\/yoast-seo-premium-wordpress\/ -->\n<title>Oggetto in affitto a Chur | FFS Immobili<\/title>\n<meta name=\"robots\" content=\"index, follow, max-snippet:-1, max-image-preview:large, max-video-preview:-1\" \/>\n<link rel=\"canonical\" href=\"https:\/\/sbb-immobilien.ch\/it\/immobili\/1627703it-oggetto-in-affitto-a-chur\/\" \/>\n<meta property=\"og:locale\" content=\"it_IT\" \/>\n<meta property=\"og:type\" content=\"article\" \/>\n<meta property=\"og:title\" content=\"Oggetto in affitto a Chur\" \/>\n<meta property=\"og:description\" content=\"Wir vermieten nach Vereinbarung Tiefgaragen-Parkpl\u00e4tze im 3. Park-Untergeschoss direkt am Bahnhof Chur. Max. Einfahrtsh\u00f6he 2,4m. Die Miete betr\u00e4gt CHF 180.- pro Monat zuz\u00fcglich MWST.\u00a0 Von der Tiefgarage f\u00fchrt ein direkter unterirdischer Zugang mit Lift zur Personenunterf\u00fchrung und den Perrons des Bahnhofs Chur. Haben wir Ihr Interesse geweckt? SBB Immobilien Information Besichtigung: keine Besichtigung\" \/>\n<meta property=\"og:url\" content=\"https:\/\/sbb-immobilien.ch\/it\/immobili\/1627703it-oggetto-in-affitto-a-chur\/\" \/>\n<meta property=\"og:site_name\" content=\"FFS Immobili\" \/>\n<meta property=\"article:modified_time\" content=\"2026-04-28T07:38:50+00:00\" \/>\n<meta name=\"twitter:card\" content=\"summary_large_image\" \/>\n<script type=\"application\/ld+json\" class=\"yoast-schema-graph\">{\"@context\":\"https:\\\/\\\/schema.org\",\"@graph\":[{\"@type\":[\"WebPage\",\"RealEstateListing\"],\"@id\":\"https:\\\/\\\/sbb-immobilien.ch\\\/it\\\/immobili\\\/1627703it-oggetto-in-affitto-a-chur\\\/\",\"url\":\"https:\\\/\\\/sbb-immobilien.ch\\\/it\\\/immobili\\\/1627703it-oggetto-in-affitto-a-chur\\\/\",\"name\":\"Oggetto in affitto a Chur | FFS Immobili\",\"isPartOf\":{\"@id\":\"https:\\\/\\\/sbb-immobilien.ch\\\/it\\\/#website\"},\"primaryImageOfPage\":{\"@id\":\"https:\\\/\\\/sbb-immobilien.ch\\\/it\\\/immobili\\\/1627703it-oggetto-in-affitto-a-chur\\\/#primaryimage\"},\"image\":{\"@id\":\"https:\\\/\\\/sbb-immobilien.ch\\\/it\\\/immobili\\\/1627703it-oggetto-in-affitto-a-chur\\\/#primaryimage\"},\"thumbnailUrl\":\"https:\\/\\/cdn.casasoft.com\\/media\\/provider-13858\\/property-1627703\\/advertisement-language-1dbc4556-f42f-f011-8c4d-00224861d235-1%20-%20Foto.jpg?p=xl\",\"datePublished\":\"2025-07-29T09:27:03+00:00\",\"dateModified\":\"2026-04-28T07:38:50+00:00\",\"breadcrumb\":{\"@id\":\"https:\\\/\\\/sbb-immobilien.ch\\\/it\\\/immobili\\\/1627703it-oggetto-in-affitto-a-chur\\\/#breadcrumb\"},\"inLanguage\":\"it-IT\",\"potentialAction\":[{\"@type\":\"ReadAction\",\"target\":[\"https:\\\/\\\/sbb-immobilien.ch\\\/it\\\/immobili\\\/1627703it-oggetto-in-affitto-a-chur\\\/\"]}]},{\"@type\":\"ImageObject\",\"inLanguage\":\"it-IT\",\"@id\":\"https:\\\/\\\/sbb-immobilien.ch\\\/it\\\/immobili\\\/1627703it-oggetto-in-affitto-a-chur\\\/#primaryimage\",\"url\":\"https:\\/\\/cdn.casasoft.com\\/media\\/provider-13858\\/property-1627703\\/advertisement-language-1dbc4556-f42f-f011-8c4d-00224861d235-1%20-%20Foto.jpg?p=xl\",\"contentUrl\":\"https:\\/\\/cdn.casasoft.com\\/media\\/provider-13858\\/property-1627703\\/advertisement-language-1dbc4556-f42f-f011-8c4d-00224861d235-1%20-%20Foto.jpg?p=xl\"},{\"@type\":\"BreadcrumbList\",\"@id\":\"https:\\\/\\\/sbb-immobilien.ch\\\/it\\\/immobili\\\/1627703it-oggetto-in-affitto-a-chur\\\/#breadcrumb\",\"itemListElement\":[{\"@type\":\"ListItem\",\"position\":1,\"name\":\"Home\",\"item\":\"https:\\\/\\\/sbb-immobilien.ch\\\/it\\\/\"},{\"@type\":\"ListItem\",\"position\":2,\"name\":\"Propriet\u00e0\",\"item\":\"https:\\\/\\\/sbb-immobilien.ch\\\/it\\\/immobili\\\/\"},{\"@type\":\"ListItem\",\"position\":3,\"name\":\"Oggetto in affitto a Chur\"}]},{\"@type\":\"WebSite\",\"@id\":\"https:\\\/\\\/sbb-immobilien.ch\\\/it\\\/#website\",\"url\":\"https:\\\/\\\/sbb-immobilien.ch\\\/it\\\/\",\"name\":\"FFS Immobili\",\"description\":\"Immobili nella migliore posizione.\",\"publisher\":{\"@id\":\"https:\\\/\\\/sbb-immobilien.ch\\\/it\\\/#organization\"},\"potentialAction\":[{\"@type\":\"SearchAction\",\"target\":{\"@type\":\"EntryPoint\",\"urlTemplate\":\"https:\\\/\\\/sbb-immobilien.ch\\\/it\\\/?s={search_term_string}\"},\"query-input\":{\"@type\":\"PropertyValueSpecification\",\"valueRequired\":true,\"valueName\":\"search_term_string\"}}],\"inLanguage\":\"it-IT\"},{\"@type\":\"Organization\",\"@id\":\"https:\\\/\\\/sbb-immobilien.ch\\\/it\\\/#organization\",\"name\":\"SBB Immobilien\",\"url\":\"https:\\\/\\\/sbb-immobilien.ch\\\/it\\\/\",\"logo\":{\"@type\":\"ImageObject\",\"inLanguage\":\"it-IT\",\"@id\":\"https:\\\/\\\/sbb-immobilien.ch\\\/it\\\/#\\\/schema\\\/logo\\\/image\\\/\",\"url\":\"https:\\/\\/cdn.sbb-immobilien.ch\\/w:1617\\/h:1080\\/q:mauto\\/f:best\\/https:\\/\\/sbb-immobilien.ch\\/wp-content\\/uploads\\/2021\\/11\\/SBB_byte_200329_DSC_4292_2500px.jpg\",\"contentUrl\":\"https:\\/\\/cdn.sbb-immobilien.ch\\/w:1617\\/h:1080\\/q:mauto\\/f:best\\/https:\\/\\/sbb-immobilien.ch\\/wp-content\\/uploads\\/2021\\/11\\/SBB_byte_200329_DSC_4292_2500px.jpg\",\"width\":2500,\"height\":1669,\"caption\":\"SBB Immobilien\"},\"image\":{\"@id\":\"https:\\\/\\\/sbb-immobilien.ch\\\/it\\\/#\\\/schema\\\/logo\\\/image\\\/\"},\"sameAs\":[\"https:\\\/\\\/ch.linkedin.com\\\/showcase\\\/immobilienberufe?trk=affiliated-pages\",\"https:\\\/\\\/de.wikipedia.org\\\/wiki\\\/Schweizerische_Bundesbahnen\"]}]}<\/script>\n<!-- \/ Yoast SEO Premium plugin. -->","yoast_head_json":{"title":"Oggetto in affitto a Chur | FFS Immobili","robots":{"index":"index","follow":"follow","max-snippet":"max-snippet:-1","max-image-preview":"max-image-preview:large","max-video-preview":"max-video-preview:-1"},"canonical":"https:\/\/sbb-immobilien.ch\/it\/immobili\/1627703it-oggetto-in-affitto-a-chur\/","og_locale":"it_IT","og_type":"article","og_title":"Oggetto in affitto a Chur","og_description":"Wir vermieten nach Vereinbarung Tiefgaragen-Parkpl\u00e4tze im 3. Park-Untergeschoss direkt am Bahnhof Chur. Max. Einfahrtsh\u00f6he 2,4m. Die Miete betr\u00e4gt CHF 180.- pro Monat zuz\u00fcglich MWST.\u00a0 Von der Tiefgarage f\u00fchrt ein direkter unterirdischer Zugang mit Lift zur Personenunterf\u00fchrung und den Perrons des Bahnhofs Chur. Haben wir Ihr Interesse geweckt? SBB Immobilien Information Besichtigung: keine Besichtigung","og_url":"https:\/\/sbb-immobilien.ch\/it\/immobili\/1627703it-oggetto-in-affitto-a-chur\/","og_site_name":"FFS Immobili","article_modified_time":"2026-04-28T07:38:50+00:00","twitter_card":"summary_large_image","schema":{"@context":"https:\/\/schema.org","@graph":[{"@type":["WebPage","RealEstateListing"],"@id":"https:\/\/sbb-immobilien.ch\/it\/immobili\/1627703it-oggetto-in-affitto-a-chur\/","url":"https:\/\/sbb-immobilien.ch\/it\/immobili\/1627703it-oggetto-in-affitto-a-chur\/","name":"Oggetto in affitto a Chur | FFS Immobili","isPartOf":{"@id":"https:\/\/sbb-immobilien.ch\/it\/#website"},"primaryImageOfPage":{"@id":"https:\/\/sbb-immobilien.ch\/it\/immobili\/1627703it-oggetto-in-affitto-a-chur\/#primaryimage"},"image":{"@id":"https:\/\/sbb-immobilien.ch\/it\/immobili\/1627703it-oggetto-in-affitto-a-chur\/#primaryimage"},"thumbnailUrl":"https:\/\/cdn.casasoft.com\/media\/provider-13858\/property-1627703\/advertisement-language-1dbc4556-f42f-f011-8c4d-00224861d235-1%20-%20Foto.jpg?p=xl","datePublished":"2025-07-29T09:27:03+00:00","dateModified":"2026-04-28T07:38:50+00:00","breadcrumb":{"@id":"https:\/\/sbb-immobilien.ch\/it\/immobili\/1627703it-oggetto-in-affitto-a-chur\/#breadcrumb"},"inLanguage":"it-IT","potentialAction":[{"@type":"ReadAction","target":["https:\/\/sbb-immobilien.ch\/it\/immobili\/1627703it-oggetto-in-affitto-a-chur\/"]}]},{"@type":"ImageObject","inLanguage":"it-IT","@id":"https:\/\/sbb-immobilien.ch\/it\/immobili\/1627703it-oggetto-in-affitto-a-chur\/#primaryimage","url":"https:\/\/cdn.casasoft.com\/media\/provider-13858\/property-1627703\/advertisement-language-1dbc4556-f42f-f011-8c4d-00224861d235-1%20-%20Foto.jpg?p=xl","contentUrl":"https:\/\/cdn.casasoft.com\/media\/provider-13858\/property-1627703\/advertisement-language-1dbc4556-f42f-f011-8c4d-00224861d235-1%20-%20Foto.jpg?p=xl"},{"@type":"BreadcrumbList","@id":"https:\/\/sbb-immobilien.ch\/it\/immobili\/1627703it-oggetto-in-affitto-a-chur\/#breadcrumb","itemListElement":[{"@type":"ListItem","position":1,"name":"Home","item":"https:\/\/sbb-immobilien.ch\/it\/"},{"@type":"ListItem","position":2,"name":"Propriet\u00e0","item":"https:\/\/sbb-immobilien.ch\/it\/immobili\/"},{"@type":"ListItem","position":3,"name":"Oggetto in affitto a Chur"}]},{"@type":"WebSite","@id":"https:\/\/sbb-immobilien.ch\/it\/#website","url":"https:\/\/sbb-immobilien.ch\/it\/","name":"FFS Immobili","description":"Immobili nella migliore posizione.","publisher":{"@id":"https:\/\/sbb-immobilien.ch\/it\/#organization"},"potentialAction":[{"@type":"SearchAction","target":{"@type":"EntryPoint","urlTemplate":"https:\/\/sbb-immobilien.ch\/it\/?s={search_term_string}"},"query-input":{"@type":"PropertyValueSpecification","valueRequired":true,"valueName":"search_term_string"}}],"inLanguage":"it-IT"},{"@type":"Organization","@id":"https:\/\/sbb-immobilien.ch\/it\/#organization","name":"SBB Immobilien","url":"https:\/\/sbb-immobilien.ch\/it\/","logo":{"@type":"ImageObject","inLanguage":"it-IT","@id":"https:\/\/sbb-immobilien.ch\/it\/#\/schema\/logo\/image\/","url":"https:\/\/cdn.sbb-immobilien.ch\/w:1617\/h:1080\/q:mauto\/f:best\/https:\/\/sbb-immobilien.ch\/wp-content\/uploads\/2021\/11\/SBB_byte_200329_DSC_4292_2500px.jpg","contentUrl":"https:\/\/cdn.sbb-immobilien.ch\/w:1617\/h:1080\/q:mauto\/f:best\/https:\/\/sbb-immobilien.ch\/wp-content\/uploads\/2021\/11\/SBB_byte_200329_DSC_4292_2500px.jpg","width":2500,"height":1669,"caption":"SBB Immobilien"},"image":{"@id":"https:\/\/sbb-immobilien.ch\/it\/#\/schema\/logo\/image\/"},"sameAs":["https:\/\/ch.linkedin.com\/showcase\/immobilienberufe?trk=affiliated-pages","https:\/\/de.wikipedia.org\/wiki\/Schweizerische_Bundesbahnen"]}]}},"_links":{"self":[{"href":"https:\/\/sbb-immobilien.ch\/it\/wp-json\/wp\/v2\/casawp_property\/808855","targetHints":{"allow":["GET"]}}],"collection":[{"href":"https:\/\/sbb-immobilien.ch\/it\/wp-json\/wp\/v2\/casawp_property"}],"about":[{"href":"https:\/\/sbb-immobilien.ch\/it\/wp-json\/wp\/v2\/types\/casawp_property"}],"replies":[{"embeddable":true,"href":"https:\/\/sbb-immobilien.ch\/it\/wp-json\/wp\/v2\/comments?post=808855"}],"version-history":[{"count":0,"href":"https:\/\/sbb-immobilien.ch\/it\/wp-json\/wp\/v2\/casawp_property\/808855\/revisions"}],"wp:featuredmedia":[{"embeddable":true,"href":"https:\/\/sbb-immobilien.ch\/it\/wp-json\/wp\/v2\/media\/808856"}],"wp:attachment":[{"href":"https:\/\/sbb-immobilien.ch\/it\/wp-json\/wp\/v2\/media?parent=808855"}],"wp:term":[{"taxonomy":"casawp_category","embeddable":true,"href":"https:\/\/sbb-immobilien.ch\/it\/wp-json\/wp\/v2\/casawp_category?post=808855"},{"taxonomy":"casawp_feature","embeddable":true,"href":"https:\/\/sbb-immobilien.ch\/it\/wp-json\/wp\/v2\/casawp_feature?post=808855"},{"taxonomy":"casawp_utility","embeddable":true,"href":"https:\/\/sbb-immobilien.ch\/it\/wp-json\/wp\/v2\/casawp_utility?post=808855"},{"taxonomy":"casawp_location","embeddable":true,"href":"https:\/\/sbb-immobilien.ch\/it\/wp-json\/wp\/v2\/casawp_location?post=808855"},{"taxonomy":"casawp_salestype","embeddable":true,"href":"https:\/\/sbb-immobilien.ch\/it\/wp-json\/wp\/v2\/casawp_salestype?post=808855"},{"taxonomy":"casawp_availability","embeddable":true,"href":"https:\/\/sbb-immobilien.ch\/it\/wp-json\/wp\/v2\/casawp_availability?post=808855"},{"taxonomy":"casawp_region","embeddable":true,"href":"https:\/\/sbb-immobilien.ch\/it\/wp-json\/wp\/v2\/casawp_region?post=808855"}],"curies":[{"name":"wp","href":"https:\/\/api.w.org\/{rel}","templated":true}]}}