{"id":810859,"date":"2025-10-07T09:53:10","date_gmt":"2025-10-07T07:53:10","guid":{"rendered":"https:\/\/sbb-immobilien.ch\/immobilien\/1656577it-oggetto-in-affitto-a-herzogenbuchsee\/"},"modified":"2026-04-28T10:04:48","modified_gmt":"2026-04-28T08:04:48","slug":"1656577it-oggetto-in-affitto-a-herzogenbuchsee","status":"publish","type":"casawp_property","link":"https:\/\/sbb-immobilien.ch\/it\/immobili\/1656577it-oggetto-in-affitto-a-herzogenbuchsee\/","title":{"rendered":"Oggetto in affitto a Herzogenbuchsee"},"content":{"rendered":"<p>Dieser grossz\u00fcgige und lichtdurchflutete Raum im Herzen des Bahnhofsgeb\u00e4udes Herzogenbuchsee bietet ideale Voraussetzungen als Atelier, Hobbyraum oder B\u00fcro f\u00fcr Einzelunternehmer. Der Zugang erfolgt \u00fcber den \u00f6ffentlichen Wartsaal, der Ihnen jederzeit offensteht. Aufgrund der unterschiedlichen Bodenh\u00f6hen ist die Fl\u00e4che \u00fcber eine einzelne Stufe zug\u00e4nglich (siehe letztes Foto).<\/p>\n<p>Hohe, denkmalgesch\u00fctzte Fenster, klassische Heizk\u00f6rper und frisch gestrichene W\u00e4nde verleihen dem Raum besonderen Charme. Optional kann ein Parkplatz hinzugebucht werden. Dank der zentralen Lage profitieren Sie von hervorragender \u00d6V-Anbindung und einem nahegelegenen \u00f6ffentlichen WC.<\/p>\n<p>Dieser Raum besticht durch seine Flexibilit\u00e4t, seine Helligkeit und seine zentrale Lage \u2013 perfekt f\u00fcr kreative Projekte, administrative T\u00e4tigkeiten oder als inspirierendes Arbeitsumfeld.<\/p>\n<p>Ausbaustandard: Ausgebaut<\/p>\n<p>Information Besichtigung: Gerne vereinbaren wir einen Besichtigungstermin, sobald Sie uns die geplante Nutzung mitgeteilt haben.<\/p>\n","protected":false},"excerpt":{"rendered":"<p>Dieser grossz\u00fcgige und lichtdurchflutete Raum im Herzen des Bahnhofsgeb\u00e4udes Herzogenbuchsee bietet ideale Voraussetzungen als Atelier, Hobbyraum oder B\u00fcro f\u00fcr Einzelunternehmer. Der Zugang erfolgt \u00fcber den \u00f6ffentlichen Wartsaal, der Ihnen jederzeit offensteht. Aufgrund der unterschiedlichen Bodenh\u00f6hen ist die Fl\u00e4che \u00fcber eine einzelne Stufe zug\u00e4nglich (siehe letztes Foto). Hohe, denkmalgesch\u00fctzte Fenster, klassische Heizk\u00f6rper und frisch gestrichene W\u00e4nde [&hellip;]<\/p>\n","protected":false},"author":1,"featured_media":810860,"parent":0,"menu_order":124,"comment_status":"closed","ping_status":"closed","template":"","meta":{"_acf_changed":false,"inline_featured_image":false,"footnotes":""},"casawp_category":[15353,15315,15317,15322,15398,15318],"casawp_feature":[15301],"casawp_utility":[15334],"casawp_location":[15374,15308,15676],"casawp_salestype":[15306],"casawp_availability":[15307],"casawp_region":[],"class_list":["post-810859","casawp_property","type-casawp_property","status-publish","has-post-thumbnail","hentry","casawp_category-hobby-room","casawp_category-office","casawp_category-retail","casawp_category-retail-space","casawp_category-studio","casawp_category-workshop","casawp_feature-has-parking","casawp_utility-commercial","casawp_location-region_be","casawp_location-country_ch","casawp_location-locality_herzogenbuchsee","casawp_salestype-rent","casawp_availability-active"],"acf":[],"yoast_head":"<!-- This site is optimized with the Yoast SEO Premium plugin v27.4 (Yoast SEO v27.4) - https:\/\/yoast.com\/product\/yoast-seo-premium-wordpress\/ -->\n<title>Oggetto in affitto a Herzogenbuchsee | FFS Immobili<\/title>\n<meta name=\"robots\" content=\"index, follow, max-snippet:-1, max-image-preview:large, max-video-preview:-1\" \/>\n<link rel=\"canonical\" href=\"https:\/\/sbb-immobilien.ch\/it\/immobili\/1656577it-oggetto-in-affitto-a-herzogenbuchsee\/\" \/>\n<meta property=\"og:locale\" content=\"it_IT\" \/>\n<meta property=\"og:type\" content=\"article\" \/>\n<meta property=\"og:title\" content=\"Oggetto in affitto a Herzogenbuchsee\" \/>\n<meta property=\"og:description\" content=\"Dieser grossz\u00fcgige und lichtdurchflutete Raum im Herzen des Bahnhofsgeb\u00e4udes Herzogenbuchsee bietet ideale Voraussetzungen als Atelier, Hobbyraum oder B\u00fcro f\u00fcr Einzelunternehmer. Der Zugang erfolgt \u00fcber den \u00f6ffentlichen Wartsaal, der Ihnen jederzeit offensteht. Aufgrund der unterschiedlichen Bodenh\u00f6hen ist die Fl\u00e4che \u00fcber eine einzelne Stufe zug\u00e4nglich (siehe letztes Foto). Hohe, denkmalgesch\u00fctzte Fenster, klassische Heizk\u00f6rper und frisch gestrichene W\u00e4nde [&hellip;]\" \/>\n<meta property=\"og:url\" content=\"https:\/\/sbb-immobilien.ch\/it\/immobili\/1656577it-oggetto-in-affitto-a-herzogenbuchsee\/\" \/>\n<meta property=\"og:site_name\" content=\"FFS Immobili\" \/>\n<meta property=\"article:modified_time\" content=\"2026-04-28T08:04:48+00:00\" \/>\n<meta name=\"twitter:card\" content=\"summary_large_image\" \/>\n<meta name=\"twitter:label1\" content=\"Tempo di lettura stimato\" \/>\n\t<meta name=\"twitter:data1\" content=\"1 minuto\" \/>\n<script type=\"application\/ld+json\" class=\"yoast-schema-graph\">{\"@context\":\"https:\\\/\\\/schema.org\",\"@graph\":[{\"@type\":[\"WebPage\",\"RealEstateListing\"],\"@id\":\"https:\\\/\\\/sbb-immobilien.ch\\\/it\\\/immobili\\\/1656577it-oggetto-in-affitto-a-herzogenbuchsee\\\/\",\"url\":\"https:\\\/\\\/sbb-immobilien.ch\\\/it\\\/immobili\\\/1656577it-oggetto-in-affitto-a-herzogenbuchsee\\\/\",\"name\":\"Oggetto in affitto a Herzogenbuchsee | FFS Immobili\",\"isPartOf\":{\"@id\":\"https:\\\/\\\/sbb-immobilien.ch\\\/it\\\/#website\"},\"primaryImageOfPage\":{\"@id\":\"https:\\\/\\\/sbb-immobilien.ch\\\/it\\\/immobili\\\/1656577it-oggetto-in-affitto-a-herzogenbuchsee\\\/#primaryimage\"},\"image\":{\"@id\":\"https:\\\/\\\/sbb-immobilien.ch\\\/it\\\/immobili\\\/1656577it-oggetto-in-affitto-a-herzogenbuchsee\\\/#primaryimage\"},\"thumbnailUrl\":\"https:\\/\\/cdn.casasoft.com\\/media\\/provider-13858\\/property-1656577\\/advertisement-language-a63f67dd-949f-f011-bbd2-6045bd2be9e6-A_Herzogenbuchsee.png?p=xl\",\"datePublished\":\"2025-10-07T07:53:10+00:00\",\"dateModified\":\"2026-04-28T08:04:48+00:00\",\"breadcrumb\":{\"@id\":\"https:\\\/\\\/sbb-immobilien.ch\\\/it\\\/immobili\\\/1656577it-oggetto-in-affitto-a-herzogenbuchsee\\\/#breadcrumb\"},\"inLanguage\":\"it-IT\",\"potentialAction\":[{\"@type\":\"ReadAction\",\"target\":[\"https:\\\/\\\/sbb-immobilien.ch\\\/it\\\/immobili\\\/1656577it-oggetto-in-affitto-a-herzogenbuchsee\\\/\"]}]},{\"@type\":\"ImageObject\",\"inLanguage\":\"it-IT\",\"@id\":\"https:\\\/\\\/sbb-immobilien.ch\\\/it\\\/immobili\\\/1656577it-oggetto-in-affitto-a-herzogenbuchsee\\\/#primaryimage\",\"url\":\"https:\\/\\/cdn.casasoft.com\\/media\\/provider-13858\\/property-1656577\\/advertisement-language-a63f67dd-949f-f011-bbd2-6045bd2be9e6-A_Herzogenbuchsee.png?p=xl\",\"contentUrl\":\"https:\\/\\/cdn.casasoft.com\\/media\\/provider-13858\\/property-1656577\\/advertisement-language-a63f67dd-949f-f011-bbd2-6045bd2be9e6-A_Herzogenbuchsee.png?p=xl\"},{\"@type\":\"BreadcrumbList\",\"@id\":\"https:\\\/\\\/sbb-immobilien.ch\\\/it\\\/immobili\\\/1656577it-oggetto-in-affitto-a-herzogenbuchsee\\\/#breadcrumb\",\"itemListElement\":[{\"@type\":\"ListItem\",\"position\":1,\"name\":\"Home\",\"item\":\"https:\\\/\\\/sbb-immobilien.ch\\\/it\\\/\"},{\"@type\":\"ListItem\",\"position\":2,\"name\":\"Propriet\u00e0\",\"item\":\"https:\\\/\\\/sbb-immobilien.ch\\\/it\\\/immobili\\\/\"},{\"@type\":\"ListItem\",\"position\":3,\"name\":\"Oggetto in affitto a Herzogenbuchsee\"}]},{\"@type\":\"WebSite\",\"@id\":\"https:\\\/\\\/sbb-immobilien.ch\\\/it\\\/#website\",\"url\":\"https:\\\/\\\/sbb-immobilien.ch\\\/it\\\/\",\"name\":\"FFS Immobili\",\"description\":\"Immobili nella migliore posizione.\",\"publisher\":{\"@id\":\"https:\\\/\\\/sbb-immobilien.ch\\\/it\\\/#organization\"},\"potentialAction\":[{\"@type\":\"SearchAction\",\"target\":{\"@type\":\"EntryPoint\",\"urlTemplate\":\"https:\\\/\\\/sbb-immobilien.ch\\\/it\\\/?s={search_term_string}\"},\"query-input\":{\"@type\":\"PropertyValueSpecification\",\"valueRequired\":true,\"valueName\":\"search_term_string\"}}],\"inLanguage\":\"it-IT\"},{\"@type\":\"Organization\",\"@id\":\"https:\\\/\\\/sbb-immobilien.ch\\\/it\\\/#organization\",\"name\":\"SBB Immobilien\",\"url\":\"https:\\\/\\\/sbb-immobilien.ch\\\/it\\\/\",\"logo\":{\"@type\":\"ImageObject\",\"inLanguage\":\"it-IT\",\"@id\":\"https:\\\/\\\/sbb-immobilien.ch\\\/it\\\/#\\\/schema\\\/logo\\\/image\\\/\",\"url\":\"https:\\/\\/cdn.sbb-immobilien.ch\\/w:1617\\/h:1080\\/q:mauto\\/f:best\\/https:\\/\\/sbb-immobilien.ch\\/wp-content\\/uploads\\/2021\\/11\\/SBB_byte_200329_DSC_4292_2500px.jpg\",\"contentUrl\":\"https:\\/\\/cdn.sbb-immobilien.ch\\/w:1617\\/h:1080\\/q:mauto\\/f:best\\/https:\\/\\/sbb-immobilien.ch\\/wp-content\\/uploads\\/2021\\/11\\/SBB_byte_200329_DSC_4292_2500px.jpg\",\"width\":2500,\"height\":1669,\"caption\":\"SBB Immobilien\"},\"image\":{\"@id\":\"https:\\\/\\\/sbb-immobilien.ch\\\/it\\\/#\\\/schema\\\/logo\\\/image\\\/\"},\"sameAs\":[\"https:\\\/\\\/ch.linkedin.com\\\/showcase\\\/immobilienberufe?trk=affiliated-pages\",\"https:\\\/\\\/de.wikipedia.org\\\/wiki\\\/Schweizerische_Bundesbahnen\"]}]}<\/script>\n<!-- \/ Yoast SEO Premium plugin. -->","yoast_head_json":{"title":"Oggetto in affitto a Herzogenbuchsee | FFS Immobili","robots":{"index":"index","follow":"follow","max-snippet":"max-snippet:-1","max-image-preview":"max-image-preview:large","max-video-preview":"max-video-preview:-1"},"canonical":"https:\/\/sbb-immobilien.ch\/it\/immobili\/1656577it-oggetto-in-affitto-a-herzogenbuchsee\/","og_locale":"it_IT","og_type":"article","og_title":"Oggetto in affitto a Herzogenbuchsee","og_description":"Dieser grossz\u00fcgige und lichtdurchflutete Raum im Herzen des Bahnhofsgeb\u00e4udes Herzogenbuchsee bietet ideale Voraussetzungen als Atelier, Hobbyraum oder B\u00fcro f\u00fcr Einzelunternehmer. Der Zugang erfolgt \u00fcber den \u00f6ffentlichen Wartsaal, der Ihnen jederzeit offensteht. Aufgrund der unterschiedlichen Bodenh\u00f6hen ist die Fl\u00e4che \u00fcber eine einzelne Stufe zug\u00e4nglich (siehe letztes Foto). Hohe, denkmalgesch\u00fctzte Fenster, klassische Heizk\u00f6rper und frisch gestrichene W\u00e4nde [&hellip;]","og_url":"https:\/\/sbb-immobilien.ch\/it\/immobili\/1656577it-oggetto-in-affitto-a-herzogenbuchsee\/","og_site_name":"FFS Immobili","article_modified_time":"2026-04-28T08:04:48+00:00","twitter_card":"summary_large_image","twitter_misc":{"Tempo di lettura stimato":"1 minuto"},"schema":{"@context":"https:\/\/schema.org","@graph":[{"@type":["WebPage","RealEstateListing"],"@id":"https:\/\/sbb-immobilien.ch\/it\/immobili\/1656577it-oggetto-in-affitto-a-herzogenbuchsee\/","url":"https:\/\/sbb-immobilien.ch\/it\/immobili\/1656577it-oggetto-in-affitto-a-herzogenbuchsee\/","name":"Oggetto in affitto a Herzogenbuchsee | FFS Immobili","isPartOf":{"@id":"https:\/\/sbb-immobilien.ch\/it\/#website"},"primaryImageOfPage":{"@id":"https:\/\/sbb-immobilien.ch\/it\/immobili\/1656577it-oggetto-in-affitto-a-herzogenbuchsee\/#primaryimage"},"image":{"@id":"https:\/\/sbb-immobilien.ch\/it\/immobili\/1656577it-oggetto-in-affitto-a-herzogenbuchsee\/#primaryimage"},"thumbnailUrl":"https:\/\/cdn.casasoft.com\/media\/provider-13858\/property-1656577\/advertisement-language-a63f67dd-949f-f011-bbd2-6045bd2be9e6-A_Herzogenbuchsee.png?p=xl","datePublished":"2025-10-07T07:53:10+00:00","dateModified":"2026-04-28T08:04:48+00:00","breadcrumb":{"@id":"https:\/\/sbb-immobilien.ch\/it\/immobili\/1656577it-oggetto-in-affitto-a-herzogenbuchsee\/#breadcrumb"},"inLanguage":"it-IT","potentialAction":[{"@type":"ReadAction","target":["https:\/\/sbb-immobilien.ch\/it\/immobili\/1656577it-oggetto-in-affitto-a-herzogenbuchsee\/"]}]},{"@type":"ImageObject","inLanguage":"it-IT","@id":"https:\/\/sbb-immobilien.ch\/it\/immobili\/1656577it-oggetto-in-affitto-a-herzogenbuchsee\/#primaryimage","url":"https:\/\/cdn.casasoft.com\/media\/provider-13858\/property-1656577\/advertisement-language-a63f67dd-949f-f011-bbd2-6045bd2be9e6-A_Herzogenbuchsee.png?p=xl","contentUrl":"https:\/\/cdn.casasoft.com\/media\/provider-13858\/property-1656577\/advertisement-language-a63f67dd-949f-f011-bbd2-6045bd2be9e6-A_Herzogenbuchsee.png?p=xl"},{"@type":"BreadcrumbList","@id":"https:\/\/sbb-immobilien.ch\/it\/immobili\/1656577it-oggetto-in-affitto-a-herzogenbuchsee\/#breadcrumb","itemListElement":[{"@type":"ListItem","position":1,"name":"Home","item":"https:\/\/sbb-immobilien.ch\/it\/"},{"@type":"ListItem","position":2,"name":"Propriet\u00e0","item":"https:\/\/sbb-immobilien.ch\/it\/immobili\/"},{"@type":"ListItem","position":3,"name":"Oggetto in affitto a Herzogenbuchsee"}]},{"@type":"WebSite","@id":"https:\/\/sbb-immobilien.ch\/it\/#website","url":"https:\/\/sbb-immobilien.ch\/it\/","name":"FFS Immobili","description":"Immobili nella migliore posizione.","publisher":{"@id":"https:\/\/sbb-immobilien.ch\/it\/#organization"},"potentialAction":[{"@type":"SearchAction","target":{"@type":"EntryPoint","urlTemplate":"https:\/\/sbb-immobilien.ch\/it\/?s={search_term_string}"},"query-input":{"@type":"PropertyValueSpecification","valueRequired":true,"valueName":"search_term_string"}}],"inLanguage":"it-IT"},{"@type":"Organization","@id":"https:\/\/sbb-immobilien.ch\/it\/#organization","name":"SBB Immobilien","url":"https:\/\/sbb-immobilien.ch\/it\/","logo":{"@type":"ImageObject","inLanguage":"it-IT","@id":"https:\/\/sbb-immobilien.ch\/it\/#\/schema\/logo\/image\/","url":"https:\/\/cdn.sbb-immobilien.ch\/w:1617\/h:1080\/q:mauto\/f:best\/https:\/\/sbb-immobilien.ch\/wp-content\/uploads\/2021\/11\/SBB_byte_200329_DSC_4292_2500px.jpg","contentUrl":"https:\/\/cdn.sbb-immobilien.ch\/w:1617\/h:1080\/q:mauto\/f:best\/https:\/\/sbb-immobilien.ch\/wp-content\/uploads\/2021\/11\/SBB_byte_200329_DSC_4292_2500px.jpg","width":2500,"height":1669,"caption":"SBB Immobilien"},"image":{"@id":"https:\/\/sbb-immobilien.ch\/it\/#\/schema\/logo\/image\/"},"sameAs":["https:\/\/ch.linkedin.com\/showcase\/immobilienberufe?trk=affiliated-pages","https:\/\/de.wikipedia.org\/wiki\/Schweizerische_Bundesbahnen"]}]}},"_links":{"self":[{"href":"https:\/\/sbb-immobilien.ch\/it\/wp-json\/wp\/v2\/casawp_property\/810859","targetHints":{"allow":["GET"]}}],"collection":[{"href":"https:\/\/sbb-immobilien.ch\/it\/wp-json\/wp\/v2\/casawp_property"}],"about":[{"href":"https:\/\/sbb-immobilien.ch\/it\/wp-json\/wp\/v2\/types\/casawp_property"}],"author":[{"embeddable":true,"href":"https:\/\/sbb-immobilien.ch\/it\/wp-json\/wp\/v2\/users\/1"}],"replies":[{"embeddable":true,"href":"https:\/\/sbb-immobilien.ch\/it\/wp-json\/wp\/v2\/comments?post=810859"}],"version-history":[{"count":0,"href":"https:\/\/sbb-immobilien.ch\/it\/wp-json\/wp\/v2\/casawp_property\/810859\/revisions"}],"wp:featuredmedia":[{"embeddable":true,"href":"https:\/\/sbb-immobilien.ch\/it\/wp-json\/wp\/v2\/media\/810860"}],"wp:attachment":[{"href":"https:\/\/sbb-immobilien.ch\/it\/wp-json\/wp\/v2\/media?parent=810859"}],"wp:term":[{"taxonomy":"casawp_category","embeddable":true,"href":"https:\/\/sbb-immobilien.ch\/it\/wp-json\/wp\/v2\/casawp_category?post=810859"},{"taxonomy":"casawp_feature","embeddable":true,"href":"https:\/\/sbb-immobilien.ch\/it\/wp-json\/wp\/v2\/casawp_feature?post=810859"},{"taxonomy":"casawp_utility","embeddable":true,"href":"https:\/\/sbb-immobilien.ch\/it\/wp-json\/wp\/v2\/casawp_utility?post=810859"},{"taxonomy":"casawp_location","embeddable":true,"href":"https:\/\/sbb-immobilien.ch\/it\/wp-json\/wp\/v2\/casawp_location?post=810859"},{"taxonomy":"casawp_salestype","embeddable":true,"href":"https:\/\/sbb-immobilien.ch\/it\/wp-json\/wp\/v2\/casawp_salestype?post=810859"},{"taxonomy":"casawp_availability","embeddable":true,"href":"https:\/\/sbb-immobilien.ch\/it\/wp-json\/wp\/v2\/casawp_availability?post=810859"},{"taxonomy":"casawp_region","embeddable":true,"href":"https:\/\/sbb-immobilien.ch\/it\/wp-json\/wp\/v2\/casawp_region?post=810859"}],"curies":[{"name":"wp","href":"https:\/\/api.w.org\/{rel}","templated":true}]}}