{"id":811060,"date":"2025-09-09T08:39:05","date_gmt":"2025-09-09T06:39:05","guid":{"rendered":"https:\/\/sbb-immobilien.ch\/immobilien\/1643140it-oggetto-in-affitto-a-bern\/"},"modified":"2026-05-01T10:31:21","modified_gmt":"2026-05-01T08:31:21","slug":"1643140it-oggetto-in-affitto-a-bern","status":"publish","type":"casawp_property","link":"https:\/\/sbb-immobilien.ch\/it\/immobili\/1643140it-oggetto-in-affitto-a-bern\/","title":{"rendered":"Oggetto in affitto a Bern"},"content":{"rendered":"<p>Im 2. Obergeschoss des Hauptgeb\u00e4udes ist eine B\u00fcrofl\u00e4che \u00e0 700 Quadratmeter (auf dem Grundrissplan violett eingef\u00e4rbt) ab dem 1. Oktober 2026 verf\u00fcgbar. Diese ist bestens angebunden, direkt \u00fcber die Eingangshalle des Bahnhofs Bern als auch \u00fcber die Parkterrasse erreichbar und \u00fcberblickt Bahnhofsplatz und\/oder Innenstadt (Seite Neuengasse). Die \u00dcbernahme wird im Rohbau erfolgen. Lagerr\u00e4umlichkeiten stehen bei Bedarf zur Verf\u00fcgung.<\/p>\n<p>Der Bahnhof Bern wird durch seine neu errichteten Personenunterf\u00fchrungen und Kommerzfl\u00e4chen nicht nur zum ultimativen Verkehrsdrehkreuz der Schweiz, sondern auch zu einem leistungsstarken Vorzeigebahnhof Europas \u2013 dies insbesondere auch in Bezug auf seinen Mietermix.<\/p>\n<p>Das zentral gelegene Hauptgeb\u00e4ude mit dem prominenten Eingang besitzt eine grosse Anzahl an Kommerz- und Gesch\u00e4ftsfl\u00e4chen. Das erste Unter- sowie Obergeschoss bieten mit ihrem vielf\u00e4ltigen Gastronomie-Angebot ausreichend Verpflegung f\u00fcr Pendler\/innen und Arbeitende.<\/p>\n<p>Nutzen Sie die Chance und kontaktieren Sie uns f\u00fcr weitere Informationen oder einen Besichtigungstermin.<\/p>\n<p>Ausbaustandard: Rohbau<\/p>\n<p>Information Besichtigung: Sarah M\u00fcnger<br \/>+41 79 400 29 84<br \/>sarah.muenger@sbb.ch<\/p>\n","protected":false},"excerpt":{"rendered":"<p>Im 2. Obergeschoss des Hauptgeb\u00e4udes ist eine B\u00fcrofl\u00e4che \u00e0 700 Quadratmeter (auf dem Grundrissplan violett eingef\u00e4rbt) ab dem 1. Oktober 2026 verf\u00fcgbar. Diese ist bestens angebunden, direkt \u00fcber die Eingangshalle des Bahnhofs Bern als auch \u00fcber die Parkterrasse erreichbar und \u00fcberblickt Bahnhofsplatz und\/oder Innenstadt (Seite Neuengasse). Die \u00dcbernahme wird im Rohbau erfolgen. Lagerr\u00e4umlichkeiten stehen bei [&hellip;]<\/p>\n","protected":false},"author":1,"featured_media":811061,"parent":0,"menu_order":22,"comment_status":"closed","ping_status":"closed","template":"","meta":{"_acf_changed":false,"inline_featured_image":false,"footnotes":""},"casawp_category":[15315],"casawp_feature":[],"casawp_utility":[15334],"casawp_location":[15374,15386,15308],"casawp_salestype":[15306],"casawp_availability":[15307],"casawp_region":[],"class_list":["post-811060","casawp_property","type-casawp_property","status-publish","has-post-thumbnail","hentry","casawp_category-office","casawp_utility-commercial","casawp_location-region_be","casawp_location-locality_bern","casawp_location-country_ch","casawp_salestype-rent","casawp_availability-active"],"acf":[],"yoast_head":"<!-- This site is optimized with the Yoast SEO Premium plugin v27.4 (Yoast SEO v27.4) - https:\/\/yoast.com\/product\/yoast-seo-premium-wordpress\/ -->\n<title>Oggetto in affitto a Bern | FFS Immobili<\/title>\n<meta name=\"robots\" content=\"index, follow, max-snippet:-1, max-image-preview:large, max-video-preview:-1\" \/>\n<link rel=\"canonical\" href=\"https:\/\/sbb-immobilien.ch\/it\/immobili\/1643140it-oggetto-in-affitto-a-bern\/\" \/>\n<meta property=\"og:locale\" content=\"it_IT\" \/>\n<meta property=\"og:type\" content=\"article\" \/>\n<meta property=\"og:title\" content=\"Oggetto in affitto a Bern\" \/>\n<meta property=\"og:description\" content=\"Im 2. Obergeschoss des Hauptgeb\u00e4udes ist eine B\u00fcrofl\u00e4che \u00e0 700 Quadratmeter (auf dem Grundrissplan violett eingef\u00e4rbt) ab dem 1. Oktober 2026 verf\u00fcgbar. Diese ist bestens angebunden, direkt \u00fcber die Eingangshalle des Bahnhofs Bern als auch \u00fcber die Parkterrasse erreichbar und \u00fcberblickt Bahnhofsplatz und\/oder Innenstadt (Seite Neuengasse). Die \u00dcbernahme wird im Rohbau erfolgen. Lagerr\u00e4umlichkeiten stehen bei [&hellip;]\" \/>\n<meta property=\"og:url\" content=\"https:\/\/sbb-immobilien.ch\/it\/immobili\/1643140it-oggetto-in-affitto-a-bern\/\" \/>\n<meta property=\"og:site_name\" content=\"FFS Immobili\" \/>\n<meta property=\"article:modified_time\" content=\"2026-05-01T08:31:21+00:00\" \/>\n<meta name=\"twitter:card\" content=\"summary_large_image\" \/>\n<meta name=\"twitter:label1\" content=\"Tempo di lettura stimato\" \/>\n\t<meta name=\"twitter:data1\" content=\"1 minuto\" \/>\n<script type=\"application\/ld+json\" class=\"yoast-schema-graph\">{\"@context\":\"https:\\\/\\\/schema.org\",\"@graph\":[{\"@type\":[\"WebPage\",\"RealEstateListing\"],\"@id\":\"https:\\\/\\\/sbb-immobilien.ch\\\/it\\\/immobili\\\/1643140it-oggetto-in-affitto-a-bern\\\/\",\"url\":\"https:\\\/\\\/sbb-immobilien.ch\\\/it\\\/immobili\\\/1643140it-oggetto-in-affitto-a-bern\\\/\",\"name\":\"Oggetto in affitto a Bern | FFS Immobili\",\"isPartOf\":{\"@id\":\"https:\\\/\\\/sbb-immobilien.ch\\\/it\\\/#website\"},\"primaryImageOfPage\":{\"@id\":\"https:\\\/\\\/sbb-immobilien.ch\\\/it\\\/immobili\\\/1643140it-oggetto-in-affitto-a-bern\\\/#primaryimage\"},\"image\":{\"@id\":\"https:\\\/\\\/sbb-immobilien.ch\\\/it\\\/immobili\\\/1643140it-oggetto-in-affitto-a-bern\\\/#primaryimage\"},\"thumbnailUrl\":\"https:\\\/\\\/cdn.casasoft.com\\\/media\\\/provider-13858\\\/property-1643140\\\/f061ec0c5d751079a938f2717455f1fd.JPG?p=xl\",\"datePublished\":\"2025-09-09T06:39:05+00:00\",\"dateModified\":\"2026-05-01T08:31:21+00:00\",\"breadcrumb\":{\"@id\":\"https:\\\/\\\/sbb-immobilien.ch\\\/it\\\/immobili\\\/1643140it-oggetto-in-affitto-a-bern\\\/#breadcrumb\"},\"inLanguage\":\"it-IT\",\"potentialAction\":[{\"@type\":\"ReadAction\",\"target\":[\"https:\\\/\\\/sbb-immobilien.ch\\\/it\\\/immobili\\\/1643140it-oggetto-in-affitto-a-bern\\\/\"]}]},{\"@type\":\"ImageObject\",\"inLanguage\":\"it-IT\",\"@id\":\"https:\\\/\\\/sbb-immobilien.ch\\\/it\\\/immobili\\\/1643140it-oggetto-in-affitto-a-bern\\\/#primaryimage\",\"url\":\"https:\\\/\\\/cdn.casasoft.com\\\/media\\\/provider-13858\\\/property-1643140\\\/f061ec0c5d751079a938f2717455f1fd.JPG?p=xl\",\"contentUrl\":\"https:\\\/\\\/cdn.casasoft.com\\\/media\\\/provider-13858\\\/property-1643140\\\/f061ec0c5d751079a938f2717455f1fd.JPG?p=xl\"},{\"@type\":\"BreadcrumbList\",\"@id\":\"https:\\\/\\\/sbb-immobilien.ch\\\/it\\\/immobili\\\/1643140it-oggetto-in-affitto-a-bern\\\/#breadcrumb\",\"itemListElement\":[{\"@type\":\"ListItem\",\"position\":1,\"name\":\"Home\",\"item\":\"https:\\\/\\\/sbb-immobilien.ch\\\/it\\\/\"},{\"@type\":\"ListItem\",\"position\":2,\"name\":\"Propriet\u00e0\",\"item\":\"https:\\\/\\\/sbb-immobilien.ch\\\/it\\\/immobili\\\/\"},{\"@type\":\"ListItem\",\"position\":3,\"name\":\"Oggetto in affitto a Bern\"}]},{\"@type\":\"WebSite\",\"@id\":\"https:\\\/\\\/sbb-immobilien.ch\\\/it\\\/#website\",\"url\":\"https:\\\/\\\/sbb-immobilien.ch\\\/it\\\/\",\"name\":\"FFS Immobili\",\"description\":\"Immobili nella migliore posizione.\",\"publisher\":{\"@id\":\"https:\\\/\\\/sbb-immobilien.ch\\\/it\\\/#organization\"},\"potentialAction\":[{\"@type\":\"SearchAction\",\"target\":{\"@type\":\"EntryPoint\",\"urlTemplate\":\"https:\\\/\\\/sbb-immobilien.ch\\\/it\\\/?s={search_term_string}\"},\"query-input\":{\"@type\":\"PropertyValueSpecification\",\"valueRequired\":true,\"valueName\":\"search_term_string\"}}],\"inLanguage\":\"it-IT\"},{\"@type\":\"Organization\",\"@id\":\"https:\\\/\\\/sbb-immobilien.ch\\\/it\\\/#organization\",\"name\":\"SBB Immobilien\",\"url\":\"https:\\\/\\\/sbb-immobilien.ch\\\/it\\\/\",\"logo\":{\"@type\":\"ImageObject\",\"inLanguage\":\"it-IT\",\"@id\":\"https:\\\/\\\/sbb-immobilien.ch\\\/it\\\/#\\\/schema\\\/logo\\\/image\\\/\",\"url\":\"https:\\/\\/cdn.sbb-immobilien.ch\\/w:1617\\/h:1080\\/q:mauto\\/f:best\\/https:\\/\\/sbb-immobilien.ch\\/wp-content\\/uploads\\/2021\\/11\\/SBB_byte_200329_DSC_4292_2500px.jpg\",\"contentUrl\":\"https:\\/\\/cdn.sbb-immobilien.ch\\/w:1617\\/h:1080\\/q:mauto\\/f:best\\/https:\\/\\/sbb-immobilien.ch\\/wp-content\\/uploads\\/2021\\/11\\/SBB_byte_200329_DSC_4292_2500px.jpg\",\"width\":2500,\"height\":1669,\"caption\":\"SBB Immobilien\"},\"image\":{\"@id\":\"https:\\\/\\\/sbb-immobilien.ch\\\/it\\\/#\\\/schema\\\/logo\\\/image\\\/\"},\"sameAs\":[\"https:\\\/\\\/ch.linkedin.com\\\/showcase\\\/immobilienberufe?trk=affiliated-pages\",\"https:\\\/\\\/de.wikipedia.org\\\/wiki\\\/Schweizerische_Bundesbahnen\"]}]}<\/script>\n<!-- \/ Yoast SEO Premium plugin. -->","yoast_head_json":{"title":"Oggetto in affitto a Bern | FFS Immobili","robots":{"index":"index","follow":"follow","max-snippet":"max-snippet:-1","max-image-preview":"max-image-preview:large","max-video-preview":"max-video-preview:-1"},"canonical":"https:\/\/sbb-immobilien.ch\/it\/immobili\/1643140it-oggetto-in-affitto-a-bern\/","og_locale":"it_IT","og_type":"article","og_title":"Oggetto in affitto a Bern","og_description":"Im 2. Obergeschoss des Hauptgeb\u00e4udes ist eine B\u00fcrofl\u00e4che \u00e0 700 Quadratmeter (auf dem Grundrissplan violett eingef\u00e4rbt) ab dem 1. Oktober 2026 verf\u00fcgbar. Diese ist bestens angebunden, direkt \u00fcber die Eingangshalle des Bahnhofs Bern als auch \u00fcber die Parkterrasse erreichbar und \u00fcberblickt Bahnhofsplatz und\/oder Innenstadt (Seite Neuengasse). Die \u00dcbernahme wird im Rohbau erfolgen. Lagerr\u00e4umlichkeiten stehen bei [&hellip;]","og_url":"https:\/\/sbb-immobilien.ch\/it\/immobili\/1643140it-oggetto-in-affitto-a-bern\/","og_site_name":"FFS Immobili","article_modified_time":"2026-05-01T08:31:21+00:00","twitter_card":"summary_large_image","twitter_misc":{"Tempo di lettura stimato":"1 minuto"},"schema":{"@context":"https:\/\/schema.org","@graph":[{"@type":["WebPage","RealEstateListing"],"@id":"https:\/\/sbb-immobilien.ch\/it\/immobili\/1643140it-oggetto-in-affitto-a-bern\/","url":"https:\/\/sbb-immobilien.ch\/it\/immobili\/1643140it-oggetto-in-affitto-a-bern\/","name":"Oggetto in affitto a Bern | FFS Immobili","isPartOf":{"@id":"https:\/\/sbb-immobilien.ch\/it\/#website"},"primaryImageOfPage":{"@id":"https:\/\/sbb-immobilien.ch\/it\/immobili\/1643140it-oggetto-in-affitto-a-bern\/#primaryimage"},"image":{"@id":"https:\/\/sbb-immobilien.ch\/it\/immobili\/1643140it-oggetto-in-affitto-a-bern\/#primaryimage"},"thumbnailUrl":"https:\/\/cdn.casasoft.com\/media\/provider-13858\/property-1643140\/f061ec0c5d751079a938f2717455f1fd.JPG?p=xl","datePublished":"2025-09-09T06:39:05+00:00","dateModified":"2026-05-01T08:31:21+00:00","breadcrumb":{"@id":"https:\/\/sbb-immobilien.ch\/it\/immobili\/1643140it-oggetto-in-affitto-a-bern\/#breadcrumb"},"inLanguage":"it-IT","potentialAction":[{"@type":"ReadAction","target":["https:\/\/sbb-immobilien.ch\/it\/immobili\/1643140it-oggetto-in-affitto-a-bern\/"]}]},{"@type":"ImageObject","inLanguage":"it-IT","@id":"https:\/\/sbb-immobilien.ch\/it\/immobili\/1643140it-oggetto-in-affitto-a-bern\/#primaryimage","url":"https:\/\/cdn.casasoft.com\/media\/provider-13858\/property-1643140\/f061ec0c5d751079a938f2717455f1fd.JPG?p=xl","contentUrl":"https:\/\/cdn.casasoft.com\/media\/provider-13858\/property-1643140\/f061ec0c5d751079a938f2717455f1fd.JPG?p=xl"},{"@type":"BreadcrumbList","@id":"https:\/\/sbb-immobilien.ch\/it\/immobili\/1643140it-oggetto-in-affitto-a-bern\/#breadcrumb","itemListElement":[{"@type":"ListItem","position":1,"name":"Home","item":"https:\/\/sbb-immobilien.ch\/it\/"},{"@type":"ListItem","position":2,"name":"Propriet\u00e0","item":"https:\/\/sbb-immobilien.ch\/it\/immobili\/"},{"@type":"ListItem","position":3,"name":"Oggetto in affitto a Bern"}]},{"@type":"WebSite","@id":"https:\/\/sbb-immobilien.ch\/it\/#website","url":"https:\/\/sbb-immobilien.ch\/it\/","name":"FFS Immobili","description":"Immobili nella migliore posizione.","publisher":{"@id":"https:\/\/sbb-immobilien.ch\/it\/#organization"},"potentialAction":[{"@type":"SearchAction","target":{"@type":"EntryPoint","urlTemplate":"https:\/\/sbb-immobilien.ch\/it\/?s={search_term_string}"},"query-input":{"@type":"PropertyValueSpecification","valueRequired":true,"valueName":"search_term_string"}}],"inLanguage":"it-IT"},{"@type":"Organization","@id":"https:\/\/sbb-immobilien.ch\/it\/#organization","name":"SBB Immobilien","url":"https:\/\/sbb-immobilien.ch\/it\/","logo":{"@type":"ImageObject","inLanguage":"it-IT","@id":"https:\/\/sbb-immobilien.ch\/it\/#\/schema\/logo\/image\/","url":"https:\/\/cdn.sbb-immobilien.ch\/w:1617\/h:1080\/q:mauto\/f:best\/https:\/\/sbb-immobilien.ch\/wp-content\/uploads\/2021\/11\/SBB_byte_200329_DSC_4292_2500px.jpg","contentUrl":"https:\/\/cdn.sbb-immobilien.ch\/w:1617\/h:1080\/q:mauto\/f:best\/https:\/\/sbb-immobilien.ch\/wp-content\/uploads\/2021\/11\/SBB_byte_200329_DSC_4292_2500px.jpg","width":2500,"height":1669,"caption":"SBB Immobilien"},"image":{"@id":"https:\/\/sbb-immobilien.ch\/it\/#\/schema\/logo\/image\/"},"sameAs":["https:\/\/ch.linkedin.com\/showcase\/immobilienberufe?trk=affiliated-pages","https:\/\/de.wikipedia.org\/wiki\/Schweizerische_Bundesbahnen"]}]}},"_links":{"self":[{"href":"https:\/\/sbb-immobilien.ch\/it\/wp-json\/wp\/v2\/casawp_property\/811060","targetHints":{"allow":["GET"]}}],"collection":[{"href":"https:\/\/sbb-immobilien.ch\/it\/wp-json\/wp\/v2\/casawp_property"}],"about":[{"href":"https:\/\/sbb-immobilien.ch\/it\/wp-json\/wp\/v2\/types\/casawp_property"}],"author":[{"embeddable":true,"href":"https:\/\/sbb-immobilien.ch\/it\/wp-json\/wp\/v2\/users\/1"}],"replies":[{"embeddable":true,"href":"https:\/\/sbb-immobilien.ch\/it\/wp-json\/wp\/v2\/comments?post=811060"}],"version-history":[{"count":0,"href":"https:\/\/sbb-immobilien.ch\/it\/wp-json\/wp\/v2\/casawp_property\/811060\/revisions"}],"wp:featuredmedia":[{"embeddable":true,"href":"https:\/\/sbb-immobilien.ch\/it\/wp-json\/wp\/v2\/media\/811061"}],"wp:attachment":[{"href":"https:\/\/sbb-immobilien.ch\/it\/wp-json\/wp\/v2\/media?parent=811060"}],"wp:term":[{"taxonomy":"casawp_category","embeddable":true,"href":"https:\/\/sbb-immobilien.ch\/it\/wp-json\/wp\/v2\/casawp_category?post=811060"},{"taxonomy":"casawp_feature","embeddable":true,"href":"https:\/\/sbb-immobilien.ch\/it\/wp-json\/wp\/v2\/casawp_feature?post=811060"},{"taxonomy":"casawp_utility","embeddable":true,"href":"https:\/\/sbb-immobilien.ch\/it\/wp-json\/wp\/v2\/casawp_utility?post=811060"},{"taxonomy":"casawp_location","embeddable":true,"href":"https:\/\/sbb-immobilien.ch\/it\/wp-json\/wp\/v2\/casawp_location?post=811060"},{"taxonomy":"casawp_salestype","embeddable":true,"href":"https:\/\/sbb-immobilien.ch\/it\/wp-json\/wp\/v2\/casawp_salestype?post=811060"},{"taxonomy":"casawp_availability","embeddable":true,"href":"https:\/\/sbb-immobilien.ch\/it\/wp-json\/wp\/v2\/casawp_availability?post=811060"},{"taxonomy":"casawp_region","embeddable":true,"href":"https:\/\/sbb-immobilien.ch\/it\/wp-json\/wp\/v2\/casawp_region?post=811060"}],"curies":[{"name":"wp","href":"https:\/\/api.w.org\/{rel}","templated":true}]}}