{"id":811776,"date":"2025-05-19T15:14:03","date_gmt":"2025-05-19T13:14:03","guid":{"rendered":"https:\/\/sbb-immobilien.ch\/immobilien\/1594147it-oggetto-in-affitto-a-cully\/"},"modified":"2026-04-28T11:32:47","modified_gmt":"2026-04-28T09:32:47","slug":"1594147it-oggetto-in-affitto-a-cully","status":"publish","type":"casawp_property","link":"https:\/\/sbb-immobilien.ch\/it\/immobili\/1594147it-oggetto-in-affitto-a-cully\/","title":{"rendered":"Oggetto in affitto a Cully"},"content":{"rendered":"<p>Surface modulable \u00e0 louer \u2013 Id\u00e9ale pour un centre de fitness ou une activit\u00e9 sportive dynamique !<\/p>\n<p>Offrez \u00e0 votre activit\u00e9 un cadre unique, au c\u0153ur du prestigieux Lavaux ! Situ\u00e9e dans la charmante localit\u00e9 de Cully, cette surface enti\u00e8rement personnalisable vous permet de cr\u00e9er un espace sur-mesure, parfaitement adapt\u00e9 \u00e0 votre concept de salle de sport, studio de yoga, centre de bien-\u00eatre ou autre activit\u00e9 ax\u00e9e sur la sant\u00e9 et le mouvement.<\/p>\n<p>Un emplacement exceptionnel :<br \/>Nich\u00e9e entre vignobles et rivages, Cully incarne l\u2019art de vivre \u00e0 la suisse : tranquillit\u00e9, qualit\u00e9 de vie, et panorama d\u2019exception sur le L\u00e9man. Connue pour ses plages, son ambiance chaleureuse et ses festivals embl\u00e9matiques (Cully Jazz, Lavaux Classic), la ville attire une population active et vari\u00e9e, en qu\u00eate de bien-\u00eatre et d\u2019authenticit\u00e9.<\/p>\n<p>Les avantages cl\u00e9s :<\/p>\n<ul>\n<li>\n<p>\u00c0 deux pas de la gare de Cully : accessibilit\u00e9 optimale pour vos clients et collaborateurs<\/p>\n<\/li>\n<li>\n<p>Proximit\u00e9 imm\u00e9diate avec des \u00e9coles, cr\u00e8ches, infrastructures sportives et commerces<\/p>\n<\/li>\n<li>\n<p>Situ\u00e9 dans le quartier \u00ab En Lavaux \u00bb, en plein d\u00e9veloppement, offrant une forte visibilit\u00e9 et un fort potentiel de passage<\/p>\n<\/li>\n<li>\n<p>Cadre lumineux et ambiance conviviale, propices \u00e0 la fid\u00e9lisation de votre client\u00e8le<\/p>\n<\/li>\n<li>\n<p>Ce nouveau p\u00f4le commercial et r\u00e9sidentiel est con\u00e7u pour favoriser la mixit\u00e9 d\u2019activit\u00e9s.<br \/>Rejoignez un \u00e9cosyst\u00e8me dynamique en pleine expansion et contribuez \u00e0 en faire un lieu de vie et de bien-\u00eatre incontournable.<\/p>\n<\/li>\n<\/ul>\n<p>Serez-vous celui qui fera bouger Cully ?<\/p>\n<p>Information Visite: CFF SA &#8211; Immobilier Utilisation et Acquisition R\u00e9gion Ouest<br \/>V\u00e9ronique Berclaz<br \/>Sp\u00e9cialiste location<br \/>veronique.berclaz@cff.ch<\/p>\n","protected":false},"excerpt":{"rendered":"<p>Surface modulable \u00e0 louer \u2013 Id\u00e9ale pour un centre de fitness ou une activit\u00e9 sportive dynamique ! Offrez \u00e0 votre activit\u00e9 un cadre unique, au c\u0153ur du prestigieux Lavaux ! Situ\u00e9e dans la charmante localit\u00e9 de Cully, cette surface enti\u00e8rement personnalisable vous permet de cr\u00e9er un espace sur-mesure, parfaitement adapt\u00e9 \u00e0 votre concept de salle [&hellip;]<\/p>\n","protected":false},"author":1,"featured_media":811777,"parent":0,"menu_order":138,"comment_status":"closed","ping_status":"closed","template":"","meta":{"_acf_changed":false,"inline_featured_image":false,"footnotes":""},"casawp_category":[15353,15315,15317],"casawp_feature":[15300,15311],"casawp_utility":[15319],"casawp_location":[15308,15367,15320],"casawp_salestype":[15306],"casawp_availability":[15307],"casawp_region":[],"class_list":["post-811776","casawp_property","type-casawp_property","status-publish","has-post-thumbnail","hentry","casawp_category-hobby-room","casawp_category-office","casawp_category-retail","casawp_feature-has-elevator","casawp_feature-is-animal-friendly","casawp_utility-gastronomy","casawp_location-country_ch","casawp_location-locality_cully","casawp_location-region_vd","casawp_salestype-rent","casawp_availability-active"],"acf":[],"yoast_head":"<!-- This site is optimized with the Yoast SEO Premium plugin v27.4 (Yoast SEO v27.4) - https:\/\/yoast.com\/product\/yoast-seo-premium-wordpress\/ -->\n<title>Oggetto in affitto a Cully | FFS Immobili<\/title>\n<meta name=\"robots\" content=\"index, follow, max-snippet:-1, max-image-preview:large, max-video-preview:-1\" \/>\n<link rel=\"canonical\" href=\"https:\/\/sbb-immobilien.ch\/it\/immobili\/1594147it-oggetto-in-affitto-a-cully\/\" \/>\n<meta property=\"og:locale\" content=\"it_IT\" \/>\n<meta property=\"og:type\" content=\"article\" \/>\n<meta property=\"og:title\" content=\"Oggetto in affitto a Cully\" \/>\n<meta property=\"og:description\" content=\"Surface modulable \u00e0 louer \u2013 Id\u00e9ale pour un centre de fitness ou une activit\u00e9 sportive dynamique ! Offrez \u00e0 votre activit\u00e9 un cadre unique, au c\u0153ur du prestigieux Lavaux ! Situ\u00e9e dans la charmante localit\u00e9 de Cully, cette surface enti\u00e8rement personnalisable vous permet de cr\u00e9er un espace sur-mesure, parfaitement adapt\u00e9 \u00e0 votre concept de salle [&hellip;]\" \/>\n<meta property=\"og:url\" content=\"https:\/\/sbb-immobilien.ch\/it\/immobili\/1594147it-oggetto-in-affitto-a-cully\/\" \/>\n<meta property=\"og:site_name\" content=\"FFS Immobili\" \/>\n<meta property=\"article:modified_time\" content=\"2026-04-28T09:32:47+00:00\" \/>\n<meta name=\"twitter:card\" content=\"summary_large_image\" \/>\n<meta name=\"twitter:label1\" content=\"Tempo di lettura stimato\" \/>\n\t<meta name=\"twitter:data1\" content=\"1 minuto\" \/>\n<script type=\"application\/ld+json\" class=\"yoast-schema-graph\">{\"@context\":\"https:\\\/\\\/schema.org\",\"@graph\":[{\"@type\":[\"WebPage\",\"RealEstateListing\"],\"@id\":\"https:\\\/\\\/sbb-immobilien.ch\\\/it\\\/immobili\\\/1594147it-oggetto-in-affitto-a-cully\\\/\",\"url\":\"https:\\\/\\\/sbb-immobilien.ch\\\/it\\\/immobili\\\/1594147it-oggetto-in-affitto-a-cully\\\/\",\"name\":\"Oggetto in affitto a Cully | FFS Immobili\",\"isPartOf\":{\"@id\":\"https:\\\/\\\/sbb-immobilien.ch\\\/it\\\/#website\"},\"primaryImageOfPage\":{\"@id\":\"https:\\\/\\\/sbb-immobilien.ch\\\/it\\\/immobili\\\/1594147it-oggetto-in-affitto-a-cully\\\/#primaryimage\"},\"image\":{\"@id\":\"https:\\\/\\\/sbb-immobilien.ch\\\/it\\\/immobili\\\/1594147it-oggetto-in-affitto-a-cully\\\/#primaryimage\"},\"thumbnailUrl\":\"https:\\/\\/cdn.casasoft.com\\/media\\/provider-13858\\/property-1594147\\/advertisement-language-0cb33be5-d72f-f011-8c4d-0022480fa633-Cully%2C%20en%20Lavaux.jpg?p=xl\",\"datePublished\":\"2025-05-19T13:14:03+00:00\",\"dateModified\":\"2026-04-28T09:32:47+00:00\",\"breadcrumb\":{\"@id\":\"https:\\\/\\\/sbb-immobilien.ch\\\/it\\\/immobili\\\/1594147it-oggetto-in-affitto-a-cully\\\/#breadcrumb\"},\"inLanguage\":\"it-IT\",\"potentialAction\":[{\"@type\":\"ReadAction\",\"target\":[\"https:\\\/\\\/sbb-immobilien.ch\\\/it\\\/immobili\\\/1594147it-oggetto-in-affitto-a-cully\\\/\"]}]},{\"@type\":\"ImageObject\",\"inLanguage\":\"it-IT\",\"@id\":\"https:\\\/\\\/sbb-immobilien.ch\\\/it\\\/immobili\\\/1594147it-oggetto-in-affitto-a-cully\\\/#primaryimage\",\"url\":\"https:\\/\\/cdn.casasoft.com\\/media\\/provider-13858\\/property-1594147\\/advertisement-language-0cb33be5-d72f-f011-8c4d-0022480fa633-Cully%2C%20en%20Lavaux.jpg?p=xl\",\"contentUrl\":\"https:\\/\\/cdn.casasoft.com\\/media\\/provider-13858\\/property-1594147\\/advertisement-language-0cb33be5-d72f-f011-8c4d-0022480fa633-Cully%2C%20en%20Lavaux.jpg?p=xl\"},{\"@type\":\"BreadcrumbList\",\"@id\":\"https:\\\/\\\/sbb-immobilien.ch\\\/it\\\/immobili\\\/1594147it-oggetto-in-affitto-a-cully\\\/#breadcrumb\",\"itemListElement\":[{\"@type\":\"ListItem\",\"position\":1,\"name\":\"Home\",\"item\":\"https:\\\/\\\/sbb-immobilien.ch\\\/it\\\/\"},{\"@type\":\"ListItem\",\"position\":2,\"name\":\"Propriet\u00e0\",\"item\":\"https:\\\/\\\/sbb-immobilien.ch\\\/it\\\/immobili\\\/\"},{\"@type\":\"ListItem\",\"position\":3,\"name\":\"Oggetto in affitto a Cully\"}]},{\"@type\":\"WebSite\",\"@id\":\"https:\\\/\\\/sbb-immobilien.ch\\\/it\\\/#website\",\"url\":\"https:\\\/\\\/sbb-immobilien.ch\\\/it\\\/\",\"name\":\"FFS Immobili\",\"description\":\"Immobili nella migliore posizione.\",\"publisher\":{\"@id\":\"https:\\\/\\\/sbb-immobilien.ch\\\/it\\\/#organization\"},\"potentialAction\":[{\"@type\":\"SearchAction\",\"target\":{\"@type\":\"EntryPoint\",\"urlTemplate\":\"https:\\\/\\\/sbb-immobilien.ch\\\/it\\\/?s={search_term_string}\"},\"query-input\":{\"@type\":\"PropertyValueSpecification\",\"valueRequired\":true,\"valueName\":\"search_term_string\"}}],\"inLanguage\":\"it-IT\"},{\"@type\":\"Organization\",\"@id\":\"https:\\\/\\\/sbb-immobilien.ch\\\/it\\\/#organization\",\"name\":\"SBB Immobilien\",\"url\":\"https:\\\/\\\/sbb-immobilien.ch\\\/it\\\/\",\"logo\":{\"@type\":\"ImageObject\",\"inLanguage\":\"it-IT\",\"@id\":\"https:\\\/\\\/sbb-immobilien.ch\\\/it\\\/#\\\/schema\\\/logo\\\/image\\\/\",\"url\":\"https:\\/\\/cdn.sbb-immobilien.ch\\/w:1617\\/h:1080\\/q:mauto\\/f:best\\/https:\\/\\/sbb-immobilien.ch\\/wp-content\\/uploads\\/2021\\/11\\/SBB_byte_200329_DSC_4292_2500px.jpg\",\"contentUrl\":\"https:\\/\\/cdn.sbb-immobilien.ch\\/w:1617\\/h:1080\\/q:mauto\\/f:best\\/https:\\/\\/sbb-immobilien.ch\\/wp-content\\/uploads\\/2021\\/11\\/SBB_byte_200329_DSC_4292_2500px.jpg\",\"width\":2500,\"height\":1669,\"caption\":\"SBB Immobilien\"},\"image\":{\"@id\":\"https:\\\/\\\/sbb-immobilien.ch\\\/it\\\/#\\\/schema\\\/logo\\\/image\\\/\"},\"sameAs\":[\"https:\\\/\\\/ch.linkedin.com\\\/showcase\\\/immobilienberufe?trk=affiliated-pages\",\"https:\\\/\\\/de.wikipedia.org\\\/wiki\\\/Schweizerische_Bundesbahnen\"]}]}<\/script>\n<!-- \/ Yoast SEO Premium plugin. -->","yoast_head_json":{"title":"Oggetto in affitto a Cully | FFS Immobili","robots":{"index":"index","follow":"follow","max-snippet":"max-snippet:-1","max-image-preview":"max-image-preview:large","max-video-preview":"max-video-preview:-1"},"canonical":"https:\/\/sbb-immobilien.ch\/it\/immobili\/1594147it-oggetto-in-affitto-a-cully\/","og_locale":"it_IT","og_type":"article","og_title":"Oggetto in affitto a Cully","og_description":"Surface modulable \u00e0 louer \u2013 Id\u00e9ale pour un centre de fitness ou une activit\u00e9 sportive dynamique ! Offrez \u00e0 votre activit\u00e9 un cadre unique, au c\u0153ur du prestigieux Lavaux ! Situ\u00e9e dans la charmante localit\u00e9 de Cully, cette surface enti\u00e8rement personnalisable vous permet de cr\u00e9er un espace sur-mesure, parfaitement adapt\u00e9 \u00e0 votre concept de salle [&hellip;]","og_url":"https:\/\/sbb-immobilien.ch\/it\/immobili\/1594147it-oggetto-in-affitto-a-cully\/","og_site_name":"FFS Immobili","article_modified_time":"2026-04-28T09:32:47+00:00","twitter_card":"summary_large_image","twitter_misc":{"Tempo di lettura stimato":"1 minuto"},"schema":{"@context":"https:\/\/schema.org","@graph":[{"@type":["WebPage","RealEstateListing"],"@id":"https:\/\/sbb-immobilien.ch\/it\/immobili\/1594147it-oggetto-in-affitto-a-cully\/","url":"https:\/\/sbb-immobilien.ch\/it\/immobili\/1594147it-oggetto-in-affitto-a-cully\/","name":"Oggetto in affitto a Cully | FFS Immobili","isPartOf":{"@id":"https:\/\/sbb-immobilien.ch\/it\/#website"},"primaryImageOfPage":{"@id":"https:\/\/sbb-immobilien.ch\/it\/immobili\/1594147it-oggetto-in-affitto-a-cully\/#primaryimage"},"image":{"@id":"https:\/\/sbb-immobilien.ch\/it\/immobili\/1594147it-oggetto-in-affitto-a-cully\/#primaryimage"},"thumbnailUrl":"https:\/\/cdn.casasoft.com\/media\/provider-13858\/property-1594147\/advertisement-language-0cb33be5-d72f-f011-8c4d-0022480fa633-Cully%2C%20en%20Lavaux.jpg?p=xl","datePublished":"2025-05-19T13:14:03+00:00","dateModified":"2026-04-28T09:32:47+00:00","breadcrumb":{"@id":"https:\/\/sbb-immobilien.ch\/it\/immobili\/1594147it-oggetto-in-affitto-a-cully\/#breadcrumb"},"inLanguage":"it-IT","potentialAction":[{"@type":"ReadAction","target":["https:\/\/sbb-immobilien.ch\/it\/immobili\/1594147it-oggetto-in-affitto-a-cully\/"]}]},{"@type":"ImageObject","inLanguage":"it-IT","@id":"https:\/\/sbb-immobilien.ch\/it\/immobili\/1594147it-oggetto-in-affitto-a-cully\/#primaryimage","url":"https:\/\/cdn.casasoft.com\/media\/provider-13858\/property-1594147\/advertisement-language-0cb33be5-d72f-f011-8c4d-0022480fa633-Cully%2C%20en%20Lavaux.jpg?p=xl","contentUrl":"https:\/\/cdn.casasoft.com\/media\/provider-13858\/property-1594147\/advertisement-language-0cb33be5-d72f-f011-8c4d-0022480fa633-Cully%2C%20en%20Lavaux.jpg?p=xl"},{"@type":"BreadcrumbList","@id":"https:\/\/sbb-immobilien.ch\/it\/immobili\/1594147it-oggetto-in-affitto-a-cully\/#breadcrumb","itemListElement":[{"@type":"ListItem","position":1,"name":"Home","item":"https:\/\/sbb-immobilien.ch\/it\/"},{"@type":"ListItem","position":2,"name":"Propriet\u00e0","item":"https:\/\/sbb-immobilien.ch\/it\/immobili\/"},{"@type":"ListItem","position":3,"name":"Oggetto in affitto a Cully"}]},{"@type":"WebSite","@id":"https:\/\/sbb-immobilien.ch\/it\/#website","url":"https:\/\/sbb-immobilien.ch\/it\/","name":"FFS Immobili","description":"Immobili nella migliore posizione.","publisher":{"@id":"https:\/\/sbb-immobilien.ch\/it\/#organization"},"potentialAction":[{"@type":"SearchAction","target":{"@type":"EntryPoint","urlTemplate":"https:\/\/sbb-immobilien.ch\/it\/?s={search_term_string}"},"query-input":{"@type":"PropertyValueSpecification","valueRequired":true,"valueName":"search_term_string"}}],"inLanguage":"it-IT"},{"@type":"Organization","@id":"https:\/\/sbb-immobilien.ch\/it\/#organization","name":"SBB Immobilien","url":"https:\/\/sbb-immobilien.ch\/it\/","logo":{"@type":"ImageObject","inLanguage":"it-IT","@id":"https:\/\/sbb-immobilien.ch\/it\/#\/schema\/logo\/image\/","url":"https:\/\/cdn.sbb-immobilien.ch\/w:1617\/h:1080\/q:mauto\/f:best\/https:\/\/sbb-immobilien.ch\/wp-content\/uploads\/2021\/11\/SBB_byte_200329_DSC_4292_2500px.jpg","contentUrl":"https:\/\/cdn.sbb-immobilien.ch\/w:1617\/h:1080\/q:mauto\/f:best\/https:\/\/sbb-immobilien.ch\/wp-content\/uploads\/2021\/11\/SBB_byte_200329_DSC_4292_2500px.jpg","width":2500,"height":1669,"caption":"SBB Immobilien"},"image":{"@id":"https:\/\/sbb-immobilien.ch\/it\/#\/schema\/logo\/image\/"},"sameAs":["https:\/\/ch.linkedin.com\/showcase\/immobilienberufe?trk=affiliated-pages","https:\/\/de.wikipedia.org\/wiki\/Schweizerische_Bundesbahnen"]}]}},"_links":{"self":[{"href":"https:\/\/sbb-immobilien.ch\/it\/wp-json\/wp\/v2\/casawp_property\/811776","targetHints":{"allow":["GET"]}}],"collection":[{"href":"https:\/\/sbb-immobilien.ch\/it\/wp-json\/wp\/v2\/casawp_property"}],"about":[{"href":"https:\/\/sbb-immobilien.ch\/it\/wp-json\/wp\/v2\/types\/casawp_property"}],"author":[{"embeddable":true,"href":"https:\/\/sbb-immobilien.ch\/it\/wp-json\/wp\/v2\/users\/1"}],"replies":[{"embeddable":true,"href":"https:\/\/sbb-immobilien.ch\/it\/wp-json\/wp\/v2\/comments?post=811776"}],"version-history":[{"count":0,"href":"https:\/\/sbb-immobilien.ch\/it\/wp-json\/wp\/v2\/casawp_property\/811776\/revisions"}],"wp:featuredmedia":[{"embeddable":true,"href":"https:\/\/sbb-immobilien.ch\/it\/wp-json\/wp\/v2\/media\/811777"}],"wp:attachment":[{"href":"https:\/\/sbb-immobilien.ch\/it\/wp-json\/wp\/v2\/media?parent=811776"}],"wp:term":[{"taxonomy":"casawp_category","embeddable":true,"href":"https:\/\/sbb-immobilien.ch\/it\/wp-json\/wp\/v2\/casawp_category?post=811776"},{"taxonomy":"casawp_feature","embeddable":true,"href":"https:\/\/sbb-immobilien.ch\/it\/wp-json\/wp\/v2\/casawp_feature?post=811776"},{"taxonomy":"casawp_utility","embeddable":true,"href":"https:\/\/sbb-immobilien.ch\/it\/wp-json\/wp\/v2\/casawp_utility?post=811776"},{"taxonomy":"casawp_location","embeddable":true,"href":"https:\/\/sbb-immobilien.ch\/it\/wp-json\/wp\/v2\/casawp_location?post=811776"},{"taxonomy":"casawp_salestype","embeddable":true,"href":"https:\/\/sbb-immobilien.ch\/it\/wp-json\/wp\/v2\/casawp_salestype?post=811776"},{"taxonomy":"casawp_availability","embeddable":true,"href":"https:\/\/sbb-immobilien.ch\/it\/wp-json\/wp\/v2\/casawp_availability?post=811776"},{"taxonomy":"casawp_region","embeddable":true,"href":"https:\/\/sbb-immobilien.ch\/it\/wp-json\/wp\/v2\/casawp_region?post=811776"}],"curies":[{"name":"wp","href":"https:\/\/api.w.org\/{rel}","templated":true}]}}