{"id":812350,"date":"2026-04-23T13:38:04","date_gmt":"2026-04-23T11:38:04","guid":{"rendered":"https:\/\/sbb-immobilien.ch\/immobilien\/1738209it-oggetto-in-affitto-a-kallnach\/"},"modified":"2026-04-24T14:30:56","modified_gmt":"2026-04-24T12:30:56","slug":"1738209it-oggetto-in-affitto-a-kallnach","status":"publish","type":"casawp_property","link":"https:\/\/sbb-immobilien.ch\/it\/immobili\/1738209it-oggetto-in-affitto-a-kallnach\/","title":{"rendered":"Oggetto in affitto a Kallnach"},"content":{"rendered":"<p>In Kallnach erwartet Sie eine sanierte Gewerbefl\u00e4che an ruhiger Lage direkt beim Bahnhof ab ca. Mai 2027. Die Fl\u00e4che eignet sich ideal als B\u00fcro oder Atelier und bietet vielseitige Nutzungsm\u00f6glichkeiten f\u00fcr Start-ups, Selbstst\u00e4ndige und kleinere Unternehmen.<\/p>\n<p>Die Einheit verf\u00fcgt \u00fcber zwei separate R\u00e4ume, eine moderne K\u00fcche sowie ein Badezimmer. Mit einer Gesamtfl\u00e4che von 60.6 m\u00b2 zuz\u00fcglich einem 6 m\u00b2 Reduit bietet das Objekt eine kompakte, funktionale und gut strukturierte Arbeitsumgebung im Erdgeschoss.<\/p>\n<p>Die Lage \u00fcberzeugt durch ihre direkte N\u00e4he zum Bahnhof Kallnach sowie die ruhige, l\u00e4ndlich gepr\u00e4gte Umgebung mit weiten Feldern und einem kleinen Dorfzentrum in Gehdistanz. Trotz der idyllischen Umgebung ist das Objekt gut erreichbar und bietet eine angenehme Arbeitsatmosph\u00e4re abseits des st\u00e4dtischen Trubels.<\/p>\n<p>Im Obergeschoss befindet sich zus\u00e4tzlich eine 3-Zimmer-Wohnung.<\/p>\n<p>Weitere spannende Fl\u00e4chenangebote finden Sie ausserdem unter sbb-immobilien.ch\/mieten<\/p>\n<p>Ausbaustandard: Ausgebaut<\/p>\n<p>Information Besichtigung: Das Geb\u00e4ude wird erst noch gebaut, weshalb die Fl\u00e4che aktuell nicht besichtigt werden kann.<\/p>\n","protected":false},"excerpt":{"rendered":"<p>In Kallnach erwartet Sie eine sanierte Gewerbefl\u00e4che an ruhiger Lage direkt beim Bahnhof ab ca. Mai 2027. Die Fl\u00e4che eignet sich ideal als B\u00fcro oder Atelier und bietet vielseitige Nutzungsm\u00f6glichkeiten f\u00fcr Start-ups, Selbstst\u00e4ndige und kleinere Unternehmen. Die Einheit verf\u00fcgt \u00fcber zwei separate R\u00e4ume, eine moderne K\u00fcche sowie ein Badezimmer. Mit einer Gesamtfl\u00e4che von 60.6 m\u00b2 [&hellip;]<\/p>\n","protected":false},"author":0,"featured_media":812351,"parent":0,"menu_order":2,"comment_status":"closed","ping_status":"closed","template":"","meta":{"_acf_changed":false,"inline_featured_image":false,"footnotes":""},"casawp_category":[15315,15398],"casawp_feature":[],"casawp_utility":[15319],"casawp_location":[15374,15308,15743],"casawp_salestype":[15306],"casawp_availability":[15307],"casawp_region":[],"class_list":["post-812350","casawp_property","type-casawp_property","status-publish","has-post-thumbnail","hentry","casawp_category-office","casawp_category-studio","casawp_utility-gastronomy","casawp_location-region_be","casawp_location-country_ch","casawp_location-locality_kallnach","casawp_salestype-rent","casawp_availability-active"],"acf":[],"yoast_head":"<!-- This site is optimized with the Yoast SEO Premium plugin v27.4 (Yoast SEO v27.4) - https:\/\/yoast.com\/product\/yoast-seo-premium-wordpress\/ -->\n<title>Oggetto in affitto a Kallnach | FFS Immobili<\/title>\n<meta name=\"robots\" content=\"index, follow, max-snippet:-1, max-image-preview:large, max-video-preview:-1\" \/>\n<link rel=\"canonical\" href=\"https:\/\/sbb-immobilien.ch\/it\/immobili\/1738209it-oggetto-in-affitto-a-kallnach\/\" \/>\n<meta property=\"og:locale\" content=\"it_IT\" \/>\n<meta property=\"og:type\" content=\"article\" \/>\n<meta property=\"og:title\" content=\"Oggetto in affitto a Kallnach\" \/>\n<meta property=\"og:description\" content=\"In Kallnach erwartet Sie eine sanierte Gewerbefl\u00e4che an ruhiger Lage direkt beim Bahnhof ab ca. Mai 2027. Die Fl\u00e4che eignet sich ideal als B\u00fcro oder Atelier und bietet vielseitige Nutzungsm\u00f6glichkeiten f\u00fcr Start-ups, Selbstst\u00e4ndige und kleinere Unternehmen. Die Einheit verf\u00fcgt \u00fcber zwei separate R\u00e4ume, eine moderne K\u00fcche sowie ein Badezimmer. Mit einer Gesamtfl\u00e4che von 60.6 m\u00b2 [&hellip;]\" \/>\n<meta property=\"og:url\" content=\"https:\/\/sbb-immobilien.ch\/it\/immobili\/1738209it-oggetto-in-affitto-a-kallnach\/\" \/>\n<meta property=\"og:site_name\" content=\"FFS Immobili\" \/>\n<meta property=\"article:modified_time\" content=\"2026-04-24T12:30:56+00:00\" \/>\n<meta name=\"twitter:card\" content=\"summary_large_image\" \/>\n<meta name=\"twitter:label1\" content=\"Tempo di lettura stimato\" \/>\n\t<meta name=\"twitter:data1\" content=\"1 minuto\" \/>\n<script type=\"application\/ld+json\" class=\"yoast-schema-graph\">{\"@context\":\"https:\\\/\\\/schema.org\",\"@graph\":[{\"@type\":[\"WebPage\",\"RealEstateListing\"],\"@id\":\"https:\\\/\\\/sbb-immobilien.ch\\\/it\\\/immobili\\\/1738209it-oggetto-in-affitto-a-kallnach\\\/\",\"url\":\"https:\\\/\\\/sbb-immobilien.ch\\\/it\\\/immobili\\\/1738209it-oggetto-in-affitto-a-kallnach\\\/\",\"name\":\"Oggetto in affitto a Kallnach | FFS Immobili\",\"isPartOf\":{\"@id\":\"https:\\\/\\\/sbb-immobilien.ch\\\/it\\\/#website\"},\"primaryImageOfPage\":{\"@id\":\"https:\\\/\\\/sbb-immobilien.ch\\\/it\\\/immobili\\\/1738209it-oggetto-in-affitto-a-kallnach\\\/#primaryimage\"},\"image\":{\"@id\":\"https:\\\/\\\/sbb-immobilien.ch\\\/it\\\/immobili\\\/1738209it-oggetto-in-affitto-a-kallnach\\\/#primaryimage\"},\"thumbnailUrl\":\"https:\\/\\/cdn.casasoft.com\\/media\\/provider-13858\\/property-1738209\\/advertisement-language-19eb5854-553e-f111-88b4-7ced8d42bd56-A_Bahnhof%20Kallnach.png?p=xl\",\"datePublished\":\"2026-04-23T11:38:04+00:00\",\"dateModified\":\"2026-04-24T12:30:56+00:00\",\"breadcrumb\":{\"@id\":\"https:\\\/\\\/sbb-immobilien.ch\\\/it\\\/immobili\\\/1738209it-oggetto-in-affitto-a-kallnach\\\/#breadcrumb\"},\"inLanguage\":\"it-IT\",\"potentialAction\":[{\"@type\":\"ReadAction\",\"target\":[\"https:\\\/\\\/sbb-immobilien.ch\\\/it\\\/immobili\\\/1738209it-oggetto-in-affitto-a-kallnach\\\/\"]}]},{\"@type\":\"ImageObject\",\"inLanguage\":\"it-IT\",\"@id\":\"https:\\\/\\\/sbb-immobilien.ch\\\/it\\\/immobili\\\/1738209it-oggetto-in-affitto-a-kallnach\\\/#primaryimage\",\"url\":\"https:\\/\\/cdn.casasoft.com\\/media\\/provider-13858\\/property-1738209\\/advertisement-language-19eb5854-553e-f111-88b4-7ced8d42bd56-A_Bahnhof%20Kallnach.png?p=xl\",\"contentUrl\":\"https:\\/\\/cdn.casasoft.com\\/media\\/provider-13858\\/property-1738209\\/advertisement-language-19eb5854-553e-f111-88b4-7ced8d42bd56-A_Bahnhof%20Kallnach.png?p=xl\"},{\"@type\":\"BreadcrumbList\",\"@id\":\"https:\\\/\\\/sbb-immobilien.ch\\\/it\\\/immobili\\\/1738209it-oggetto-in-affitto-a-kallnach\\\/#breadcrumb\",\"itemListElement\":[{\"@type\":\"ListItem\",\"position\":1,\"name\":\"Home\",\"item\":\"https:\\\/\\\/sbb-immobilien.ch\\\/it\\\/\"},{\"@type\":\"ListItem\",\"position\":2,\"name\":\"Propriet\u00e0\",\"item\":\"https:\\\/\\\/sbb-immobilien.ch\\\/it\\\/immobili\\\/\"},{\"@type\":\"ListItem\",\"position\":3,\"name\":\"Oggetto in affitto a Kallnach\"}]},{\"@type\":\"WebSite\",\"@id\":\"https:\\\/\\\/sbb-immobilien.ch\\\/it\\\/#website\",\"url\":\"https:\\\/\\\/sbb-immobilien.ch\\\/it\\\/\",\"name\":\"FFS Immobili\",\"description\":\"Immobili nella migliore posizione.\",\"publisher\":{\"@id\":\"https:\\\/\\\/sbb-immobilien.ch\\\/it\\\/#organization\"},\"potentialAction\":[{\"@type\":\"SearchAction\",\"target\":{\"@type\":\"EntryPoint\",\"urlTemplate\":\"https:\\\/\\\/sbb-immobilien.ch\\\/it\\\/?s={search_term_string}\"},\"query-input\":{\"@type\":\"PropertyValueSpecification\",\"valueRequired\":true,\"valueName\":\"search_term_string\"}}],\"inLanguage\":\"it-IT\"},{\"@type\":\"Organization\",\"@id\":\"https:\\\/\\\/sbb-immobilien.ch\\\/it\\\/#organization\",\"name\":\"SBB Immobilien\",\"url\":\"https:\\\/\\\/sbb-immobilien.ch\\\/it\\\/\",\"logo\":{\"@type\":\"ImageObject\",\"inLanguage\":\"it-IT\",\"@id\":\"https:\\\/\\\/sbb-immobilien.ch\\\/it\\\/#\\\/schema\\\/logo\\\/image\\\/\",\"url\":\"https:\\/\\/cdn.sbb-immobilien.ch\\/w:1617\\/h:1080\\/q:mauto\\/f:best\\/https:\\/\\/sbb-immobilien.ch\\/wp-content\\/uploads\\/2021\\/11\\/SBB_byte_200329_DSC_4292_2500px.jpg\",\"contentUrl\":\"https:\\/\\/cdn.sbb-immobilien.ch\\/w:1617\\/h:1080\\/q:mauto\\/f:best\\/https:\\/\\/sbb-immobilien.ch\\/wp-content\\/uploads\\/2021\\/11\\/SBB_byte_200329_DSC_4292_2500px.jpg\",\"width\":2500,\"height\":1669,\"caption\":\"SBB Immobilien\"},\"image\":{\"@id\":\"https:\\\/\\\/sbb-immobilien.ch\\\/it\\\/#\\\/schema\\\/logo\\\/image\\\/\"},\"sameAs\":[\"https:\\\/\\\/ch.linkedin.com\\\/showcase\\\/immobilienberufe?trk=affiliated-pages\",\"https:\\\/\\\/de.wikipedia.org\\\/wiki\\\/Schweizerische_Bundesbahnen\"]}]}<\/script>\n<!-- \/ Yoast SEO Premium plugin. -->","yoast_head_json":{"title":"Oggetto in affitto a Kallnach | FFS Immobili","robots":{"index":"index","follow":"follow","max-snippet":"max-snippet:-1","max-image-preview":"max-image-preview:large","max-video-preview":"max-video-preview:-1"},"canonical":"https:\/\/sbb-immobilien.ch\/it\/immobili\/1738209it-oggetto-in-affitto-a-kallnach\/","og_locale":"it_IT","og_type":"article","og_title":"Oggetto in affitto a Kallnach","og_description":"In Kallnach erwartet Sie eine sanierte Gewerbefl\u00e4che an ruhiger Lage direkt beim Bahnhof ab ca. Mai 2027. Die Fl\u00e4che eignet sich ideal als B\u00fcro oder Atelier und bietet vielseitige Nutzungsm\u00f6glichkeiten f\u00fcr Start-ups, Selbstst\u00e4ndige und kleinere Unternehmen. Die Einheit verf\u00fcgt \u00fcber zwei separate R\u00e4ume, eine moderne K\u00fcche sowie ein Badezimmer. Mit einer Gesamtfl\u00e4che von 60.6 m\u00b2 [&hellip;]","og_url":"https:\/\/sbb-immobilien.ch\/it\/immobili\/1738209it-oggetto-in-affitto-a-kallnach\/","og_site_name":"FFS Immobili","article_modified_time":"2026-04-24T12:30:56+00:00","twitter_card":"summary_large_image","twitter_misc":{"Tempo di lettura stimato":"1 minuto"},"schema":{"@context":"https:\/\/schema.org","@graph":[{"@type":["WebPage","RealEstateListing"],"@id":"https:\/\/sbb-immobilien.ch\/it\/immobili\/1738209it-oggetto-in-affitto-a-kallnach\/","url":"https:\/\/sbb-immobilien.ch\/it\/immobili\/1738209it-oggetto-in-affitto-a-kallnach\/","name":"Oggetto in affitto a Kallnach | FFS Immobili","isPartOf":{"@id":"https:\/\/sbb-immobilien.ch\/it\/#website"},"primaryImageOfPage":{"@id":"https:\/\/sbb-immobilien.ch\/it\/immobili\/1738209it-oggetto-in-affitto-a-kallnach\/#primaryimage"},"image":{"@id":"https:\/\/sbb-immobilien.ch\/it\/immobili\/1738209it-oggetto-in-affitto-a-kallnach\/#primaryimage"},"thumbnailUrl":"https:\/\/cdn.casasoft.com\/media\/provider-13858\/property-1738209\/advertisement-language-19eb5854-553e-f111-88b4-7ced8d42bd56-A_Bahnhof%20Kallnach.png?p=xl","datePublished":"2026-04-23T11:38:04+00:00","dateModified":"2026-04-24T12:30:56+00:00","breadcrumb":{"@id":"https:\/\/sbb-immobilien.ch\/it\/immobili\/1738209it-oggetto-in-affitto-a-kallnach\/#breadcrumb"},"inLanguage":"it-IT","potentialAction":[{"@type":"ReadAction","target":["https:\/\/sbb-immobilien.ch\/it\/immobili\/1738209it-oggetto-in-affitto-a-kallnach\/"]}]},{"@type":"ImageObject","inLanguage":"it-IT","@id":"https:\/\/sbb-immobilien.ch\/it\/immobili\/1738209it-oggetto-in-affitto-a-kallnach\/#primaryimage","url":"https:\/\/cdn.casasoft.com\/media\/provider-13858\/property-1738209\/advertisement-language-19eb5854-553e-f111-88b4-7ced8d42bd56-A_Bahnhof%20Kallnach.png?p=xl","contentUrl":"https:\/\/cdn.casasoft.com\/media\/provider-13858\/property-1738209\/advertisement-language-19eb5854-553e-f111-88b4-7ced8d42bd56-A_Bahnhof%20Kallnach.png?p=xl"},{"@type":"BreadcrumbList","@id":"https:\/\/sbb-immobilien.ch\/it\/immobili\/1738209it-oggetto-in-affitto-a-kallnach\/#breadcrumb","itemListElement":[{"@type":"ListItem","position":1,"name":"Home","item":"https:\/\/sbb-immobilien.ch\/it\/"},{"@type":"ListItem","position":2,"name":"Propriet\u00e0","item":"https:\/\/sbb-immobilien.ch\/it\/immobili\/"},{"@type":"ListItem","position":3,"name":"Oggetto in affitto a Kallnach"}]},{"@type":"WebSite","@id":"https:\/\/sbb-immobilien.ch\/it\/#website","url":"https:\/\/sbb-immobilien.ch\/it\/","name":"FFS Immobili","description":"Immobili nella migliore posizione.","publisher":{"@id":"https:\/\/sbb-immobilien.ch\/it\/#organization"},"potentialAction":[{"@type":"SearchAction","target":{"@type":"EntryPoint","urlTemplate":"https:\/\/sbb-immobilien.ch\/it\/?s={search_term_string}"},"query-input":{"@type":"PropertyValueSpecification","valueRequired":true,"valueName":"search_term_string"}}],"inLanguage":"it-IT"},{"@type":"Organization","@id":"https:\/\/sbb-immobilien.ch\/it\/#organization","name":"SBB Immobilien","url":"https:\/\/sbb-immobilien.ch\/it\/","logo":{"@type":"ImageObject","inLanguage":"it-IT","@id":"https:\/\/sbb-immobilien.ch\/it\/#\/schema\/logo\/image\/","url":"https:\/\/cdn.sbb-immobilien.ch\/w:1617\/h:1080\/q:mauto\/f:best\/https:\/\/sbb-immobilien.ch\/wp-content\/uploads\/2021\/11\/SBB_byte_200329_DSC_4292_2500px.jpg","contentUrl":"https:\/\/cdn.sbb-immobilien.ch\/w:1617\/h:1080\/q:mauto\/f:best\/https:\/\/sbb-immobilien.ch\/wp-content\/uploads\/2021\/11\/SBB_byte_200329_DSC_4292_2500px.jpg","width":2500,"height":1669,"caption":"SBB Immobilien"},"image":{"@id":"https:\/\/sbb-immobilien.ch\/it\/#\/schema\/logo\/image\/"},"sameAs":["https:\/\/ch.linkedin.com\/showcase\/immobilienberufe?trk=affiliated-pages","https:\/\/de.wikipedia.org\/wiki\/Schweizerische_Bundesbahnen"]}]}},"_links":{"self":[{"href":"https:\/\/sbb-immobilien.ch\/it\/wp-json\/wp\/v2\/casawp_property\/812350","targetHints":{"allow":["GET"]}}],"collection":[{"href":"https:\/\/sbb-immobilien.ch\/it\/wp-json\/wp\/v2\/casawp_property"}],"about":[{"href":"https:\/\/sbb-immobilien.ch\/it\/wp-json\/wp\/v2\/types\/casawp_property"}],"replies":[{"embeddable":true,"href":"https:\/\/sbb-immobilien.ch\/it\/wp-json\/wp\/v2\/comments?post=812350"}],"version-history":[{"count":0,"href":"https:\/\/sbb-immobilien.ch\/it\/wp-json\/wp\/v2\/casawp_property\/812350\/revisions"}],"wp:featuredmedia":[{"embeddable":true,"href":"https:\/\/sbb-immobilien.ch\/it\/wp-json\/wp\/v2\/media\/812351"}],"wp:attachment":[{"href":"https:\/\/sbb-immobilien.ch\/it\/wp-json\/wp\/v2\/media?parent=812350"}],"wp:term":[{"taxonomy":"casawp_category","embeddable":true,"href":"https:\/\/sbb-immobilien.ch\/it\/wp-json\/wp\/v2\/casawp_category?post=812350"},{"taxonomy":"casawp_feature","embeddable":true,"href":"https:\/\/sbb-immobilien.ch\/it\/wp-json\/wp\/v2\/casawp_feature?post=812350"},{"taxonomy":"casawp_utility","embeddable":true,"href":"https:\/\/sbb-immobilien.ch\/it\/wp-json\/wp\/v2\/casawp_utility?post=812350"},{"taxonomy":"casawp_location","embeddable":true,"href":"https:\/\/sbb-immobilien.ch\/it\/wp-json\/wp\/v2\/casawp_location?post=812350"},{"taxonomy":"casawp_salestype","embeddable":true,"href":"https:\/\/sbb-immobilien.ch\/it\/wp-json\/wp\/v2\/casawp_salestype?post=812350"},{"taxonomy":"casawp_availability","embeddable":true,"href":"https:\/\/sbb-immobilien.ch\/it\/wp-json\/wp\/v2\/casawp_availability?post=812350"},{"taxonomy":"casawp_region","embeddable":true,"href":"https:\/\/sbb-immobilien.ch\/it\/wp-json\/wp\/v2\/casawp_region?post=812350"}],"curies":[{"name":"wp","href":"https:\/\/api.w.org\/{rel}","templated":true}]}}