{"id":812452,"date":"2026-04-27T11:06:04","date_gmt":"2026-04-27T09:06:04","guid":{"rendered":"https:\/\/sbb-immobilien.ch\/immobilien\/1739898it-oggetto-in-affitto-a-lausanne\/"},"modified":"2026-05-01T10:31:24","modified_gmt":"2026-05-01T08:31:24","slug":"1739898it-oggetto-in-affitto-a-lausanne","status":"publish","type":"casawp_property","link":"https:\/\/sbb-immobilien.ch\/it\/immobili\/1739898it-oggetto-in-affitto-a-lausanne\/","title":{"rendered":"Oggetto in affitto a Lausanne"},"content":{"rendered":"<p>\u00c0 l\u2019interface entre le centre de Lausanne et les nouvelles centralit\u00e9s de l\u2019Ouest lausannois, ce site s\u2019inscrit pleinement dans une logique de couture urbaine, renforc\u00e9e par le tram t1, infrastructure structurante appel\u00e9e \u00e0 redessiner les mobilit\u00e9s, les usages et l\u2019urbanit\u00e9 le long de son trac\u00e9.<\/p>\n<p>Ce local d\u00e9p\u00f4t d&#8217;environ 40m2 est disponible \u00e0 la location.<\/p>\n<p>Technique et caract\u00e9ristiques :<br \/>&#8211; Surface d&#8217;environ 40 m2, avec fen\u00eatres<br \/>&#8211; Acc\u00e8s : escalier et monte-charges<br \/>&#8211; WC communs dans le b\u00e2timent<br \/>&#8211; Disponibilit\u00e9 : d\u00e8s le 01.05.2026<\/p>\n<p>Loyer mensuel :<br \/>Loyer brut : Fr. 405.00 + TVA<\/p>\n<p>Information Visite: Locataire actuel :<br \/>M. Dogan Karakus au +41 79 219 08 88<\/p>\n","protected":false},"excerpt":{"rendered":"<p>\u00c0 l\u2019interface entre le centre de Lausanne et les nouvelles centralit\u00e9s de l\u2019Ouest lausannois, ce site s\u2019inscrit pleinement dans une logique de couture urbaine, renforc\u00e9e par le tram t1, infrastructure structurante appel\u00e9e \u00e0 redessiner les mobilit\u00e9s, les usages et l\u2019urbanit\u00e9 le long de son trac\u00e9. Ce local d\u00e9p\u00f4t d&#8217;environ 40m2 est disponible \u00e0 la location. [&hellip;]<\/p>\n","protected":false},"author":0,"featured_media":812453,"parent":0,"menu_order":23,"comment_status":"closed","ping_status":"closed","template":"","meta":{"_acf_changed":false,"inline_featured_image":false,"footnotes":""},"casawp_category":[15352],"casawp_feature":[15300,15373],"casawp_utility":[15377],"casawp_location":[15308,15745,15320],"casawp_salestype":[15306],"casawp_availability":[15307],"casawp_region":[],"class_list":["post-812452","casawp_property","type-casawp_property","status-publish","has-post-thumbnail","hentry","casawp_category-warehouse","casawp_feature-has-elevator","casawp_feature-is-old-building","casawp_utility-storage","casawp_location-country_ch","casawp_location-locality_lausanne","casawp_location-region_vd","casawp_salestype-rent","casawp_availability-active"],"acf":[],"yoast_head":"<!-- This site is optimized with the Yoast SEO Premium plugin v27.4 (Yoast SEO v27.4) - https:\/\/yoast.com\/product\/yoast-seo-premium-wordpress\/ -->\n<title>Oggetto in affitto a Lausanne | FFS Immobili<\/title>\n<meta name=\"robots\" content=\"index, follow, max-snippet:-1, max-image-preview:large, max-video-preview:-1\" \/>\n<link rel=\"canonical\" href=\"https:\/\/sbb-immobilien.ch\/it\/immobili\/1739898it-oggetto-in-affitto-a-lausanne\/\" \/>\n<meta property=\"og:locale\" content=\"it_IT\" \/>\n<meta property=\"og:type\" content=\"article\" \/>\n<meta property=\"og:title\" content=\"Oggetto in affitto a Lausanne\" \/>\n<meta property=\"og:description\" content=\"\u00c0 l\u2019interface entre le centre de Lausanne et les nouvelles centralit\u00e9s de l\u2019Ouest lausannois, ce site s\u2019inscrit pleinement dans une logique de couture urbaine, renforc\u00e9e par le tram t1, infrastructure structurante appel\u00e9e \u00e0 redessiner les mobilit\u00e9s, les usages et l\u2019urbanit\u00e9 le long de son trac\u00e9. Ce local d\u00e9p\u00f4t d&#8217;environ 40m2 est disponible \u00e0 la location. [&hellip;]\" \/>\n<meta property=\"og:url\" content=\"https:\/\/sbb-immobilien.ch\/it\/immobili\/1739898it-oggetto-in-affitto-a-lausanne\/\" \/>\n<meta property=\"og:site_name\" content=\"FFS Immobili\" \/>\n<meta property=\"article:modified_time\" content=\"2026-05-01T08:31:24+00:00\" \/>\n<meta name=\"twitter:card\" content=\"summary_large_image\" \/>\n<meta name=\"twitter:label1\" content=\"Tempo di lettura stimato\" \/>\n\t<meta name=\"twitter:data1\" content=\"1 minuto\" \/>\n<script type=\"application\/ld+json\" class=\"yoast-schema-graph\">{\"@context\":\"https:\\\/\\\/schema.org\",\"@graph\":[{\"@type\":[\"WebPage\",\"RealEstateListing\"],\"@id\":\"https:\\\/\\\/sbb-immobilien.ch\\\/it\\\/immobili\\\/1739898it-oggetto-in-affitto-a-lausanne\\\/\",\"url\":\"https:\\\/\\\/sbb-immobilien.ch\\\/it\\\/immobili\\\/1739898it-oggetto-in-affitto-a-lausanne\\\/\",\"name\":\"Oggetto in affitto a Lausanne | FFS Immobili\",\"isPartOf\":{\"@id\":\"https:\\\/\\\/sbb-immobilien.ch\\\/it\\\/#website\"},\"primaryImageOfPage\":{\"@id\":\"https:\\\/\\\/sbb-immobilien.ch\\\/it\\\/immobili\\\/1739898it-oggetto-in-affitto-a-lausanne\\\/#primaryimage\"},\"image\":{\"@id\":\"https:\\\/\\\/sbb-immobilien.ch\\\/it\\\/immobili\\\/1739898it-oggetto-in-affitto-a-lausanne\\\/#primaryimage\"},\"thumbnailUrl\":\"https:\\/\\/cdn.casasoft.com\\/media\\/provider-13858\\/property-1739898\\/1a1aae769d8a0f013619d56df059ffa7.png?p=xl\",\"datePublished\":\"2026-04-27T09:06:04+00:00\",\"dateModified\":\"2026-05-01T08:31:24+00:00\",\"breadcrumb\":{\"@id\":\"https:\\\/\\\/sbb-immobilien.ch\\\/it\\\/immobili\\\/1739898it-oggetto-in-affitto-a-lausanne\\\/#breadcrumb\"},\"inLanguage\":\"it-IT\",\"potentialAction\":[{\"@type\":\"ReadAction\",\"target\":[\"https:\\\/\\\/sbb-immobilien.ch\\\/it\\\/immobili\\\/1739898it-oggetto-in-affitto-a-lausanne\\\/\"]}]},{\"@type\":\"ImageObject\",\"inLanguage\":\"it-IT\",\"@id\":\"https:\\\/\\\/sbb-immobilien.ch\\\/it\\\/immobili\\\/1739898it-oggetto-in-affitto-a-lausanne\\\/#primaryimage\",\"url\":\"https:\\/\\/cdn.casasoft.com\\/media\\/provider-13858\\/property-1739898\\/1a1aae769d8a0f013619d56df059ffa7.png?p=xl\",\"contentUrl\":\"https:\\/\\/cdn.casasoft.com\\/media\\/provider-13858\\/property-1739898\\/1a1aae769d8a0f013619d56df059ffa7.png?p=xl\"},{\"@type\":\"BreadcrumbList\",\"@id\":\"https:\\\/\\\/sbb-immobilien.ch\\\/it\\\/immobili\\\/1739898it-oggetto-in-affitto-a-lausanne\\\/#breadcrumb\",\"itemListElement\":[{\"@type\":\"ListItem\",\"position\":1,\"name\":\"Home\",\"item\":\"https:\\\/\\\/sbb-immobilien.ch\\\/it\\\/\"},{\"@type\":\"ListItem\",\"position\":2,\"name\":\"Propriet\u00e0\",\"item\":\"https:\\\/\\\/sbb-immobilien.ch\\\/it\\\/immobili\\\/\"},{\"@type\":\"ListItem\",\"position\":3,\"name\":\"Oggetto in affitto a Lausanne\"}]},{\"@type\":\"WebSite\",\"@id\":\"https:\\\/\\\/sbb-immobilien.ch\\\/it\\\/#website\",\"url\":\"https:\\\/\\\/sbb-immobilien.ch\\\/it\\\/\",\"name\":\"FFS Immobili\",\"description\":\"Immobili nella migliore posizione.\",\"publisher\":{\"@id\":\"https:\\\/\\\/sbb-immobilien.ch\\\/it\\\/#organization\"},\"potentialAction\":[{\"@type\":\"SearchAction\",\"target\":{\"@type\":\"EntryPoint\",\"urlTemplate\":\"https:\\\/\\\/sbb-immobilien.ch\\\/it\\\/?s={search_term_string}\"},\"query-input\":{\"@type\":\"PropertyValueSpecification\",\"valueRequired\":true,\"valueName\":\"search_term_string\"}}],\"inLanguage\":\"it-IT\"},{\"@type\":\"Organization\",\"@id\":\"https:\\\/\\\/sbb-immobilien.ch\\\/it\\\/#organization\",\"name\":\"SBB Immobilien\",\"url\":\"https:\\\/\\\/sbb-immobilien.ch\\\/it\\\/\",\"logo\":{\"@type\":\"ImageObject\",\"inLanguage\":\"it-IT\",\"@id\":\"https:\\\/\\\/sbb-immobilien.ch\\\/it\\\/#\\\/schema\\\/logo\\\/image\\\/\",\"url\":\"https:\\/\\/cdn.sbb-immobilien.ch\\/w:1617\\/h:1080\\/q:mauto\\/f:best\\/https:\\/\\/sbb-immobilien.ch\\/wp-content\\/uploads\\/2021\\/11\\/SBB_byte_200329_DSC_4292_2500px.jpg\",\"contentUrl\":\"https:\\/\\/cdn.sbb-immobilien.ch\\/w:1617\\/h:1080\\/q:mauto\\/f:best\\/https:\\/\\/sbb-immobilien.ch\\/wp-content\\/uploads\\/2021\\/11\\/SBB_byte_200329_DSC_4292_2500px.jpg\",\"width\":2500,\"height\":1669,\"caption\":\"SBB Immobilien\"},\"image\":{\"@id\":\"https:\\\/\\\/sbb-immobilien.ch\\\/it\\\/#\\\/schema\\\/logo\\\/image\\\/\"},\"sameAs\":[\"https:\\\/\\\/ch.linkedin.com\\\/showcase\\\/immobilienberufe?trk=affiliated-pages\",\"https:\\\/\\\/de.wikipedia.org\\\/wiki\\\/Schweizerische_Bundesbahnen\"]}]}<\/script>\n<!-- \/ Yoast SEO Premium plugin. -->","yoast_head_json":{"title":"Oggetto in affitto a Lausanne | FFS Immobili","robots":{"index":"index","follow":"follow","max-snippet":"max-snippet:-1","max-image-preview":"max-image-preview:large","max-video-preview":"max-video-preview:-1"},"canonical":"https:\/\/sbb-immobilien.ch\/it\/immobili\/1739898it-oggetto-in-affitto-a-lausanne\/","og_locale":"it_IT","og_type":"article","og_title":"Oggetto in affitto a Lausanne","og_description":"\u00c0 l\u2019interface entre le centre de Lausanne et les nouvelles centralit\u00e9s de l\u2019Ouest lausannois, ce site s\u2019inscrit pleinement dans une logique de couture urbaine, renforc\u00e9e par le tram t1, infrastructure structurante appel\u00e9e \u00e0 redessiner les mobilit\u00e9s, les usages et l\u2019urbanit\u00e9 le long de son trac\u00e9. Ce local d\u00e9p\u00f4t d&#8217;environ 40m2 est disponible \u00e0 la location. [&hellip;]","og_url":"https:\/\/sbb-immobilien.ch\/it\/immobili\/1739898it-oggetto-in-affitto-a-lausanne\/","og_site_name":"FFS Immobili","article_modified_time":"2026-05-01T08:31:24+00:00","twitter_card":"summary_large_image","twitter_misc":{"Tempo di lettura stimato":"1 minuto"},"schema":{"@context":"https:\/\/schema.org","@graph":[{"@type":["WebPage","RealEstateListing"],"@id":"https:\/\/sbb-immobilien.ch\/it\/immobili\/1739898it-oggetto-in-affitto-a-lausanne\/","url":"https:\/\/sbb-immobilien.ch\/it\/immobili\/1739898it-oggetto-in-affitto-a-lausanne\/","name":"Oggetto in affitto a Lausanne | FFS Immobili","isPartOf":{"@id":"https:\/\/sbb-immobilien.ch\/it\/#website"},"primaryImageOfPage":{"@id":"https:\/\/sbb-immobilien.ch\/it\/immobili\/1739898it-oggetto-in-affitto-a-lausanne\/#primaryimage"},"image":{"@id":"https:\/\/sbb-immobilien.ch\/it\/immobili\/1739898it-oggetto-in-affitto-a-lausanne\/#primaryimage"},"thumbnailUrl":"https:\/\/cdn.casasoft.com\/media\/provider-13858\/property-1739898\/1a1aae769d8a0f013619d56df059ffa7.png?p=xl","datePublished":"2026-04-27T09:06:04+00:00","dateModified":"2026-05-01T08:31:24+00:00","breadcrumb":{"@id":"https:\/\/sbb-immobilien.ch\/it\/immobili\/1739898it-oggetto-in-affitto-a-lausanne\/#breadcrumb"},"inLanguage":"it-IT","potentialAction":[{"@type":"ReadAction","target":["https:\/\/sbb-immobilien.ch\/it\/immobili\/1739898it-oggetto-in-affitto-a-lausanne\/"]}]},{"@type":"ImageObject","inLanguage":"it-IT","@id":"https:\/\/sbb-immobilien.ch\/it\/immobili\/1739898it-oggetto-in-affitto-a-lausanne\/#primaryimage","url":"https:\/\/cdn.casasoft.com\/media\/provider-13858\/property-1739898\/1a1aae769d8a0f013619d56df059ffa7.png?p=xl","contentUrl":"https:\/\/cdn.casasoft.com\/media\/provider-13858\/property-1739898\/1a1aae769d8a0f013619d56df059ffa7.png?p=xl"},{"@type":"BreadcrumbList","@id":"https:\/\/sbb-immobilien.ch\/it\/immobili\/1739898it-oggetto-in-affitto-a-lausanne\/#breadcrumb","itemListElement":[{"@type":"ListItem","position":1,"name":"Home","item":"https:\/\/sbb-immobilien.ch\/it\/"},{"@type":"ListItem","position":2,"name":"Propriet\u00e0","item":"https:\/\/sbb-immobilien.ch\/it\/immobili\/"},{"@type":"ListItem","position":3,"name":"Oggetto in affitto a Lausanne"}]},{"@type":"WebSite","@id":"https:\/\/sbb-immobilien.ch\/it\/#website","url":"https:\/\/sbb-immobilien.ch\/it\/","name":"FFS Immobili","description":"Immobili nella migliore posizione.","publisher":{"@id":"https:\/\/sbb-immobilien.ch\/it\/#organization"},"potentialAction":[{"@type":"SearchAction","target":{"@type":"EntryPoint","urlTemplate":"https:\/\/sbb-immobilien.ch\/it\/?s={search_term_string}"},"query-input":{"@type":"PropertyValueSpecification","valueRequired":true,"valueName":"search_term_string"}}],"inLanguage":"it-IT"},{"@type":"Organization","@id":"https:\/\/sbb-immobilien.ch\/it\/#organization","name":"SBB Immobilien","url":"https:\/\/sbb-immobilien.ch\/it\/","logo":{"@type":"ImageObject","inLanguage":"it-IT","@id":"https:\/\/sbb-immobilien.ch\/it\/#\/schema\/logo\/image\/","url":"https:\/\/cdn.sbb-immobilien.ch\/w:1617\/h:1080\/q:mauto\/f:best\/https:\/\/sbb-immobilien.ch\/wp-content\/uploads\/2021\/11\/SBB_byte_200329_DSC_4292_2500px.jpg","contentUrl":"https:\/\/cdn.sbb-immobilien.ch\/w:1617\/h:1080\/q:mauto\/f:best\/https:\/\/sbb-immobilien.ch\/wp-content\/uploads\/2021\/11\/SBB_byte_200329_DSC_4292_2500px.jpg","width":2500,"height":1669,"caption":"SBB Immobilien"},"image":{"@id":"https:\/\/sbb-immobilien.ch\/it\/#\/schema\/logo\/image\/"},"sameAs":["https:\/\/ch.linkedin.com\/showcase\/immobilienberufe?trk=affiliated-pages","https:\/\/de.wikipedia.org\/wiki\/Schweizerische_Bundesbahnen"]}]}},"_links":{"self":[{"href":"https:\/\/sbb-immobilien.ch\/it\/wp-json\/wp\/v2\/casawp_property\/812452","targetHints":{"allow":["GET"]}}],"collection":[{"href":"https:\/\/sbb-immobilien.ch\/it\/wp-json\/wp\/v2\/casawp_property"}],"about":[{"href":"https:\/\/sbb-immobilien.ch\/it\/wp-json\/wp\/v2\/types\/casawp_property"}],"replies":[{"embeddable":true,"href":"https:\/\/sbb-immobilien.ch\/it\/wp-json\/wp\/v2\/comments?post=812452"}],"version-history":[{"count":0,"href":"https:\/\/sbb-immobilien.ch\/it\/wp-json\/wp\/v2\/casawp_property\/812452\/revisions"}],"wp:featuredmedia":[{"embeddable":true,"href":"https:\/\/sbb-immobilien.ch\/it\/wp-json\/wp\/v2\/media\/812453"}],"wp:attachment":[{"href":"https:\/\/sbb-immobilien.ch\/it\/wp-json\/wp\/v2\/media?parent=812452"}],"wp:term":[{"taxonomy":"casawp_category","embeddable":true,"href":"https:\/\/sbb-immobilien.ch\/it\/wp-json\/wp\/v2\/casawp_category?post=812452"},{"taxonomy":"casawp_feature","embeddable":true,"href":"https:\/\/sbb-immobilien.ch\/it\/wp-json\/wp\/v2\/casawp_feature?post=812452"},{"taxonomy":"casawp_utility","embeddable":true,"href":"https:\/\/sbb-immobilien.ch\/it\/wp-json\/wp\/v2\/casawp_utility?post=812452"},{"taxonomy":"casawp_location","embeddable":true,"href":"https:\/\/sbb-immobilien.ch\/it\/wp-json\/wp\/v2\/casawp_location?post=812452"},{"taxonomy":"casawp_salestype","embeddable":true,"href":"https:\/\/sbb-immobilien.ch\/it\/wp-json\/wp\/v2\/casawp_salestype?post=812452"},{"taxonomy":"casawp_availability","embeddable":true,"href":"https:\/\/sbb-immobilien.ch\/it\/wp-json\/wp\/v2\/casawp_availability?post=812452"},{"taxonomy":"casawp_region","embeddable":true,"href":"https:\/\/sbb-immobilien.ch\/it\/wp-json\/wp\/v2\/casawp_region?post=812452"}],"curies":[{"name":"wp","href":"https:\/\/api.w.org\/{rel}","templated":true}]}}