{"id":820517,"date":"2026-09-02T15:56:31","date_gmt":"2026-09-02T13:56:31","guid":{"rendered":"https:\/\/sbb-immobilien.ch\/immobilien\/1793280it-oggetto-in-affitto-a-wettingen\/"},"modified":"2026-09-02T17:00:47","modified_gmt":"2026-09-02T15:00:47","slug":"1793280it-oggetto-in-affitto-a-wettingen","status":"publish","type":"casawp_property","link":"https:\/\/sbb-immobilien.ch\/it\/immobili\/1793280it-oggetto-in-affitto-a-wettingen\/","title":{"rendered":"Oggetto in affitto a Wettingen"},"content":{"rendered":"<p>Wo heute Industrie und Gewerbe das Ortsbild von Wettingen pr\u00e4gen, entsteht in den n\u00e4chsten Jahren ein neues Quartier, das Wohnen, Arbeiten und Erholen miteinander verbindet \u2013 bestens angebunden an die regionalen Zentren und nur 20 S-Bahn-Minuten vom Hauptbahnhof Z\u00fcrich entfernt.<\/p>\n<p>Das Erdgeschoss umfasst ein vielf\u00e4ltiges Angebot aus sieben Retail- und Gastronomiekonzepten und sorgt f\u00fcr lebendige Frequenz. In den Obergeschossen entstehen rund 2000 m\u00b2 hochwertige B\u00fcro-, Gesundheits- und Bildungsfl\u00e4chen \u2013 ideal f\u00fcr Unternehmen, die von einer zentralen Lage und einem modernen Umfeld profitieren m\u00f6chten. Erg\u00e4nzt wird das Angebot durch komfortable 2.5- bis 4.5-Zimmer-Wohnungen, die urbanes Wohnen mit hoher Lebensqualit\u00e4t verbinden.<\/p>\n<p>F\u00fcr die Gewerbefl\u00e4che Nr.7 suchen wir ein Fachgesch\u00e4ft im Non Food Retail Bereich.<\/p>\n<p>Information Besichtigung: Die Gleislaube Wettingen befindet sich aktuell noch in der Errichtung. Daher sind keine Besichtigungen m\u00f6glich.<\/p>\n","protected":false},"excerpt":{"rendered":"<p>Wo heute Industrie und Gewerbe das Ortsbild von Wettingen pr\u00e4gen, entsteht in den n\u00e4chsten Jahren ein neues Quartier, das Wohnen, Arbeiten und Erholen miteinander verbindet \u2013 bestens angebunden an die regionalen Zentren und nur 20 S-Bahn-Minuten vom Hauptbahnhof Z\u00fcrich entfernt. Das Erdgeschoss umfasst ein vielf\u00e4ltiges Angebot aus sieben Retail- und Gastronomiekonzepten und sorgt f\u00fcr lebendige [&hellip;]<\/p>\n","protected":false},"author":0,"featured_media":820520,"parent":0,"menu_order":3,"comment_status":"closed","ping_status":"closed","template":"","meta":{"_acf_changed":false,"inline_featured_image":false,"footnotes":""},"casawp_category":[15317,15322],"casawp_feature":[15748,15756,15304],"casawp_utility":[15319],"casawp_location":[15313,15308,15759],"casawp_salestype":[15306],"casawp_availability":[15307],"casawp_region":[],"class_list":["post-820517","casawp_property","type-casawp_property","status-publish","has-post-thumbnail","hentry","casawp_category-retail","casawp_category-retail-space","casawp_feature-has-photovoltaic","casawp_feature-is-first-time-occupancy","casawp_feature-is-new-construction","casawp_utility-gastronomy","casawp_location-region_ag","casawp_location-country_ch","casawp_location-locality_wettingen","casawp_salestype-rent","casawp_availability-active"],"acf":[],"yoast_head":"<!-- This site is optimized with the Yoast SEO Premium plugin v28.2 (Yoast SEO v28.2) - https:\/\/yoast.com\/product\/yoast-seo-premium-wordpress\/ -->\n<title>Oggetto in affitto a Wettingen | FFS Immobili<\/title>\n<meta name=\"robots\" content=\"index, follow, max-snippet:-1, max-image-preview:large, max-video-preview:-1\" \/>\n<link rel=\"canonical\" href=\"https:\/\/sbb-immobilien.ch\/it\/immobili\/1793280it-oggetto-in-affitto-a-wettingen\/\" \/>\n<meta property=\"og:locale\" content=\"it_IT\" \/>\n<meta property=\"og:type\" content=\"article\" \/>\n<meta property=\"og:title\" content=\"Oggetto in affitto a Wettingen\" \/>\n<meta property=\"og:description\" content=\"Wo heute Industrie und Gewerbe das Ortsbild von Wettingen pr\u00e4gen, entsteht in den n\u00e4chsten Jahren ein neues Quartier, das Wohnen, Arbeiten und Erholen miteinander verbindet \u2013 bestens angebunden an die regionalen Zentren und nur 20 S-Bahn-Minuten vom Hauptbahnhof Z\u00fcrich entfernt. Das Erdgeschoss umfasst ein vielf\u00e4ltiges Angebot aus sieben Retail- und Gastronomiekonzepten und sorgt f\u00fcr lebendige [&hellip;]\" \/>\n<meta property=\"og:url\" content=\"https:\/\/sbb-immobilien.ch\/it\/immobili\/1793280it-oggetto-in-affitto-a-wettingen\/\" \/>\n<meta property=\"og:site_name\" content=\"FFS Immobili\" \/>\n<meta property=\"article:modified_time\" content=\"2026-09-02T15:00:47+00:00\" \/>\n<meta name=\"twitter:card\" content=\"summary_large_image\" \/>\n<meta name=\"twitter:label1\" content=\"Tempo di lettura stimato\" \/>\n\t<meta name=\"twitter:data1\" content=\"1 minuto\" \/>\n<script type=\"application\/ld+json\" class=\"yoast-schema-graph\">{\"@context\":\"https:\\\/\\\/schema.org\",\"@graph\":[{\"@type\":[\"WebPage\",\"RealEstateListing\"],\"@id\":\"https:\\\/\\\/sbb-immobilien.ch\\\/it\\\/immobili\\\/1793280it-oggetto-in-affitto-a-wettingen\\\/\",\"url\":\"https:\\\/\\\/sbb-immobilien.ch\\\/it\\\/immobili\\\/1793280it-oggetto-in-affitto-a-wettingen\\\/\",\"name\":\"Oggetto in affitto a Wettingen | FFS Immobili\",\"isPartOf\":{\"@id\":\"https:\\\/\\\/sbb-immobilien.ch\\\/it\\\/#website\"},\"primaryImageOfPage\":{\"@id\":\"https:\\\/\\\/sbb-immobilien.ch\\\/it\\\/immobili\\\/1793280it-oggetto-in-affitto-a-wettingen\\\/#primaryimage\"},\"image\":{\"@id\":\"https:\\\/\\\/sbb-immobilien.ch\\\/it\\\/immobili\\\/1793280it-oggetto-in-affitto-a-wettingen\\\/#primaryimage\"},\"thumbnailUrl\":\"https:\\\/\\\/cdn.casasoft.com\\\/media\\\/provider-13858\\\/property-1793280\\\/advertisement-language-9acf3255-c390-f111-8077-70a8a50978c3-WETTIN~4.JPG?p=xl\",\"datePublished\":\"2026-09-02T13:56:31+00:00\",\"dateModified\":\"2026-09-02T15:00:47+00:00\",\"breadcrumb\":{\"@id\":\"https:\\\/\\\/sbb-immobilien.ch\\\/it\\\/immobili\\\/1793280it-oggetto-in-affitto-a-wettingen\\\/#breadcrumb\"},\"inLanguage\":\"it-IT\",\"potentialAction\":[{\"@type\":\"ReadAction\",\"target\":[\"https:\\\/\\\/sbb-immobilien.ch\\\/it\\\/immobili\\\/1793280it-oggetto-in-affitto-a-wettingen\\\/\"]}]},{\"@type\":\"ImageObject\",\"inLanguage\":\"it-IT\",\"@id\":\"https:\\\/\\\/sbb-immobilien.ch\\\/it\\\/immobili\\\/1793280it-oggetto-in-affitto-a-wettingen\\\/#primaryimage\",\"url\":\"https:\\\/\\\/cdn.casasoft.com\\\/media\\\/provider-13858\\\/property-1793280\\\/advertisement-language-9acf3255-c390-f111-8077-70a8a50978c3-WETTIN~4.JPG?p=xl\",\"contentUrl\":\"https:\\\/\\\/cdn.casasoft.com\\\/media\\\/provider-13858\\\/property-1793280\\\/advertisement-language-9acf3255-c390-f111-8077-70a8a50978c3-WETTIN~4.JPG?p=xl\"},{\"@type\":\"BreadcrumbList\",\"@id\":\"https:\\\/\\\/sbb-immobilien.ch\\\/it\\\/immobili\\\/1793280it-oggetto-in-affitto-a-wettingen\\\/#breadcrumb\",\"itemListElement\":[{\"@type\":\"ListItem\",\"position\":1,\"name\":\"Home\",\"item\":\"https:\\\/\\\/sbb-immobilien.ch\\\/it\\\/\"},{\"@type\":\"ListItem\",\"position\":2,\"name\":\"Propriet\u00e0\",\"item\":\"https:\\\/\\\/sbb-immobilien.ch\\\/it\\\/immobili\\\/\"},{\"@type\":\"ListItem\",\"position\":3,\"name\":\"Oggetto in affitto a Wettingen\"}]},{\"@type\":\"WebSite\",\"@id\":\"https:\\\/\\\/sbb-immobilien.ch\\\/it\\\/#website\",\"url\":\"https:\\\/\\\/sbb-immobilien.ch\\\/it\\\/\",\"name\":\"FFS Immobili\",\"description\":\"Immobili nella migliore posizione.\",\"publisher\":{\"@id\":\"https:\\\/\\\/sbb-immobilien.ch\\\/it\\\/#organization\"},\"potentialAction\":[{\"@type\":\"SearchAction\",\"target\":{\"@type\":\"EntryPoint\",\"urlTemplate\":\"https:\\\/\\\/sbb-immobilien.ch\\\/it\\\/?s={search_term_string}\"},\"query-input\":{\"@type\":\"PropertyValueSpecification\",\"valueRequired\":true,\"valueName\":\"search_term_string\"}}],\"inLanguage\":\"it-IT\"},{\"@type\":\"Organization\",\"@id\":\"https:\\\/\\\/sbb-immobilien.ch\\\/it\\\/#organization\",\"name\":\"SBB Immobilien\",\"url\":\"https:\\\/\\\/sbb-immobilien.ch\\\/it\\\/\",\"logo\":{\"@type\":\"ImageObject\",\"inLanguage\":\"it-IT\",\"@id\":\"https:\\\/\\\/sbb-immobilien.ch\\\/it\\\/#\\\/schema\\\/logo\\\/image\\\/\",\"url\":\"https:\\/\\/cdn.sbb-immobilien.ch\\/w:1617\\/h:1080\\/q:mauto\\/f:best\\/https:\\/\\/sbb-immobilien.ch\\/wp-content\\/uploads\\/2021\\/11\\/SBB_byte_200329_DSC_4292_2500px.jpg\",\"contentUrl\":\"https:\\/\\/cdn.sbb-immobilien.ch\\/w:1617\\/h:1080\\/q:mauto\\/f:best\\/https:\\/\\/sbb-immobilien.ch\\/wp-content\\/uploads\\/2021\\/11\\/SBB_byte_200329_DSC_4292_2500px.jpg\",\"width\":2500,\"height\":1669,\"caption\":\"SBB Immobilien\"},\"image\":{\"@id\":\"https:\\\/\\\/sbb-immobilien.ch\\\/it\\\/#\\\/schema\\\/logo\\\/image\\\/\"},\"sameAs\":[\"https:\\\/\\\/ch.linkedin.com\\\/showcase\\\/immobilienberufe?trk=affiliated-pages\",\"https:\\\/\\\/de.wikipedia.org\\\/wiki\\\/Schweizerische_Bundesbahnen\"]}]}<\/script>\n<!-- \/ Yoast SEO Premium plugin. -->","yoast_head_json":{"title":"Oggetto in affitto a Wettingen | FFS Immobili","robots":{"index":"index","follow":"follow","max-snippet":"max-snippet:-1","max-image-preview":"max-image-preview:large","max-video-preview":"max-video-preview:-1"},"canonical":"https:\/\/sbb-immobilien.ch\/it\/immobili\/1793280it-oggetto-in-affitto-a-wettingen\/","og_locale":"it_IT","og_type":"article","og_title":"Oggetto in affitto a Wettingen","og_description":"Wo heute Industrie und Gewerbe das Ortsbild von Wettingen pr\u00e4gen, entsteht in den n\u00e4chsten Jahren ein neues Quartier, das Wohnen, Arbeiten und Erholen miteinander verbindet \u2013 bestens angebunden an die regionalen Zentren und nur 20 S-Bahn-Minuten vom Hauptbahnhof Z\u00fcrich entfernt. Das Erdgeschoss umfasst ein vielf\u00e4ltiges Angebot aus sieben Retail- und Gastronomiekonzepten und sorgt f\u00fcr lebendige [&hellip;]","og_url":"https:\/\/sbb-immobilien.ch\/it\/immobili\/1793280it-oggetto-in-affitto-a-wettingen\/","og_site_name":"FFS Immobili","article_modified_time":"2026-09-02T15:00:47+00:00","twitter_card":"summary_large_image","twitter_misc":{"Tempo di lettura stimato":"1 minuto"},"schema":{"@context":"https:\/\/schema.org","@graph":[{"@type":["WebPage","RealEstateListing"],"@id":"https:\/\/sbb-immobilien.ch\/it\/immobili\/1793280it-oggetto-in-affitto-a-wettingen\/","url":"https:\/\/sbb-immobilien.ch\/it\/immobili\/1793280it-oggetto-in-affitto-a-wettingen\/","name":"Oggetto in affitto a Wettingen | FFS Immobili","isPartOf":{"@id":"https:\/\/sbb-immobilien.ch\/it\/#website"},"primaryImageOfPage":{"@id":"https:\/\/sbb-immobilien.ch\/it\/immobili\/1793280it-oggetto-in-affitto-a-wettingen\/#primaryimage"},"image":{"@id":"https:\/\/sbb-immobilien.ch\/it\/immobili\/1793280it-oggetto-in-affitto-a-wettingen\/#primaryimage"},"thumbnailUrl":"https:\/\/cdn.casasoft.com\/media\/provider-13858\/property-1793280\/advertisement-language-9acf3255-c390-f111-8077-70a8a50978c3-WETTIN~4.JPG?p=xl","datePublished":"2026-09-02T13:56:31+00:00","dateModified":"2026-09-02T15:00:47+00:00","breadcrumb":{"@id":"https:\/\/sbb-immobilien.ch\/it\/immobili\/1793280it-oggetto-in-affitto-a-wettingen\/#breadcrumb"},"inLanguage":"it-IT","potentialAction":[{"@type":"ReadAction","target":["https:\/\/sbb-immobilien.ch\/it\/immobili\/1793280it-oggetto-in-affitto-a-wettingen\/"]}]},{"@type":"ImageObject","inLanguage":"it-IT","@id":"https:\/\/sbb-immobilien.ch\/it\/immobili\/1793280it-oggetto-in-affitto-a-wettingen\/#primaryimage","url":"https:\/\/cdn.casasoft.com\/media\/provider-13858\/property-1793280\/advertisement-language-9acf3255-c390-f111-8077-70a8a50978c3-WETTIN~4.JPG?p=xl","contentUrl":"https:\/\/cdn.casasoft.com\/media\/provider-13858\/property-1793280\/advertisement-language-9acf3255-c390-f111-8077-70a8a50978c3-WETTIN~4.JPG?p=xl"},{"@type":"BreadcrumbList","@id":"https:\/\/sbb-immobilien.ch\/it\/immobili\/1793280it-oggetto-in-affitto-a-wettingen\/#breadcrumb","itemListElement":[{"@type":"ListItem","position":1,"name":"Home","item":"https:\/\/sbb-immobilien.ch\/it\/"},{"@type":"ListItem","position":2,"name":"Propriet\u00e0","item":"https:\/\/sbb-immobilien.ch\/it\/immobili\/"},{"@type":"ListItem","position":3,"name":"Oggetto in affitto a Wettingen"}]},{"@type":"WebSite","@id":"https:\/\/sbb-immobilien.ch\/it\/#website","url":"https:\/\/sbb-immobilien.ch\/it\/","name":"FFS Immobili","description":"Immobili nella migliore posizione.","publisher":{"@id":"https:\/\/sbb-immobilien.ch\/it\/#organization"},"potentialAction":[{"@type":"SearchAction","target":{"@type":"EntryPoint","urlTemplate":"https:\/\/sbb-immobilien.ch\/it\/?s={search_term_string}"},"query-input":{"@type":"PropertyValueSpecification","valueRequired":true,"valueName":"search_term_string"}}],"inLanguage":"it-IT"},{"@type":"Organization","@id":"https:\/\/sbb-immobilien.ch\/it\/#organization","name":"SBB Immobilien","url":"https:\/\/sbb-immobilien.ch\/it\/","logo":{"@type":"ImageObject","inLanguage":"it-IT","@id":"https:\/\/sbb-immobilien.ch\/it\/#\/schema\/logo\/image\/","url":"https:\/\/cdn.sbb-immobilien.ch\/w:1617\/h:1080\/q:mauto\/f:best\/https:\/\/sbb-immobilien.ch\/wp-content\/uploads\/2021\/11\/SBB_byte_200329_DSC_4292_2500px.jpg","contentUrl":"https:\/\/cdn.sbb-immobilien.ch\/w:1617\/h:1080\/q:mauto\/f:best\/https:\/\/sbb-immobilien.ch\/wp-content\/uploads\/2021\/11\/SBB_byte_200329_DSC_4292_2500px.jpg","width":2500,"height":1669,"caption":"SBB Immobilien"},"image":{"@id":"https:\/\/sbb-immobilien.ch\/it\/#\/schema\/logo\/image\/"},"sameAs":["https:\/\/ch.linkedin.com\/showcase\/immobilienberufe?trk=affiliated-pages","https:\/\/de.wikipedia.org\/wiki\/Schweizerische_Bundesbahnen"]}]}},"_links":{"self":[{"href":"https:\/\/sbb-immobilien.ch\/it\/wp-json\/wp\/v2\/casawp_property\/820517","targetHints":{"allow":["GET"]}}],"collection":[{"href":"https:\/\/sbb-immobilien.ch\/it\/wp-json\/wp\/v2\/casawp_property"}],"about":[{"href":"https:\/\/sbb-immobilien.ch\/it\/wp-json\/wp\/v2\/types\/casawp_property"}],"replies":[{"embeddable":true,"href":"https:\/\/sbb-immobilien.ch\/it\/wp-json\/wp\/v2\/comments?post=820517"}],"version-history":[{"count":2,"href":"https:\/\/sbb-immobilien.ch\/it\/wp-json\/wp\/v2\/casawp_property\/820517\/revisions"}],"predecessor-version":[{"id":820519,"href":"https:\/\/sbb-immobilien.ch\/it\/wp-json\/wp\/v2\/casawp_property\/820517\/revisions\/820519"}],"wp:featuredmedia":[{"embeddable":true,"href":"https:\/\/sbb-immobilien.ch\/it\/wp-json\/wp\/v2\/media\/820520"}],"wp:attachment":[{"href":"https:\/\/sbb-immobilien.ch\/it\/wp-json\/wp\/v2\/media?parent=820517"}],"wp:term":[{"taxonomy":"casawp_category","embeddable":true,"href":"https:\/\/sbb-immobilien.ch\/it\/wp-json\/wp\/v2\/casawp_category?post=820517"},{"taxonomy":"casawp_feature","embeddable":true,"href":"https:\/\/sbb-immobilien.ch\/it\/wp-json\/wp\/v2\/casawp_feature?post=820517"},{"taxonomy":"casawp_utility","embeddable":true,"href":"https:\/\/sbb-immobilien.ch\/it\/wp-json\/wp\/v2\/casawp_utility?post=820517"},{"taxonomy":"casawp_location","embeddable":true,"href":"https:\/\/sbb-immobilien.ch\/it\/wp-json\/wp\/v2\/casawp_location?post=820517"},{"taxonomy":"casawp_salestype","embeddable":true,"href":"https:\/\/sbb-immobilien.ch\/it\/wp-json\/wp\/v2\/casawp_salestype?post=820517"},{"taxonomy":"casawp_availability","embeddable":true,"href":"https:\/\/sbb-immobilien.ch\/it\/wp-json\/wp\/v2\/casawp_availability?post=820517"},{"taxonomy":"casawp_region","embeddable":true,"href":"https:\/\/sbb-immobilien.ch\/it\/wp-json\/wp\/v2\/casawp_region?post=820517"}],"curies":[{"name":"wp","href":"https:\/\/api.w.org\/{rel}","templated":true}]}}